{"version":"1.0","provider_name":"Bati Ermenistan Ve Bati Ermenileri Sorunlari Ara\u015ftirmalar Merkezi","provider_url":"https:\/\/akunq.net\/turkish","author_name":"kalem","author_url":"https:\/\/akunq.net\/turkish\/author\/kalem\/","title":"Evet Say\u0131n Davuto\u011flu, hakl\u0131s\u0131n\u0131z fakat... - Bati Ermenistan Ve Bati Ermenileri Sorunlari Ara\u015ftirmalar Merkezi","type":"rich","width":600,"height":338,"html":"<blockquote class=\"wp-embedded-content\" data-secret=\"DJPC8g5zKw\"><a href=\"https:\/\/akunq.net\/turkish\/2010\/12\/10\/evet-sayin-davutoglu-haklisiniz-fakat\/\">Evet Say\u0131n Davuto\u011flu, hakl\u0131s\u0131n\u0131z fakat&#8230;<\/a><\/blockquote><iframe sandbox=\"allow-scripts\" security=\"restricted\" src=\"https:\/\/akunq.net\/turkish\/2010\/12\/10\/evet-sayin-davutoglu-haklisiniz-fakat\/embed\/#?secret=DJPC8g5zKw\" width=\"600\" height=\"338\" title=\"&#8220;Evet Say\u0131n Davuto\u011flu, hakl\u0131s\u0131n\u0131z fakat&#8230;&#8221; &#8212; Bati Ermenistan Ve Bati Ermenileri Sorunlari Ara\u015ftirmalar Merkezi\" data-secret=\"DJPC8g5zKw\" frameborder=\"0\" marginwidth=\"0\" marginheight=\"0\" scrolling=\"no\" class=\"wp-embedded-content\"><\/iframe><script>\n\/*! This file is auto-generated *\/\n!function(d,l){\"use strict\";l.querySelector&&d.addEventListener&&\"undefined\"!=typeof URL&&(d.wp=d.wp||{},d.wp.receiveEmbedMessage||(d.wp.receiveEmbedMessage=function(e){var t=e.data;if((t||t.secret||t.message||t.value)&&!\/[^a-zA-Z0-9]\/.test(t.secret)){for(var s,r,n,a=l.querySelectorAll('iframe[data-secret=\"'+t.secret+'\"]'),o=l.querySelectorAll('blockquote[data-secret=\"'+t.secret+'\"]'),c=new RegExp(\"^https?:$\",\"i\"),i=0;i<o.length;i++)o[i].style.display=\"none\";for(i=0;i<a.length;i++)s=a[i],e.source===s.contentWindow&&(s.removeAttribute(\"style\"),\"height\"===t.message?(1e3<(r=parseInt(t.value,10))?r=1e3:~~r<200&&(r=200),s.height=r):\"link\"===t.message&&(r=new URL(s.getAttribute(\"src\")),n=new URL(t.value),c.test(n.protocol))&&n.host===r.host&&l.activeElement===s&&(d.top.location.href=t.value))}},d.addEventListener(\"message\",d.wp.receiveEmbedMessage,!1),l.addEventListener(\"DOMContentLoaded\",function(){for(var e,t,s=l.querySelectorAll(\"iframe.wp-embedded-content\"),r=0;r<s.length;r++)(t=(e=s[r]).getAttribute(\"data-secret\"))||(t=Math.random().toString(36).substring(2,12),e.src+=\"#?secret=\"+t,e.setAttribute(\"data-secret\",t)),e.contentWindow.postMessage({message:\"ready\",secret:t},\"*\")},!1)))}(window,document);\n\/\/# sourceURL=https:\/\/akunq.net\/turkish\/wp-includes\/js\/wp-embed.min.js\n<\/script>\n","description":"HAYK DEMOYAN \u00a0 \u00a0 Say\u0131n Davuto\u011flu, ge\u00e7mi\u015fe dair yanl\u0131 yorumlardan ka\u00e7\u0131nmak gerekti\u011finde hakl\u0131s\u0131n\u0131z ama siz de hatalarla ilgili sarih bir mesaj vermelisiniz. Erivan\u2019daki Ermeni Soyk\u0131r\u0131m\u0131 M\u00fczesi\u2019nin Direkt\u00f6r\u00fc Hayk Demoyan, D\u0131\u015fi\u015fleri Bakan\u0131 Ahmet Davuto\u011flu\u2019nun 29 Kas\u0131m\u2019da Brookings Enstit\u00fcs\u00fc\u2019nde yapt\u0131\u011f\u0131 konu\u015fmada T\u00fcrkiye-Ermenistan ili\u015fkilerine dair bir soruya verdi\u011fi cevab\u0131 ele\u015ftirdi: Evet, Say\u0131n Davuto\u011flu, T\u00fcrk toplumunda bir\u00e7ok \u015feyin de\u011fi\u015fti\u011fi [&hellip;]"}