{"version":"1.0","provider_name":"Bati Ermenistan Ve Bati Ermenileri Sorunlari Ara\u015ftirmalar Merkezi","provider_url":"https:\/\/akunq.net\/turkish","author_name":"kalem","author_url":"https:\/\/akunq.net\/turkish\/author\/kalem\/","title":"Defineciler mezarl\u0131\u011f\u0131 alt\u00fcst etti - Bati Ermenistan Ve Bati Ermenileri Sorunlari Ara\u015ftirmalar Merkezi","type":"rich","width":600,"height":338,"html":"<blockquote class=\"wp-embedded-content\" data-secret=\"oP3JCan6sK\"><a href=\"https:\/\/akunq.net\/turkish\/2010\/10\/20\/defineciler-mezarligi-altust-etti\/\">Defineciler mezarl\u0131\u011f\u0131 alt\u00fcst etti<\/a><\/blockquote><iframe sandbox=\"allow-scripts\" security=\"restricted\" src=\"https:\/\/akunq.net\/turkish\/2010\/10\/20\/defineciler-mezarligi-altust-etti\/embed\/#?secret=oP3JCan6sK\" width=\"600\" height=\"338\" title=\"&#8220;Defineciler mezarl\u0131\u011f\u0131 alt\u00fcst etti&#8221; &#8212; Bati Ermenistan Ve Bati Ermenileri Sorunlari Ara\u015ftirmalar Merkezi\" data-secret=\"oP3JCan6sK\" frameborder=\"0\" marginwidth=\"0\" marginheight=\"0\" scrolling=\"no\" class=\"wp-embedded-content\"><\/iframe><script>\n\/*! This file is auto-generated *\/\n!function(d,l){\"use strict\";l.querySelector&&d.addEventListener&&\"undefined\"!=typeof URL&&(d.wp=d.wp||{},d.wp.receiveEmbedMessage||(d.wp.receiveEmbedMessage=function(e){var t=e.data;if((t||t.secret||t.message||t.value)&&!\/[^a-zA-Z0-9]\/.test(t.secret)){for(var s,r,n,a=l.querySelectorAll('iframe[data-secret=\"'+t.secret+'\"]'),o=l.querySelectorAll('blockquote[data-secret=\"'+t.secret+'\"]'),c=new RegExp(\"^https?:$\",\"i\"),i=0;i<o.length;i++)o[i].style.display=\"none\";for(i=0;i<a.length;i++)s=a[i],e.source===s.contentWindow&&(s.removeAttribute(\"style\"),\"height\"===t.message?(1e3<(r=parseInt(t.value,10))?r=1e3:~~r<200&&(r=200),s.height=r):\"link\"===t.message&&(r=new URL(s.getAttribute(\"src\")),n=new URL(t.value),c.test(n.protocol))&&n.host===r.host&&l.activeElement===s&&(d.top.location.href=t.value))}},d.addEventListener(\"message\",d.wp.receiveEmbedMessage,!1),l.addEventListener(\"DOMContentLoaded\",function(){for(var e,t,s=l.querySelectorAll(\"iframe.wp-embedded-content\"),r=0;r<s.length;r++)(t=(e=s[r]).getAttribute(\"data-secret\"))||(t=Math.random().toString(36).substring(2,12),e.src+=\"#?secret=\"+t,e.setAttribute(\"data-secret\",t)),e.contentWindow.postMessage({message:\"ready\",secret:t},\"*\")},!1)))}(window,document);\n\/\/# sourceURL=https:\/\/akunq.net\/turkish\/wp-includes\/js\/wp-embed.min.js\n<\/script>\n","description":"ERZ\u0130NCAN\u2019daki Be\u011f Ba\u011f\u0131 Mahallesi&#8217;ndeki g\u00f6m\u00fcye kapal\u0131 mezarl\u0131k define avc\u0131lar\u0131nca alt\u00fcst edildi. A\u011fabeyinin tahrip edilen mezar\u0131 ba\u015f\u0131nda ortaya \u00e7\u0131kan iskelete bak\u0131p g\u00f6zya\u015f\u0131 d\u00f6ken 64 ya\u015f\u0131ndaki \u0130fakat Aksu, \u201cNe diriye ne de \u00f6l\u00fcye sayg\u0131 kalmad\u0131. G\u00f6rd\u00fc\u011f\u00fcm bu manzara kar\u015f\u0131s\u0131nda y\u0131k\u0131ld\u0131m\u201d dedi. \u2018Eski Erzincan\u2019 olarak bilinen ve 1939 depreminde \u00f6lenlerin de defnedildi\u011fi mezarl\u0131k, define avc\u0131lar\u0131n\u0131n sald\u0131r\u0131s\u0131na u\u011frad\u0131. \u0130\u00e7ki [&hellip;]","thumbnail_url":"https:\/\/akunq.net\/turkish\/wp-content\/uploads\/sites\/5\/2010\/10\/Hayeri-gandzer-voronoxnery.jpg","thumbnail_width":450,"thumbnail_height":301}