{"version":"1.0","provider_name":"Bati Ermenistan Ve Bati Ermenileri Sorunlari Ara\u015ftirmalar Merkezi","provider_url":"https:\/\/akunq.net\/turkish","author_name":"kalem","author_url":"https:\/\/akunq.net\/turkish\/author\/kalem\/","title":"T\u00fcrkiye Etnik Dil ve K\u00fclt\u00fcr Kurslar\u0131 Ba\u015fl\u0131yor - Bati Ermenistan Ve Bati Ermenileri Sorunlari Ara\u015ftirmalar Merkezi","type":"rich","width":600,"height":338,"html":"<blockquote class=\"wp-embedded-content\" data-secret=\"ytr7F7iM5q\"><a href=\"https:\/\/akunq.net\/turkish\/2010\/10\/19\/turkiye-etnik-dil-ve-kultur-kurslari-basliyor\/\">T\u00fcrkiye Etnik Dil ve K\u00fclt\u00fcr Kurslar\u0131 Ba\u015fl\u0131yor<\/a><\/blockquote><iframe sandbox=\"allow-scripts\" security=\"restricted\" src=\"https:\/\/akunq.net\/turkish\/2010\/10\/19\/turkiye-etnik-dil-ve-kultur-kurslari-basliyor\/embed\/#?secret=ytr7F7iM5q\" width=\"600\" height=\"338\" title=\"&#8220;T\u00fcrkiye Etnik Dil ve K\u00fclt\u00fcr Kurslar\u0131 Ba\u015fl\u0131yor&#8221; &#8212; Bati Ermenistan Ve Bati Ermenileri Sorunlari Ara\u015ftirmalar Merkezi\" data-secret=\"ytr7F7iM5q\" frameborder=\"0\" marginwidth=\"0\" marginheight=\"0\" scrolling=\"no\" class=\"wp-embedded-content\"><\/iframe><script>\n\/*! This file is auto-generated *\/\n!function(d,l){\"use strict\";l.querySelector&&d.addEventListener&&\"undefined\"!=typeof URL&&(d.wp=d.wp||{},d.wp.receiveEmbedMessage||(d.wp.receiveEmbedMessage=function(e){var t=e.data;if((t||t.secret||t.message||t.value)&&!\/[^a-zA-Z0-9]\/.test(t.secret)){for(var s,r,n,a=l.querySelectorAll('iframe[data-secret=\"'+t.secret+'\"]'),o=l.querySelectorAll('blockquote[data-secret=\"'+t.secret+'\"]'),c=new RegExp(\"^https?:$\",\"i\"),i=0;i<o.length;i++)o[i].style.display=\"none\";for(i=0;i<a.length;i++)s=a[i],e.source===s.contentWindow&&(s.removeAttribute(\"style\"),\"height\"===t.message?(1e3<(r=parseInt(t.value,10))?r=1e3:~~r<200&&(r=200),s.height=r):\"link\"===t.message&&(r=new URL(s.getAttribute(\"src\")),n=new URL(t.value),c.test(n.protocol))&&n.host===r.host&&l.activeElement===s&&(d.top.location.href=t.value))}},d.addEventListener(\"message\",d.wp.receiveEmbedMessage,!1),l.addEventListener(\"DOMContentLoaded\",function(){for(var e,t,s=l.querySelectorAll(\"iframe.wp-embedded-content\"),r=0;r<s.length;r++)(t=(e=s[r]).getAttribute(\"data-secret\"))||(t=Math.random().toString(36).substring(2,12),e.src+=\"#?secret=\"+t,e.setAttribute(\"data-secret\",t)),e.contentWindow.postMessage({message:\"ready\",secret:t},\"*\")},!1)))}(window,document);\n\/\/# sourceURL=https:\/\/akunq.net\/turkish\/wp-includes\/js\/wp-embed.min.js\n<\/script>\n","description":"Ermenice, K\u00fcrt\u00e7e, Lazca, Zazaca, Yunanca Ve Fars\u00e7a Dil Ve K\u00fclt\u00fcr Kurslar\u0131 \u00d6n\u00fcm\u00fczdeki Hafta Geoaktif K\u00fclt\u00fcr Ve Aktivizm Merkezinde Ba\u015fl\u0131yor Bir k\u0131sm\u0131 \u00fclkemizde\u00a0ilk\u00a0defa verilecek olan bu kurslarda, eski zamanlardan beri co\u011frafyam\u0131zda ve etraf\u0131m\u0131zda\u00a0konu\u015fulan\u00a0ve h\u00e2lihaz\u0131rda milyonlarca vatanda\u015f\u0131m\u0131z\u0131n anadili olan etnik diller \u00f6\u011fretilecek.\u00a0 Her dil i\u00e7in haftada bir defa \u00fc\u00e7 saat s\u00fcreyle yap\u0131lacak derslerde, temel dil\u00a0e\u011fitiminin\u00a0yan\u0131 s\u0131ra, ilgili [&hellip;]"}