{"version":"1.0","provider_name":"Bati Ermenistan Ve Bati Ermenileri Sorunlari Ara\u015ftirmalar Merkezi","provider_url":"https:\/\/akunq.net\/turkish","author_name":"kalem","author_url":"https:\/\/akunq.net\/turkish\/author\/kalem\/","title":"Ani\u2019de Nefret Politikas\u0131 \u00dcretmek - Bati Ermenistan Ve Bati Ermenileri Sorunlari Ara\u015ftirmalar Merkezi","type":"rich","width":600,"height":338,"html":"<blockquote class=\"wp-embedded-content\" data-secret=\"giDE3OpDw1\"><a href=\"https:\/\/akunq.net\/turkish\/2010\/10\/19\/anide-nefret-politikasi-uretmek\/\">Ani\u2019de Nefret Politikas\u0131 \u00dcretmek<\/a><\/blockquote><iframe sandbox=\"allow-scripts\" security=\"restricted\" src=\"https:\/\/akunq.net\/turkish\/2010\/10\/19\/anide-nefret-politikasi-uretmek\/embed\/#?secret=giDE3OpDw1\" width=\"600\" height=\"338\" title=\"&#8220;Ani\u2019de Nefret Politikas\u0131 \u00dcretmek&#8221; &#8212; Bati Ermenistan Ve Bati Ermenileri Sorunlari Ara\u015ftirmalar Merkezi\" data-secret=\"giDE3OpDw1\" frameborder=\"0\" marginwidth=\"0\" marginheight=\"0\" scrolling=\"no\" class=\"wp-embedded-content\"><\/iframe><script>\n\/*! This file is auto-generated *\/\n!function(d,l){\"use strict\";l.querySelector&&d.addEventListener&&\"undefined\"!=typeof URL&&(d.wp=d.wp||{},d.wp.receiveEmbedMessage||(d.wp.receiveEmbedMessage=function(e){var t=e.data;if((t||t.secret||t.message||t.value)&&!\/[^a-zA-Z0-9]\/.test(t.secret)){for(var s,r,n,a=l.querySelectorAll('iframe[data-secret=\"'+t.secret+'\"]'),o=l.querySelectorAll('blockquote[data-secret=\"'+t.secret+'\"]'),c=new RegExp(\"^https?:$\",\"i\"),i=0;i<o.length;i++)o[i].style.display=\"none\";for(i=0;i<a.length;i++)s=a[i],e.source===s.contentWindow&&(s.removeAttribute(\"style\"),\"height\"===t.message?(1e3<(r=parseInt(t.value,10))?r=1e3:~~r<200&&(r=200),s.height=r):\"link\"===t.message&&(r=new URL(s.getAttribute(\"src\")),n=new URL(t.value),c.test(n.protocol))&&n.host===r.host&&l.activeElement===s&&(d.top.location.href=t.value))}},d.addEventListener(\"message\",d.wp.receiveEmbedMessage,!1),l.addEventListener(\"DOMContentLoaded\",function(){for(var e,t,s=l.querySelectorAll(\"iframe.wp-embedded-content\"),r=0;r<s.length;r++)(t=(e=s[r]).getAttribute(\"data-secret\"))||(t=Math.random().toString(36).substring(2,12),e.src+=\"#?secret=\"+t,e.setAttribute(\"data-secret\",t)),e.contentWindow.postMessage({message:\"ready\",secret:t},\"*\")},!1)))}(window,document);\n\/\/# sourceURL=https:\/\/akunq.net\/turkish\/wp-includes\/js\/wp-embed.min.js\n<\/script>\n","description":"T\u00fcrkiye\u2019nin ikinci b\u00fcy\u00fck muhalefet Partisinin d\u00fczenledi\u011fi Kars\u2019\u0131n Ani Manast\u0131r\u0131ndaki eski Ermeni kilisesinde Cuma namaz\u0131 k\u0131lman\u0131n ve se\u00e7im kampanyas\u0131n\u0131n o kutsal yerde ba\u015flatmas\u0131n\u0131n anlam\u0131, bence Ermenileri k\u0131zd\u0131rmaktan \u00e7ok, iktidar Partisini hedef alan bir zihniyetin \u00fcr\u00fcn\u00fc.\u00a0 Parti, iktidar partisinin son zamanlarda \u00fcretti\u011fi Ermeni politikas\u0131na, kamuoyunda \u201cErmenilere Kar\u015f\u0131 Nefret \u00dcretme Politikas\u0131\u201d ile muhalefet etmeye \u00e7al\u0131\u015fmaktad\u0131r. Bu davran\u0131\u015f asl\u0131nda [&hellip;]"}