{"version":"1.0","provider_name":"Bati Ermenistan Ve Bati Ermenileri Sorunlari Ara\u015ftirmalar Merkezi","provider_url":"https:\/\/akunq.net\/turkish","author_name":"kalem","author_url":"https:\/\/akunq.net\/turkish\/author\/kalem\/","title":"Bakana 'gavur' tepkisi! - Bati Ermenistan Ve Bati Ermenileri Sorunlari Ara\u015ftirmalar Merkezi","type":"rich","width":600,"height":338,"html":"<blockquote class=\"wp-embedded-content\" data-secret=\"PRESJUngmZ\"><a href=\"https:\/\/akunq.net\/turkish\/2010\/10\/14\/bakana-gavur-tepkisi\/\">Bakana &#8216;gavur&#8217; tepkisi!<\/a><\/blockquote><iframe sandbox=\"allow-scripts\" security=\"restricted\" src=\"https:\/\/akunq.net\/turkish\/2010\/10\/14\/bakana-gavur-tepkisi\/embed\/#?secret=PRESJUngmZ\" width=\"600\" height=\"338\" title=\"&#8220;Bakana &#8216;gavur&#8217; tepkisi!&#8221; &#8212; Bati Ermenistan Ve Bati Ermenileri Sorunlari Ara\u015ftirmalar Merkezi\" data-secret=\"PRESJUngmZ\" frameborder=\"0\" marginwidth=\"0\" marginheight=\"0\" scrolling=\"no\" class=\"wp-embedded-content\"><\/iframe><script>\n\/*! This file is auto-generated *\/\n!function(d,l){\"use strict\";l.querySelector&&d.addEventListener&&\"undefined\"!=typeof URL&&(d.wp=d.wp||{},d.wp.receiveEmbedMessage||(d.wp.receiveEmbedMessage=function(e){var t=e.data;if((t||t.secret||t.message||t.value)&&!\/[^a-zA-Z0-9]\/.test(t.secret)){for(var s,r,n,a=l.querySelectorAll('iframe[data-secret=\"'+t.secret+'\"]'),o=l.querySelectorAll('blockquote[data-secret=\"'+t.secret+'\"]'),c=new RegExp(\"^https?:$\",\"i\"),i=0;i<o.length;i++)o[i].style.display=\"none\";for(i=0;i<a.length;i++)s=a[i],e.source===s.contentWindow&&(s.removeAttribute(\"style\"),\"height\"===t.message?(1e3<(r=parseInt(t.value,10))?r=1e3:~~r<200&&(r=200),s.height=r):\"link\"===t.message&&(r=new URL(s.getAttribute(\"src\")),n=new URL(t.value),c.test(n.protocol))&&n.host===r.host&&l.activeElement===s&&(d.top.location.href=t.value))}},d.addEventListener(\"message\",d.wp.receiveEmbedMessage,!1),l.addEventListener(\"DOMContentLoaded\",function(){for(var e,t,s=l.querySelectorAll(\"iframe.wp-embedded-content\"),r=0;r<s.length;r++)(t=(e=s[r]).getAttribute(\"data-secret\"))||(t=Math.random().toString(36).substring(2,12),e.src+=\"#?secret=\"+t,e.setAttribute(\"data-secret\",t)),e.contentWindow.postMessage({message:\"ready\",secret:t},\"*\")},!1)))}(window,document);\n\/\/# sourceURL=https:\/\/akunq.net\/turkish\/wp-includes\/js\/wp-embed.min.js\n<\/script>\n","description":"MARD\u0130N\u2019in Midyat \u0130l\u00e7esi\u2019nde S\u00fcryani K\u00fclt\u00fcr Derne\u011fi Ba\u015fkan\u0131 Yuhanna Akta\u015f, Devlet Bakan\u0131 Faruk \u00c7elik\u2019in bir televizyon progman\u0131nda s\u00f6yledi\u011fi, \u201cNiye gavurun dini H\u0131ristiyanl\u0131\u011f\u0131 \u00f6\u011freniyoruz da, Alevili\u011fi \u00f6\u011frenmeyece\u011fiz\u201d s\u00f6zlerine tepki g\u00f6sterdi. Akta\u015f, Bakan \u00c7elik\u2019in T\u00fcrkiye\u2019de ya\u015fayan H\u0131ristiyanlardan \u00f6z\u00fcr dilemesini istedi. Diyanet \u0130\u015fleri Ba\u015fkanl\u0131\u011f\u0131\u2019ndan sorumlu Devlet Bakan\u0131 Faruk \u00c7elik, kat\u0131ld\u0131\u011f\u0131 bir televizyon program\u0131nda Alevilik ve zorunlu din dersi ile [&hellip;]"}