{"version":"1.0","provider_name":"Bati Ermenistan Ve Bati Ermenileri Sorunlari Ara\u015ftirmalar Merkezi","provider_url":"https:\/\/akunq.net\/turkish","author_name":"kalem","author_url":"https:\/\/akunq.net\/turkish\/author\/kalem\/","title":"D\u0131\u015fi\u015fleri: 1915 olaylar\u0131na soyk\u0131r\u0131m demek su\u00e7 de\u011fil - Bati Ermenistan Ve Bati Ermenileri Sorunlari Ara\u015ftirmalar Merkezi","type":"rich","width":600,"height":338,"html":"<blockquote class=\"wp-embedded-content\" data-secret=\"pRgEk6WsjB\"><a href=\"https:\/\/akunq.net\/turkish\/2010\/10\/09\/disisleri-1915-olaylarina-soykirim-demek-suc-degil\/\">D\u0131\u015fi\u015fleri: 1915 olaylar\u0131na soyk\u0131r\u0131m demek su\u00e7 de\u011fil<\/a><\/blockquote><iframe sandbox=\"allow-scripts\" security=\"restricted\" src=\"https:\/\/akunq.net\/turkish\/2010\/10\/09\/disisleri-1915-olaylarina-soykirim-demek-suc-degil\/embed\/#?secret=pRgEk6WsjB\" width=\"600\" height=\"338\" title=\"&#8220;D\u0131\u015fi\u015fleri: 1915 olaylar\u0131na soyk\u0131r\u0131m demek su\u00e7 de\u011fil&#8221; &#8212; Bati Ermenistan Ve Bati Ermenileri Sorunlari Ara\u015ftirmalar Merkezi\" data-secret=\"pRgEk6WsjB\" frameborder=\"0\" marginwidth=\"0\" marginheight=\"0\" scrolling=\"no\" class=\"wp-embedded-content\"><\/iframe><script>\n\/*! This file is auto-generated *\/\n!function(d,l){\"use strict\";l.querySelector&&d.addEventListener&&\"undefined\"!=typeof URL&&(d.wp=d.wp||{},d.wp.receiveEmbedMessage||(d.wp.receiveEmbedMessage=function(e){var t=e.data;if((t||t.secret||t.message||t.value)&&!\/[^a-zA-Z0-9]\/.test(t.secret)){for(var s,r,n,a=l.querySelectorAll('iframe[data-secret=\"'+t.secret+'\"]'),o=l.querySelectorAll('blockquote[data-secret=\"'+t.secret+'\"]'),c=new RegExp(\"^https?:$\",\"i\"),i=0;i<o.length;i++)o[i].style.display=\"none\";for(i=0;i<a.length;i++)s=a[i],e.source===s.contentWindow&&(s.removeAttribute(\"style\"),\"height\"===t.message?(1e3<(r=parseInt(t.value,10))?r=1e3:~~r<200&&(r=200),s.height=r):\"link\"===t.message&&(r=new URL(s.getAttribute(\"src\")),n=new URL(t.value),c.test(n.protocol))&&n.host===r.host&&l.activeElement===s&&(d.top.location.href=t.value))}},d.addEventListener(\"message\",d.wp.receiveEmbedMessage,!1),l.addEventListener(\"DOMContentLoaded\",function(){for(var e,t,s=l.querySelectorAll(\"iframe.wp-embedded-content\"),r=0;r<s.length;r++)(t=(e=s[r]).getAttribute(\"data-secret\"))||(t=Math.random().toString(36).substring(2,12),e.src+=\"#?secret=\"+t,e.setAttribute(\"data-secret\",t)),e.contentWindow.postMessage({message:\"ready\",secret:t},\"*\")},!1)))}(window,document);\n\/\/# sourceURL=https:\/\/akunq.net\/turkish\/wp-includes\/js\/wp-embed.min.js\n<\/script>\n","description":"DI\u015e\u0130\u015eLER\u0130 Bakanl\u0131\u011f\u0131, T\u00fcrkiye\u2019de 1915 olaylar\u0131n\u0131 \u201csoyk\u0131r\u0131m\u201d\u00a0 diye nitelemenin su\u00e7 olmad\u0131\u011f\u0131n\u0131 a\u00e7\u0131klad\u0131. D\u0131\u015fi\u015fleri Bakanl\u0131\u011f\u0131, resmi internet sitesi \u201cwww.mfa.gov.tr\u201d adresinde \u201cSorularla D\u0131\u015f Politika\u201d ba\u015fl\u0131\u011f\u0131 alt\u0131nda yeni bir bilgilendirme sistemi ba\u015flatt\u0131. D\u0131\u015f politika konular\u0131yla ilgili soru ve cevaplar\u0131n yer ald\u0131\u011f\u0131 b\u00f6l\u00fcmde \u201c1915 olaylar\u0131n\u0131n yegane serbest\u00e7e ve \u00f6zg\u00fcrce tart\u0131\u015f\u0131ld\u0131\u011f\u0131 \u00fclkenin T\u00fcrkiye oldu\u011funu s\u00f6ylemek m\u00fcmk\u00fcnd\u00fcr\u201d denildi. Bakanl\u0131k, \u201cT\u00fcrkiye\u2019de, 1915 olaylar\u0131n\u0131 [&hellip;]","thumbnail_url":"https:\/\/akunq.net\/turkish\/wp-content\/uploads\/sites\/5\/2010\/10\/Ermeni-Soykirimi.jpg","thumbnail_width":307,"thumbnail_height":210}