{"version":"1.0","provider_name":"Bati Ermenistan Ve Bati Ermenileri Sorunlari Ara\u015ftirmalar Merkezi","provider_url":"https:\/\/akunq.net\/turkish","author_name":"kalem","author_url":"https:\/\/akunq.net\/turkish\/author\/kalem\/","title":"T.C. K\u00fclt\u00fcr Bakanl\u0131\u011f\u0131na - Bati Ermenistan Ve Bati Ermenileri Sorunlari Ara\u015ftirmalar Merkezi","type":"rich","width":600,"height":338,"html":"<blockquote class=\"wp-embedded-content\" data-secret=\"i78nSDbVIs\"><a href=\"https:\/\/akunq.net\/turkish\/2010\/10\/08\/t-c-kultur-bakanligina\/\">T.C. K\u00fclt\u00fcr Bakanl\u0131\u011f\u0131na<\/a><\/blockquote><iframe sandbox=\"allow-scripts\" security=\"restricted\" src=\"https:\/\/akunq.net\/turkish\/2010\/10\/08\/t-c-kultur-bakanligina\/embed\/#?secret=i78nSDbVIs\" width=\"600\" height=\"338\" title=\"&#8220;T.C. K\u00fclt\u00fcr Bakanl\u0131\u011f\u0131na&#8221; &#8212; Bati Ermenistan Ve Bati Ermenileri Sorunlari Ara\u015ftirmalar Merkezi\" data-secret=\"i78nSDbVIs\" frameborder=\"0\" marginwidth=\"0\" marginheight=\"0\" scrolling=\"no\" class=\"wp-embedded-content\"><\/iframe><script>\n\/*! This file is auto-generated *\/\n!function(d,l){\"use strict\";l.querySelector&&d.addEventListener&&\"undefined\"!=typeof URL&&(d.wp=d.wp||{},d.wp.receiveEmbedMessage||(d.wp.receiveEmbedMessage=function(e){var t=e.data;if((t||t.secret||t.message||t.value)&&!\/[^a-zA-Z0-9]\/.test(t.secret)){for(var s,r,n,a=l.querySelectorAll('iframe[data-secret=\"'+t.secret+'\"]'),o=l.querySelectorAll('blockquote[data-secret=\"'+t.secret+'\"]'),c=new RegExp(\"^https?:$\",\"i\"),i=0;i<o.length;i++)o[i].style.display=\"none\";for(i=0;i<a.length;i++)s=a[i],e.source===s.contentWindow&&(s.removeAttribute(\"style\"),\"height\"===t.message?(1e3<(r=parseInt(t.value,10))?r=1e3:~~r<200&&(r=200),s.height=r):\"link\"===t.message&&(r=new URL(s.getAttribute(\"src\")),n=new URL(t.value),c.test(n.protocol))&&n.host===r.host&&l.activeElement===s&&(d.top.location.href=t.value))}},d.addEventListener(\"message\",d.wp.receiveEmbedMessage,!1),l.addEventListener(\"DOMContentLoaded\",function(){for(var e,t,s=l.querySelectorAll(\"iframe.wp-embedded-content\"),r=0;r<s.length;r++)(t=(e=s[r]).getAttribute(\"data-secret\"))||(t=Math.random().toString(36).substring(2,12),e.src+=\"#?secret=\"+t,e.setAttribute(\"data-secret\",t)),e.contentWindow.postMessage({message:\"ready\",secret:t},\"*\")},!1)))}(window,document);\n\/\/# sourceURL=https:\/\/akunq.net\/turkish\/wp-includes\/js\/wp-embed.min.js\n<\/script>\n","description":"Gazetelerden izledi\u011fimiz kadar\u0131 ile Bakanl\u0131\u011f\u0131n\u0131z taraf\u0131ndan MHP&#8217;nin ba\u015fvurusu \u00fczerine 1 Ekim Cuma g\u00fcn\u00fc Kars Ani Harabelerinde Fethiye Cami diye bilinen mahalde Cuma Namaz\u0131 k\u0131l\u0131nmas\u0131 izni verilmi\u015ftir. \u00dclkemizin bug\u00fcn geldi\u011fi noktada demokrasi alan\u0131ndaki toplumun \u00e7o\u011funlu\u011fu taraf\u0131ndan kabul g\u00f6rd\u00fc\u011f\u00fc 12 Eyl\u00fcl referandumu ile tescil edilmi\u015f anayasa de\u011fi\u015fiklikleri, yine toplumun \u00e7ok k\u0131sa zaman \u00f6ncesine kadar \u00fczerinde sert tart\u0131\u015fmalarla [&hellip;]"}