{"version":"1.0","provider_name":"Bati Ermenistan Ve Bati Ermenileri Sorunlari Ara\u015ftirmalar Merkezi","provider_url":"https:\/\/akunq.net\/turkish","author_name":"kalem","author_url":"https:\/\/akunq.net\/turkish\/author\/kalem\/","title":"Haydar Karata\u015f (yazar): \"Vank Kilisesi \u0130n\u015fa Edilsin\" - Bati Ermenistan Ve Bati Ermenileri Sorunlari Ara\u015ftirmalar Merkezi","type":"rich","width":600,"height":338,"html":"<blockquote class=\"wp-embedded-content\" data-secret=\"kwQYDsP7u0\"><a href=\"https:\/\/akunq.net\/turkish\/2010\/10\/08\/haydar-karatas-yazar-vank-kilisesi-insa-edilsin\/\">Haydar Karata\u015f (yazar): &#8220;Vank Kilisesi \u0130n\u015fa Edilsin&#8221;<\/a><\/blockquote><iframe sandbox=\"allow-scripts\" security=\"restricted\" src=\"https:\/\/akunq.net\/turkish\/2010\/10\/08\/haydar-karatas-yazar-vank-kilisesi-insa-edilsin\/embed\/#?secret=kwQYDsP7u0\" width=\"600\" height=\"338\" title=\"&#8220;Haydar Karata\u015f (yazar): &#8220;Vank Kilisesi \u0130n\u015fa Edilsin&#8221;&#8221; &#8212; Bati Ermenistan Ve Bati Ermenileri Sorunlari Ara\u015ftirmalar Merkezi\" data-secret=\"kwQYDsP7u0\" frameborder=\"0\" marginwidth=\"0\" marginheight=\"0\" scrolling=\"no\" class=\"wp-embedded-content\"><\/iframe><script>\n\/*! This file is auto-generated *\/\n!function(d,l){\"use strict\";l.querySelector&&d.addEventListener&&\"undefined\"!=typeof URL&&(d.wp=d.wp||{},d.wp.receiveEmbedMessage||(d.wp.receiveEmbedMessage=function(e){var t=e.data;if((t||t.secret||t.message||t.value)&&!\/[^a-zA-Z0-9]\/.test(t.secret)){for(var s,r,n,a=l.querySelectorAll('iframe[data-secret=\"'+t.secret+'\"]'),o=l.querySelectorAll('blockquote[data-secret=\"'+t.secret+'\"]'),c=new RegExp(\"^https?:$\",\"i\"),i=0;i<o.length;i++)o[i].style.display=\"none\";for(i=0;i<a.length;i++)s=a[i],e.source===s.contentWindow&&(s.removeAttribute(\"style\"),\"height\"===t.message?(1e3<(r=parseInt(t.value,10))?r=1e3:~~r<200&&(r=200),s.height=r):\"link\"===t.message&&(r=new URL(s.getAttribute(\"src\")),n=new URL(t.value),c.test(n.protocol))&&n.host===r.host&&l.activeElement===s&&(d.top.location.href=t.value))}},d.addEventListener(\"message\",d.wp.receiveEmbedMessage,!1),l.addEventListener(\"DOMContentLoaded\",function(){for(var e,t,s=l.querySelectorAll(\"iframe.wp-embedded-content\"),r=0;r<s.length;r++)(t=(e=s[r]).getAttribute(\"data-secret\"))||(t=Math.random().toString(36).substring(2,12),e.src+=\"#?secret=\"+t,e.setAttribute(\"data-secret\",t)),e.contentWindow.postMessage({message:\"ready\",secret:t},\"*\")},!1)))}(window,document);\n\/\/# sourceURL=https:\/\/akunq.net\/turkish\/wp-includes\/js\/wp-embed.min.js\n<\/script>\n","description":"&#8220;Gece Kelebe\u011fi&#8221; roman\u0131nda Dersim&#8217;de ya\u015fanan ac\u0131lar\u0131 anlatan Haydar Karata\u015f:\u00a0 &#8220;Topraklar\u0131m\u0131zda art\u0131k \u00fcst\u00fc sakl\u0131 ac\u0131lar kalmamal\u0131, bunlar hep daha derin yaralar a\u00e7arak kar\u015f\u0131m\u0131za \u00e7\u0131k\u0131yor. Bu hik\u00e2yelerle b\u00fcy\u00fcyen insanlar, toplumun onlar\u0131n kederini sahiplendi\u011fini g\u00f6rd\u00fcklerinde hafifler.\u00a0 Dersim Ermeni kimli\u011fi saklanm\u0131\u015f kimlikler anlam\u0131nda b\u00fcy\u00fck bir y\u00fczle\u015fme, Dersimli dahi kimli\u011fini\u00a0yeni\u00a0yeni ifade ediyor. Dersim mayas\u0131nda Ermeni yoksa, Dersim k\u00fclt\u00fcr\u00fcn\u00fcn kendisi yoktur, [&hellip;]","thumbnail_url":"https:\/\/akunq.net\/turkish\/wp-content\/uploads\/sites\/5\/2010\/10\/haydar.jpg","thumbnail_width":150,"thumbnail_height":130}