{"version":"1.0","provider_name":"Bati Ermenistan Ve Bati Ermenileri Sorunlari Ara\u015ftirmalar Merkezi","provider_url":"https:\/\/akunq.net\/turkish","author_name":"kalem","author_url":"https:\/\/akunq.net\/turkish\/author\/kalem\/","title":"Ba\u015fbakan\u2019\u0131n Ani\u2019deki \u015fovmenlerden ne fark\u0131 var? - Bati Ermenistan Ve Bati Ermenileri Sorunlari Ara\u015ftirmalar Merkezi","type":"rich","width":600,"height":338,"html":"<blockquote class=\"wp-embedded-content\" data-secret=\"yaRXANAmpj\"><a href=\"https:\/\/akunq.net\/turkish\/2010\/10\/07\/basbakanin-anideki-sovmenlerden-ne-farki-var\/\">Ba\u015fbakan\u2019\u0131n Ani\u2019deki \u015fovmenlerden ne fark\u0131 var?<\/a><\/blockquote><iframe sandbox=\"allow-scripts\" security=\"restricted\" src=\"https:\/\/akunq.net\/turkish\/2010\/10\/07\/basbakanin-anideki-sovmenlerden-ne-farki-var\/embed\/#?secret=yaRXANAmpj\" width=\"600\" height=\"338\" title=\"&#8220;Ba\u015fbakan\u2019\u0131n Ani\u2019deki \u015fovmenlerden ne fark\u0131 var?&#8221; &#8212; Bati Ermenistan Ve Bati Ermenileri Sorunlari Ara\u015ftirmalar Merkezi\" data-secret=\"yaRXANAmpj\" frameborder=\"0\" marginwidth=\"0\" marginheight=\"0\" scrolling=\"no\" class=\"wp-embedded-content\"><\/iframe><script>\n\/*! This file is auto-generated *\/\n!function(d,l){\"use strict\";l.querySelector&&d.addEventListener&&\"undefined\"!=typeof URL&&(d.wp=d.wp||{},d.wp.receiveEmbedMessage||(d.wp.receiveEmbedMessage=function(e){var t=e.data;if((t||t.secret||t.message||t.value)&&!\/[^a-zA-Z0-9]\/.test(t.secret)){for(var s,r,n,a=l.querySelectorAll('iframe[data-secret=\"'+t.secret+'\"]'),o=l.querySelectorAll('blockquote[data-secret=\"'+t.secret+'\"]'),c=new RegExp(\"^https?:$\",\"i\"),i=0;i<o.length;i++)o[i].style.display=\"none\";for(i=0;i<a.length;i++)s=a[i],e.source===s.contentWindow&&(s.removeAttribute(\"style\"),\"height\"===t.message?(1e3<(r=parseInt(t.value,10))?r=1e3:~~r<200&&(r=200),s.height=r):\"link\"===t.message&&(r=new URL(s.getAttribute(\"src\")),n=new URL(t.value),c.test(n.protocol))&&n.host===r.host&&l.activeElement===s&&(d.top.location.href=t.value))}},d.addEventListener(\"message\",d.wp.receiveEmbedMessage,!1),l.addEventListener(\"DOMContentLoaded\",function(){for(var e,t,s=l.querySelectorAll(\"iframe.wp-embedded-content\"),r=0;r<s.length;r++)(t=(e=s[r]).getAttribute(\"data-secret\"))||(t=Math.random().toString(36).substring(2,12),e.src+=\"#?secret=\"+t,e.setAttribute(\"data-secret\",t)),e.contentWindow.postMessage({message:\"ready\",secret:t},\"*\")},!1)))}(window,document);\n\/\/# sourceURL=https:\/\/akunq.net\/turkish\/wp-includes\/js\/wp-embed.min.js\n<\/script>\n","description":"Ani antik \u015fehriyle ilgili konu\u015furken \u0131srarla \u201cAn\u0131\u201d dedi. Biliyorsunuz bin y\u0131ll\u0131k Ani\u2019yi \u201cAn\u0131\u201d yapmak eski K\u00fclt\u00fcr ve Turizm Bakan\u0131 Atilla Ko\u00e7\u2019un bizlere \u201chediyesidir\u201d. (\u201cT\u00fcrk insan\u0131 Sangaryos\u2019u Sakarya yapm\u0131\u015ft\u0131r, \u0130konyum\u2019u Konya yapm\u0131\u015ft\u0131r, Smyrna\u2019y\u0131 \u0130zmir yapm\u0131\u015ft\u0131r, Sagalassos\u2019u da A\u011flasun yapm\u0131\u015ft\u0131r. Gelin, T\u00fcrkiye Cumhuriyeti\u2019nin K\u00fclt\u00fcr Bakan\u0131 da \u201cAni\u201dyi \u201cAn\u0131\u201d yaps\u0131n. Bunu da bana m\u00fcsaade edin.\u201d 17 Aral\u0131k 2006 [&hellip;]"}