{"version":"1.0","provider_name":"Bati Ermenistan Ve Bati Ermenileri Sorunlari Ara\u015ftirmalar Merkezi","provider_url":"https:\/\/akunq.net\/turkish","author_name":"kalem","author_url":"https:\/\/akunq.net\/turkish\/author\/kalem\/","title":"'Akrabalar\u0131m Nerede' sergisi a\u00e7\u0131ld\u0131 - Bati Ermenistan Ve Bati Ermenileri Sorunlari Ara\u015ftirmalar Merkezi","type":"rich","width":600,"height":338,"html":"<blockquote class=\"wp-embedded-content\" data-secret=\"JS3aZqlfqk\"><a href=\"https:\/\/akunq.net\/turkish\/2010\/10\/06\/akrabalarim-nerede-sergisi-acildi\/\">&#8216;Akrabalar\u0131m Nerede&#8217; sergisi a\u00e7\u0131ld\u0131<\/a><\/blockquote><iframe sandbox=\"allow-scripts\" security=\"restricted\" src=\"https:\/\/akunq.net\/turkish\/2010\/10\/06\/akrabalarim-nerede-sergisi-acildi\/embed\/#?secret=JS3aZqlfqk\" width=\"600\" height=\"338\" title=\"&#8220;&#8216;Akrabalar\u0131m Nerede&#8217; sergisi a\u00e7\u0131ld\u0131&#8221; &#8212; Bati Ermenistan Ve Bati Ermenileri Sorunlari Ara\u015ftirmalar Merkezi\" data-secret=\"JS3aZqlfqk\" frameborder=\"0\" marginwidth=\"0\" marginheight=\"0\" scrolling=\"no\" class=\"wp-embedded-content\"><\/iframe><script>\n\/*! This file is auto-generated *\/\n!function(d,l){\"use strict\";l.querySelector&&d.addEventListener&&\"undefined\"!=typeof URL&&(d.wp=d.wp||{},d.wp.receiveEmbedMessage||(d.wp.receiveEmbedMessage=function(e){var t=e.data;if((t||t.secret||t.message||t.value)&&!\/[^a-zA-Z0-9]\/.test(t.secret)){for(var s,r,n,a=l.querySelectorAll('iframe[data-secret=\"'+t.secret+'\"]'),o=l.querySelectorAll('blockquote[data-secret=\"'+t.secret+'\"]'),c=new RegExp(\"^https?:$\",\"i\"),i=0;i<o.length;i++)o[i].style.display=\"none\";for(i=0;i<a.length;i++)s=a[i],e.source===s.contentWindow&&(s.removeAttribute(\"style\"),\"height\"===t.message?(1e3<(r=parseInt(t.value,10))?r=1e3:~~r<200&&(r=200),s.height=r):\"link\"===t.message&&(r=new URL(s.getAttribute(\"src\")),n=new URL(t.value),c.test(n.protocol))&&n.host===r.host&&l.activeElement===s&&(d.top.location.href=t.value))}},d.addEventListener(\"message\",d.wp.receiveEmbedMessage,!1),l.addEventListener(\"DOMContentLoaded\",function(){for(var e,t,s=l.querySelectorAll(\"iframe.wp-embedded-content\"),r=0;r<s.length;r++)(t=(e=s[r]).getAttribute(\"data-secret\"))||(t=Math.random().toString(36).substring(2,12),e.src+=\"#?secret=\"+t,e.setAttribute(\"data-secret\",t)),e.contentWindow.postMessage({message:\"ready\",secret:t},\"*\")},!1)))}(window,document);\n\/\/# sourceURL=https:\/\/akunq.net\/turkish\/wp-includes\/js\/wp-embed.min.js\n<\/script>\n","description":"Girit\u2019de ya\u015fayan T\u00fcrk vatanda\u015flar\u0131n\u0131n T\u00fcrkiye\u2019ye g\u00f6nderilmeleri ile par\u00e7alanan aileler aras\u0131nda Tarsus\u2019un \u0130hsaniye k\u00f6y\u00fcnde ya\u015fayan Girit M\u00fcbadillerinin ya\u015famlar\u0131n\u0131 konu alan resim sergisini Adana K\u00fclt\u00fcr Sanat Merkezinde verilen kokteyl ile a\u00e7t\u0131. \u00a0Dr. Ali \u0130hsan \u00d6kten ve \u0130lhan Mara\u015fl\u0131, 1897\u00a0 y\u0131l\u0131nda ba\u015flayan T\u00fcrk-Yunan sava\u015f\u0131nda Girit adas\u0131n\u0131n Osmanl\u0131lardan Yunanistan\u2019a ge\u00e7mesi sonucunda Girit\u2019de ya\u015fayan T\u00fcrk vatanda\u015flar\u0131n\u0131n T\u00fcrkiye\u2019ye g\u00f6nderilmeleri ile par\u00e7alanan [&hellip;]"}