{"version":"1.0","provider_name":"Bati Ermenistan Ve Bati Ermenileri Sorunlari Ara\u015ftirmalar Merkezi","provider_url":"https:\/\/akunq.net\/turkish","author_name":"kalem","author_url":"https:\/\/akunq.net\/turkish\/author\/kalem\/","title":"Bah\u00e7eli, Ermeni s\u0131n\u0131r kap\u0131s\u0131nda etten duvar \u00f6rd\u00fcrd\u00fc! - Bati Ermenistan Ve Bati Ermenileri Sorunlari Ara\u015ftirmalar Merkezi","type":"rich","width":600,"height":338,"html":"<blockquote class=\"wp-embedded-content\" data-secret=\"kz6o3lwjT0\"><a href=\"https:\/\/akunq.net\/turkish\/2010\/10\/04\/bahceli-ermeni-sinir-kapisinda-etten-duvar-ordurdu\/\">Bah\u00e7eli, Ermeni s\u0131n\u0131r kap\u0131s\u0131nda etten duvar \u00f6rd\u00fcrd\u00fc!<\/a><\/blockquote><iframe sandbox=\"allow-scripts\" security=\"restricted\" src=\"https:\/\/akunq.net\/turkish\/2010\/10\/04\/bahceli-ermeni-sinir-kapisinda-etten-duvar-ordurdu\/embed\/#?secret=kz6o3lwjT0\" width=\"600\" height=\"338\" title=\"&#8220;Bah\u00e7eli, Ermeni s\u0131n\u0131r kap\u0131s\u0131nda etten duvar \u00f6rd\u00fcrd\u00fc!&#8221; &#8212; Bati Ermenistan Ve Bati Ermenileri Sorunlari Ara\u015ftirmalar Merkezi\" data-secret=\"kz6o3lwjT0\" frameborder=\"0\" marginwidth=\"0\" marginheight=\"0\" scrolling=\"no\" class=\"wp-embedded-content\"><\/iframe><script>\n\/*! This file is auto-generated *\/\n!function(d,l){\"use strict\";l.querySelector&&d.addEventListener&&\"undefined\"!=typeof URL&&(d.wp=d.wp||{},d.wp.receiveEmbedMessage||(d.wp.receiveEmbedMessage=function(e){var t=e.data;if((t||t.secret||t.message||t.value)&&!\/[^a-zA-Z0-9]\/.test(t.secret)){for(var s,r,n,a=l.querySelectorAll('iframe[data-secret=\"'+t.secret+'\"]'),o=l.querySelectorAll('blockquote[data-secret=\"'+t.secret+'\"]'),c=new RegExp(\"^https?:$\",\"i\"),i=0;i<o.length;i++)o[i].style.display=\"none\";for(i=0;i<a.length;i++)s=a[i],e.source===s.contentWindow&&(s.removeAttribute(\"style\"),\"height\"===t.message?(1e3<(r=parseInt(t.value,10))?r=1e3:~~r<200&&(r=200),s.height=r):\"link\"===t.message&&(r=new URL(s.getAttribute(\"src\")),n=new URL(t.value),c.test(n.protocol))&&n.host===r.host&&l.activeElement===s&&(d.top.location.href=t.value))}},d.addEventListener(\"message\",d.wp.receiveEmbedMessage,!1),l.addEventListener(\"DOMContentLoaded\",function(){for(var e,t,s=l.querySelectorAll(\"iframe.wp-embedded-content\"),r=0;r<s.length;r++)(t=(e=s[r]).getAttribute(\"data-secret\"))||(t=Math.random().toString(36).substring(2,12),e.src+=\"#?secret=\"+t,e.setAttribute(\"data-secret\",t)),e.contentWindow.postMessage({message:\"ready\",secret:t},\"*\")},!1)))}(window,document);\n\/\/# sourceURL=https:\/\/akunq.net\/turkish\/wp-includes\/js\/wp-embed.min.js\n<\/script>\n","description":"TBMM\u2019nin a\u00e7\u0131ld\u0131\u011f\u0131 g\u00fcn, Meclis \u00e7at\u0131s\u0131 alt\u0131nda olmak yerine Ermenistan s\u0131n\u0131r\u0131ndaki Ani Harabeleri\u2019nde namaz k\u0131lmay\u0131 tercih eden MHP Genel Ba\u015fkan\u0131 Devlet Bah\u00e7eli, d\u00fcn de Emrenistan s\u0131n\u0131r\u0131nda etten duvar \u00f6rd\u00fcrd\u00fc.\u00a0 Kapal\u0131 olan Alican S\u0131n\u0131r Kap\u0131s\u0131\u2019n\u0131n \u00f6n\u00fcnde partililerle hitap eden Bah\u00e7eli T\u00fcrkiye-Ermenistan aras\u0131nda s\u0131n\u0131r\u0131n a\u00e7\u0131lmamas\u0131n\u0131 isterken \u201cT\u00fcrk milleti, Azerbaycanl\u0131 karde\u015flerinin aleyhine ve zarar\u0131na olacak hi\u00e7bir ad\u0131m\u0131n at\u0131lmas\u0131na, hi\u00e7bir [&hellip;]"}