{"version":"1.0","provider_name":"Bati Ermenistan Ve Bati Ermenileri Sorunlari Ara\u015ftirmalar Merkezi","provider_url":"https:\/\/akunq.net\/turkish","author_name":"kalem","author_url":"https:\/\/akunq.net\/turkish\/author\/kalem\/","title":"Alman bakandan T\u00fcrkiye'ye az\u0131nl\u0131klar \u00e7a\u011fr\u0131s\u0131 - Bati Ermenistan Ve Bati Ermenileri Sorunlari Ara\u015ftirmalar Merkezi","type":"rich","width":600,"height":338,"html":"<blockquote class=\"wp-embedded-content\" data-secret=\"nOtsVB01hl\"><a href=\"https:\/\/akunq.net\/turkish\/2010\/09\/27\/alman-bakandan-turkiyeye-azinliklar-cagrisi\/\">Alman bakandan T\u00fcrkiye&#8217;ye az\u0131nl\u0131klar \u00e7a\u011fr\u0131s\u0131<\/a><\/blockquote><iframe sandbox=\"allow-scripts\" security=\"restricted\" src=\"https:\/\/akunq.net\/turkish\/2010\/09\/27\/alman-bakandan-turkiyeye-azinliklar-cagrisi\/embed\/#?secret=nOtsVB01hl\" width=\"600\" height=\"338\" title=\"&#8220;Alman bakandan T\u00fcrkiye&#8217;ye az\u0131nl\u0131klar \u00e7a\u011fr\u0131s\u0131&#8221; &#8212; Bati Ermenistan Ve Bati Ermenileri Sorunlari Ara\u015ftirmalar Merkezi\" data-secret=\"nOtsVB01hl\" frameborder=\"0\" marginwidth=\"0\" marginheight=\"0\" scrolling=\"no\" class=\"wp-embedded-content\"><\/iframe><script>\n\/*! This file is auto-generated *\/\n!function(d,l){\"use strict\";l.querySelector&&d.addEventListener&&\"undefined\"!=typeof URL&&(d.wp=d.wp||{},d.wp.receiveEmbedMessage||(d.wp.receiveEmbedMessage=function(e){var t=e.data;if((t||t.secret||t.message||t.value)&&!\/[^a-zA-Z0-9]\/.test(t.secret)){for(var s,r,n,a=l.querySelectorAll('iframe[data-secret=\"'+t.secret+'\"]'),o=l.querySelectorAll('blockquote[data-secret=\"'+t.secret+'\"]'),c=new RegExp(\"^https?:$\",\"i\"),i=0;i<o.length;i++)o[i].style.display=\"none\";for(i=0;i<a.length;i++)s=a[i],e.source===s.contentWindow&&(s.removeAttribute(\"style\"),\"height\"===t.message?(1e3<(r=parseInt(t.value,10))?r=1e3:~~r<200&&(r=200),s.height=r):\"link\"===t.message&&(r=new URL(s.getAttribute(\"src\")),n=new URL(t.value),c.test(n.protocol))&&n.host===r.host&&l.activeElement===s&&(d.top.location.href=t.value))}},d.addEventListener(\"message\",d.wp.receiveEmbedMessage,!1),l.addEventListener(\"DOMContentLoaded\",function(){for(var e,t,s=l.querySelectorAll(\"iframe.wp-embedded-content\"),r=0;r<s.length;r++)(t=(e=s[r]).getAttribute(\"data-secret\"))||(t=Math.random().toString(36).substring(2,12),e.src+=\"#?secret=\"+t,e.setAttribute(\"data-secret\",t)),e.contentWindow.postMessage({message:\"ready\",secret:t},\"*\")},!1)))}(window,document);\n\/\/# sourceURL=https:\/\/akunq.net\/turkish\/wp-includes\/js\/wp-embed.min.js\n<\/script>\n","description":"Almanya \u0130\u00e7i\u015fleri Bakan\u0131 Thomas de Maiziere, T\u00fcrkiye\u2019ye yapt\u0131\u011f\u0131 iki g\u00fcnl\u00fck ziyarette H\u0131ristiyan az\u0131nl\u0131klar\u0131n temsilcileriyle g\u00f6r\u00fc\u015ft\u00fc. Yap\u0131lan g\u00f6r\u00fc\u015fmeler az\u0131nl\u0131k cemaatlerin haklar\u0131n\u0131 g\u00fc\u00e7lendirmeyi ama\u00e7l\u0131yordu. De Maiziere T\u00fcrkiye ziyareti s\u0131ras\u0131nda farkl\u0131 az\u0131nl\u0131k H\u0131ristiyan gruplar\u0131n liderleriyle g\u00f6r\u00fc\u015ft\u00fc.\u00a0 Rum Ortodoks, S\u00fcryani Ortodoks ve Protestan kiliselerinin temsilcileriyle \u0130stanbul\u2019da yap\u0131lan g\u00f6r\u00fc\u015fmelerin g\u00fcndeminin bir numaras\u0131nda az\u0131nl\u0131klara daha fazla hak verilmesi yer al\u0131yordu. T\u00fcrkiye\u2019de [&hellip;]"}