{"version":"1.0","provider_name":"Bati Ermenistan Ve Bati Ermenileri Sorunlari Ara\u015ftirmalar Merkezi","provider_url":"https:\/\/akunq.net\/turkish","author_name":"kalem","author_url":"https:\/\/akunq.net\/turkish\/author\/kalem\/","title":"Devletin i\u00e7indeki gizli Ermeniler! - Bati Ermenistan Ve Bati Ermenileri Sorunlari Ara\u015ftirmalar Merkezi","type":"rich","width":600,"height":338,"html":"<blockquote class=\"wp-embedded-content\" data-secret=\"QAGaEtHiRm\"><a href=\"https:\/\/akunq.net\/turkish\/2010\/09\/23\/devletin-icindeki-gizli-ermeniler\/\">Devletin i\u00e7indeki gizli Ermeniler!<\/a><\/blockquote><iframe sandbox=\"allow-scripts\" security=\"restricted\" src=\"https:\/\/akunq.net\/turkish\/2010\/09\/23\/devletin-icindeki-gizli-ermeniler\/embed\/#?secret=QAGaEtHiRm\" width=\"600\" height=\"338\" title=\"&#8220;Devletin i\u00e7indeki gizli Ermeniler!&#8221; &#8212; Bati Ermenistan Ve Bati Ermenileri Sorunlari Ara\u015ftirmalar Merkezi\" data-secret=\"QAGaEtHiRm\" frameborder=\"0\" marginwidth=\"0\" marginheight=\"0\" scrolling=\"no\" class=\"wp-embedded-content\"><\/iframe><script>\n\/*! This file is auto-generated *\/\n!function(d,l){\"use strict\";l.querySelector&&d.addEventListener&&\"undefined\"!=typeof URL&&(d.wp=d.wp||{},d.wp.receiveEmbedMessage||(d.wp.receiveEmbedMessage=function(e){var t=e.data;if((t||t.secret||t.message||t.value)&&!\/[^a-zA-Z0-9]\/.test(t.secret)){for(var s,r,n,a=l.querySelectorAll('iframe[data-secret=\"'+t.secret+'\"]'),o=l.querySelectorAll('blockquote[data-secret=\"'+t.secret+'\"]'),c=new RegExp(\"^https?:$\",\"i\"),i=0;i<o.length;i++)o[i].style.display=\"none\";for(i=0;i<a.length;i++)s=a[i],e.source===s.contentWindow&&(s.removeAttribute(\"style\"),\"height\"===t.message?(1e3<(r=parseInt(t.value,10))?r=1e3:~~r<200&&(r=200),s.height=r):\"link\"===t.message&&(r=new URL(s.getAttribute(\"src\")),n=new URL(t.value),c.test(n.protocol))&&n.host===r.host&&l.activeElement===s&&(d.top.location.href=t.value))}},d.addEventListener(\"message\",d.wp.receiveEmbedMessage,!1),l.addEventListener(\"DOMContentLoaded\",function(){for(var e,t,s=l.querySelectorAll(\"iframe.wp-embedded-content\"),r=0;r<s.length;r++)(t=(e=s[r]).getAttribute(\"data-secret\"))||(t=Math.random().toString(36).substring(2,12),e.src+=\"#?secret=\"+t,e.setAttribute(\"data-secret\",t)),e.contentWindow.postMessage({message:\"ready\",secret:t},\"*\")},!1)))}(window,document);\n\/\/# sourceURL=https:\/\/akunq.net\/turkish\/wp-includes\/js\/wp-embed.min.js\n<\/script>\n","description":"Van\u2019daki Akdamar Kilisesi\u2019nde ayin yap\u0131lmas\u0131ndan sonra b\u00f6lgede ya\u015fayan gizli Ermeniler kendilerini a\u00e7\u0131\u011fa \u00e7\u0131karmaya ba\u015flad\u0131 ve kimliklerine\u00a0 \u201cHristiyan\u201d yazd\u0131rmak i\u00e7in s\u0131raya girdi. Bu ki\u015filerin \u00e7o\u011fu \u015fimdiye kadar \u201cM\u00fcsl\u00fcman K\u00fcrt\u201d olduklar\u0131n\u0131 s\u00f6yl\u00fcyordu. As\u0131l kimli\u011fini a\u00e7\u0131klayanlar aras\u0131nda, T\u00fcrkiye Ermenileri Patrikli\u011fi Genel Vekili Aram Ate\u015fyan\u2019\u0131n ablas\u0131n\u0131n torunlar\u0131 33 ya\u015f\u0131ndaki Mesure Kaplan ve 28 ya\u015f\u0131ndaki Cihan Beskisiz de var.\u00a0 Mesure [&hellip;]"}