{"version":"1.0","provider_name":"Bati Ermenistan Ve Bati Ermenileri Sorunlari Ara\u015ftirmalar Merkezi","provider_url":"https:\/\/akunq.net\/turkish","author_name":"kalem","author_url":"https:\/\/akunq.net\/turkish\/author\/kalem\/","title":"Az\u0131nl\u0131k Dillerinde Avrupa Birli\u011fi'nde uygulama nas\u0131l? - Bati Ermenistan Ve Bati Ermenileri Sorunlari Ara\u015ftirmalar Merkezi","type":"rich","width":600,"height":338,"html":"<blockquote class=\"wp-embedded-content\" data-secret=\"3RguPALsOz\"><a href=\"https:\/\/akunq.net\/turkish\/2010\/09\/22\/azinlik-dillerinde-avrupa-birliginde-uygulama-nasil\/\">Az\u0131nl\u0131k Dillerinde Avrupa Birli\u011fi&#8217;nde uygulama nas\u0131l?<\/a><\/blockquote><iframe sandbox=\"allow-scripts\" security=\"restricted\" src=\"https:\/\/akunq.net\/turkish\/2010\/09\/22\/azinlik-dillerinde-avrupa-birliginde-uygulama-nasil\/embed\/#?secret=3RguPALsOz\" width=\"600\" height=\"338\" title=\"&#8220;Az\u0131nl\u0131k Dillerinde Avrupa Birli\u011fi&#8217;nde uygulama nas\u0131l?&#8221; &#8212; Bati Ermenistan Ve Bati Ermenileri Sorunlari Ara\u015ftirmalar Merkezi\" data-secret=\"3RguPALsOz\" frameborder=\"0\" marginwidth=\"0\" marginheight=\"0\" scrolling=\"no\" class=\"wp-embedded-content\"><\/iframe><script>\n\/*! This file is auto-generated *\/\n!function(d,l){\"use strict\";l.querySelector&&d.addEventListener&&\"undefined\"!=typeof URL&&(d.wp=d.wp||{},d.wp.receiveEmbedMessage||(d.wp.receiveEmbedMessage=function(e){var t=e.data;if((t||t.secret||t.message||t.value)&&!\/[^a-zA-Z0-9]\/.test(t.secret)){for(var s,r,n,a=l.querySelectorAll('iframe[data-secret=\"'+t.secret+'\"]'),o=l.querySelectorAll('blockquote[data-secret=\"'+t.secret+'\"]'),c=new RegExp(\"^https?:$\",\"i\"),i=0;i<o.length;i++)o[i].style.display=\"none\";for(i=0;i<a.length;i++)s=a[i],e.source===s.contentWindow&&(s.removeAttribute(\"style\"),\"height\"===t.message?(1e3<(r=parseInt(t.value,10))?r=1e3:~~r<200&&(r=200),s.height=r):\"link\"===t.message&&(r=new URL(s.getAttribute(\"src\")),n=new URL(t.value),c.test(n.protocol))&&n.host===r.host&&l.activeElement===s&&(d.top.location.href=t.value))}},d.addEventListener(\"message\",d.wp.receiveEmbedMessage,!1),l.addEventListener(\"DOMContentLoaded\",function(){for(var e,t,s=l.querySelectorAll(\"iframe.wp-embedded-content\"),r=0;r<s.length;r++)(t=(e=s[r]).getAttribute(\"data-secret\"))||(t=Math.random().toString(36).substring(2,12),e.src+=\"#?secret=\"+t,e.setAttribute(\"data-secret\",t)),e.contentWindow.postMessage({message:\"ready\",secret:t},\"*\")},!1)))}(window,document);\n\/\/# sourceURL=https:\/\/akunq.net\/turkish\/wp-includes\/js\/wp-embed.min.js\n<\/script>\n","description":"AB\u2019de az\u0131nl\u0131k dilleri i\u00e7in iki s\u00f6zle\u015fme bulunuyor. Bunlardan ilki 1992 tarihinde Strasbourg\u2019da imzaya a\u00e7\u0131lan \u201cUlusal Az\u0131nl\u0131klar\u0131n Korunmas\u0131na \u0130li\u015fkin \u00c7er\u00e7eve S\u00f6zle\u015fme\u201d ve 1992 y\u0131l\u0131nda ana dilde e\u011fitim hakk\u0131n\u0131 g\u00fcvence alt\u0131na alan \u201cB\u00f6lgesel ve Az\u0131nl\u0131k Dilleri Avrupa Sosyal \u015eart\u0131.\u201d Avrupa\u2019da \u00e7o\u011fu \u00fclke s\u0131n\u0131rlar\u0131 i\u00e7inde bulunan g\u00f6\u00e7men i\u015f\u00e7ileri de az\u0131nl\u0131k stat\u00fcs\u00fcnde alg\u0131lad\u0131\u011f\u0131 i\u00e7in bu toplumlar\u0131n anadilde e\u011fitimi de [&hellip;]"}