{"version":"1.0","provider_name":"Bati Ermenistan Ve Bati Ermenileri Sorunlari Ara\u015ftirmalar Merkezi","provider_url":"https:\/\/akunq.net\/turkish","author_name":"kalem","author_url":"https:\/\/akunq.net\/turkish\/author\/kalem\/","title":"Art\u0131k kimliklerine H\u0131ristiyan yazd\u0131r\u0131yorlar - Bati Ermenistan Ve Bati Ermenileri Sorunlari Ara\u015ftirmalar Merkezi","type":"rich","width":600,"height":338,"html":"<blockquote class=\"wp-embedded-content\" data-secret=\"dzaL2dXmp1\"><a href=\"https:\/\/akunq.net\/turkish\/2010\/09\/22\/artik-kimliklerine-hiristiyan-yazdiriyorlar\/\">Art\u0131k kimliklerine H\u0131ristiyan yazd\u0131r\u0131yorlar<\/a><\/blockquote><iframe sandbox=\"allow-scripts\" security=\"restricted\" src=\"https:\/\/akunq.net\/turkish\/2010\/09\/22\/artik-kimliklerine-hiristiyan-yazdiriyorlar\/embed\/#?secret=dzaL2dXmp1\" width=\"600\" height=\"338\" title=\"&#8220;Art\u0131k kimliklerine H\u0131ristiyan yazd\u0131r\u0131yorlar&#8221; &#8212; Bati Ermenistan Ve Bati Ermenileri Sorunlari Ara\u015ftirmalar Merkezi\" data-secret=\"dzaL2dXmp1\" frameborder=\"0\" marginwidth=\"0\" marginheight=\"0\" scrolling=\"no\" class=\"wp-embedded-content\"><\/iframe><script>\n\/*! This file is auto-generated *\/\n!function(d,l){\"use strict\";l.querySelector&&d.addEventListener&&\"undefined\"!=typeof URL&&(d.wp=d.wp||{},d.wp.receiveEmbedMessage||(d.wp.receiveEmbedMessage=function(e){var t=e.data;if((t||t.secret||t.message||t.value)&&!\/[^a-zA-Z0-9]\/.test(t.secret)){for(var s,r,n,a=l.querySelectorAll('iframe[data-secret=\"'+t.secret+'\"]'),o=l.querySelectorAll('blockquote[data-secret=\"'+t.secret+'\"]'),c=new RegExp(\"^https?:$\",\"i\"),i=0;i<o.length;i++)o[i].style.display=\"none\";for(i=0;i<a.length;i++)s=a[i],e.source===s.contentWindow&&(s.removeAttribute(\"style\"),\"height\"===t.message?(1e3<(r=parseInt(t.value,10))?r=1e3:~~r<200&&(r=200),s.height=r):\"link\"===t.message&&(r=new URL(s.getAttribute(\"src\")),n=new URL(t.value),c.test(n.protocol))&&n.host===r.host&&l.activeElement===s&&(d.top.location.href=t.value))}},d.addEventListener(\"message\",d.wp.receiveEmbedMessage,!1),l.addEventListener(\"DOMContentLoaded\",function(){for(var e,t,s=l.querySelectorAll(\"iframe.wp-embedded-content\"),r=0;r<s.length;r++)(t=(e=s[r]).getAttribute(\"data-secret\"))||(t=Math.random().toString(36).substring(2,12),e.src+=\"#?secret=\"+t,e.setAttribute(\"data-secret\",t)),e.contentWindow.postMessage({message:\"ready\",secret:t},\"*\")},!1)))}(window,document);\n\/\/# sourceURL=https:\/\/akunq.net\/turkish\/wp-includes\/js\/wp-embed.min.js\n<\/script>\n","description":"T\u00fcrkiye Ermenileri Patrikli\u011fi Patrik Genel Vekili Aram Ate\u015fyan\u2019\u0131n \u2018M\u00fcsl\u00fcman\u2019 olan ye\u011fenleri, 4 ay \u00f6nce n\u00fcfus c\u00fczdanlar\u0131na H\u0131ristiyan yazd\u0131rd\u0131lar. Akdamar\u2019daki ayini y\u00f6netmek i\u00e7in Van\u2019a gelen day\u0131lar\u0131 Ate\u015fyan\u2019\u0131 ziyaret eden Mesure Kaplan ve Cihan Beskisiz karde\u015fler, vaftiz olmak i\u00e7in Diyarbak\u0131r Surp Giragos Kilisesi restorasyonunun bitmesini bekliyor. YILLARDIR kom\u015fular\u0131n\u0131n ya da i\u015f arkada\u015flar\u0131n\u0131n b\u00fcy\u00fck bir b\u00f6l\u00fcm\u00fc, onlar\u0131 \u2018M\u00fcsl\u00fcman [&hellip;]","thumbnail_url":"https:\/\/akunq.net\/turkish\/wp-content\/uploads\/sites\/5\/2010\/09\/11591454.jpg","thumbnail_width":240,"thumbnail_height":240}