{"version":"1.0","provider_name":"Bati Ermenistan Ve Bati Ermenileri Sorunlari Ara\u015ftirmalar Merkezi","provider_url":"https:\/\/akunq.net\/turkish","author_name":"kalem","author_url":"https:\/\/akunq.net\/turkish\/author\/kalem\/","title":"\"Ermenice Bilmiyorum, Ama K\u00f6kenimi \u00d6\u011frenmek \u0130stiyorum\" - Bati Ermenistan Ve Bati Ermenileri Sorunlari Ara\u015ftirmalar Merkezi","type":"rich","width":600,"height":338,"html":"<blockquote class=\"wp-embedded-content\" data-secret=\"kTlFS6skch\"><a href=\"https:\/\/akunq.net\/turkish\/2010\/09\/18\/ermenice-bilmiyorum-ama-kokenimi-ogrenmek-istiyorum\/\">&#8220;Ermenice Bilmiyorum, Ama K\u00f6kenimi \u00d6\u011frenmek \u0130stiyorum&#8221;<\/a><\/blockquote><iframe sandbox=\"allow-scripts\" security=\"restricted\" src=\"https:\/\/akunq.net\/turkish\/2010\/09\/18\/ermenice-bilmiyorum-ama-kokenimi-ogrenmek-istiyorum\/embed\/#?secret=kTlFS6skch\" width=\"600\" height=\"338\" title=\"&#8220;&#8220;Ermenice Bilmiyorum, Ama K\u00f6kenimi \u00d6\u011frenmek \u0130stiyorum&#8221;&#8221; &#8212; Bati Ermenistan Ve Bati Ermenileri Sorunlari Ara\u015ftirmalar Merkezi\" data-secret=\"kTlFS6skch\" frameborder=\"0\" marginwidth=\"0\" marginheight=\"0\" scrolling=\"no\" class=\"wp-embedded-content\"><\/iframe><script>\n\/*! This file is auto-generated *\/\n!function(d,l){\"use strict\";l.querySelector&&d.addEventListener&&\"undefined\"!=typeof URL&&(d.wp=d.wp||{},d.wp.receiveEmbedMessage||(d.wp.receiveEmbedMessage=function(e){var t=e.data;if((t||t.secret||t.message||t.value)&&!\/[^a-zA-Z0-9]\/.test(t.secret)){for(var s,r,n,a=l.querySelectorAll('iframe[data-secret=\"'+t.secret+'\"]'),o=l.querySelectorAll('blockquote[data-secret=\"'+t.secret+'\"]'),c=new RegExp(\"^https?:$\",\"i\"),i=0;i<o.length;i++)o[i].style.display=\"none\";for(i=0;i<a.length;i++)s=a[i],e.source===s.contentWindow&&(s.removeAttribute(\"style\"),\"height\"===t.message?(1e3<(r=parseInt(t.value,10))?r=1e3:~~r<200&&(r=200),s.height=r):\"link\"===t.message&&(r=new URL(s.getAttribute(\"src\")),n=new URL(t.value),c.test(n.protocol))&&n.host===r.host&&l.activeElement===s&&(d.top.location.href=t.value))}},d.addEventListener(\"message\",d.wp.receiveEmbedMessage,!1),l.addEventListener(\"DOMContentLoaded\",function(){for(var e,t,s=l.querySelectorAll(\"iframe.wp-embedded-content\"),r=0;r<s.length;r++)(t=(e=s[r]).getAttribute(\"data-secret\"))||(t=Math.random().toString(36).substring(2,12),e.src+=\"#?secret=\"+t,e.setAttribute(\"data-secret\",t)),e.contentWindow.postMessage({message:\"ready\",secret:t},\"*\")},!1)))}(window,document);\n\/\/# sourceURL=https:\/\/akunq.net\/turkish\/wp-includes\/js\/wp-embed.min.js\n<\/script>\n","description":"&#8220;1980 Mazgirt do\u011fumluyum, 30 y\u0131ld\u0131r burada ya\u015f\u0131yorum. H\u00fcseyin dedem burada do\u011fmu\u015f b\u00fcy\u00fcm\u00fc\u015f,\u00a0 Ermeni soyk\u0131r\u0131m\u0131nda Burmage\u00e7it k\u00f6y\u00fcn\u00fcn b\u00fcy\u00fck b\u00f6l\u00fcm\u00fc dedeme aitmi\u015f, babas\u0131, karde\u015fleri katledilmi\u015f, dedem ka\u00e7\u0131p burada Mazgirt Dazkaya k\u00f6y\u00fcnde Mustafa a\u011fan\u0131n yan\u0131na s\u0131\u011f\u0131nm\u0131\u015f, tek ba\u015f\u0131na kurtulmu\u015f. Karde\u015flerinin \u00e7o\u011fu \u00f6ld\u00fcr\u00fclm\u00fc\u015f, hayatta kalanlar\u0131 da kaybetmi\u015f. Babaannem de Ermeni. G\u00fcltekin&#8217;in giri\u015fimi \u00e7ok daha \u00f6nce yap\u0131lmal\u0131yd\u0131 bence. Burada \u00e7ok [&hellip;]","thumbnail_url":"https:\/\/akunq.net\/turkish\/wp-content\/uploads\/sites\/5\/2010\/09\/72022A56189CB9439C53138Ab.jpg","thumbnail_width":150,"thumbnail_height":130}