{"version":"1.0","provider_name":"Bati Ermenistan Ve Bati Ermenileri Sorunlari Ara\u015ftirmalar Merkezi","provider_url":"https:\/\/akunq.net\/turkish","author_name":"kalem","author_url":"https:\/\/akunq.net\/turkish\/author\/kalem\/","title":"Dersim'in Ermenileri Dersim halk\u0131n\u0131n k\u00fclt\u00fcr\u00fc ve Ermenilerin k\u00fclt\u00fcr\u00fc benzer - Bati Ermenistan Ve Bati Ermenileri Sorunlari Ara\u015ftirmalar Merkezi","type":"rich","width":600,"height":338,"html":"<blockquote class=\"wp-embedded-content\" data-secret=\"gfh5zoFQpm\"><a href=\"https:\/\/akunq.net\/turkish\/2010\/09\/18\/dersimin-ermenileri\/\">Dersim&#8217;in Ermenileri Dersim halk\u0131n\u0131n k\u00fclt\u00fcr\u00fc ve Ermenilerin k\u00fclt\u00fcr\u00fc benzer<\/a><\/blockquote><iframe sandbox=\"allow-scripts\" security=\"restricted\" src=\"https:\/\/akunq.net\/turkish\/2010\/09\/18\/dersimin-ermenileri\/embed\/#?secret=gfh5zoFQpm\" width=\"600\" height=\"338\" title=\"&#8220;Dersim&#8217;in Ermenileri Dersim halk\u0131n\u0131n k\u00fclt\u00fcr\u00fc ve Ermenilerin k\u00fclt\u00fcr\u00fc benzer&#8221; &#8212; Bati Ermenistan Ve Bati Ermenileri Sorunlari Ara\u015ftirmalar Merkezi\" data-secret=\"gfh5zoFQpm\" frameborder=\"0\" marginwidth=\"0\" marginheight=\"0\" scrolling=\"no\" class=\"wp-embedded-content\"><\/iframe><script>\n\/*! This file is auto-generated *\/\n!function(d,l){\"use strict\";l.querySelector&&d.addEventListener&&\"undefined\"!=typeof URL&&(d.wp=d.wp||{},d.wp.receiveEmbedMessage||(d.wp.receiveEmbedMessage=function(e){var t=e.data;if((t||t.secret||t.message||t.value)&&!\/[^a-zA-Z0-9]\/.test(t.secret)){for(var s,r,n,a=l.querySelectorAll('iframe[data-secret=\"'+t.secret+'\"]'),o=l.querySelectorAll('blockquote[data-secret=\"'+t.secret+'\"]'),c=new RegExp(\"^https?:$\",\"i\"),i=0;i<o.length;i++)o[i].style.display=\"none\";for(i=0;i<a.length;i++)s=a[i],e.source===s.contentWindow&&(s.removeAttribute(\"style\"),\"height\"===t.message?(1e3<(r=parseInt(t.value,10))?r=1e3:~~r<200&&(r=200),s.height=r):\"link\"===t.message&&(r=new URL(s.getAttribute(\"src\")),n=new URL(t.value),c.test(n.protocol))&&n.host===r.host&&l.activeElement===s&&(d.top.location.href=t.value))}},d.addEventListener(\"message\",d.wp.receiveEmbedMessage,!1),l.addEventListener(\"DOMContentLoaded\",function(){for(var e,t,s=l.querySelectorAll(\"iframe.wp-embedded-content\"),r=0;r<s.length;r++)(t=(e=s[r]).getAttribute(\"data-secret\"))||(t=Math.random().toString(36).substring(2,12),e.src+=\"#?secret=\"+t,e.setAttribute(\"data-secret\",t)),e.contentWindow.postMessage({message:\"ready\",secret:t},\"*\")},!1)))}(window,document);\n\/\/# sourceURL=https:\/\/akunq.net\/turkish\/wp-includes\/js\/wp-embed.min.js\n<\/script>\n","description":"70 y\u0131ld\u0131r bu k\u00f6yde ya\u015fayan G\u00fczel Han\u0131m Ermeni de\u011fil, ama \u201c\u00c7ok \u00e7ektik ter\u00f6r zaman\u0131, 12 Eyl\u00fcl\u2019den sonra\u201d diyor, \u201cKorkuyorduk \u00e7ok, \u00e7ocuklar\u0131m\u0131z\u0131 g\u00f6t\u00fcr\u00fcyorlard\u0131, i\u015fkenceler yapt\u0131lar, geceleri pencereleri kapat\u0131n, \u0131\u015f\u0131klar\u0131 a\u00e7may\u0131n diyorlard\u0131, zorla evden i\u00e7eri giriyorlard\u0131. Polatlar ve Bozta\u015flar\u2019\u0131 g\u00f6t\u00fcr\u00fcyorlard\u0131 sadece, Ermeni olduklar\u0131 i\u00e7in\u201d. B\u00f6yle bir b\u00f6lgede Ermeni k\u00f6kenini saklaman\u0131n sebebini elbette sadece korkakl\u0131k olarak a\u00e7\u0131klamak zor. [&hellip;]"}