{"version":"1.0","provider_name":"Bati Ermenistan Ve Bati Ermenileri Sorunlari Ara\u015ftirmalar Merkezi","provider_url":"https:\/\/akunq.net\/turkish","author_name":"kalem","author_url":"https:\/\/akunq.net\/turkish\/author\/kalem\/","title":"\u0130nsan Haklar\u0131 \u0130zleme \u00d6rg\u00fct\u00fc: Dink cinayetini ayd\u0131nlat\u0131n - Bati Ermenistan Ve Bati Ermenileri Sorunlari Ara\u015ftirmalar Merkezi","type":"rich","width":600,"height":338,"html":"<blockquote class=\"wp-embedded-content\" data-secret=\"TujYgbSdsB\"><a href=\"https:\/\/akunq.net\/turkish\/2010\/09\/17\/insan-haklari-izleme-orgutu-dink-cinayetini-aydinlatin\/\">\u0130nsan Haklar\u0131 \u0130zleme \u00d6rg\u00fct\u00fc: Dink cinayetini ayd\u0131nlat\u0131n<\/a><\/blockquote><iframe sandbox=\"allow-scripts\" security=\"restricted\" src=\"https:\/\/akunq.net\/turkish\/2010\/09\/17\/insan-haklari-izleme-orgutu-dink-cinayetini-aydinlatin\/embed\/#?secret=TujYgbSdsB\" width=\"600\" height=\"338\" title=\"&#8220;\u0130nsan Haklar\u0131 \u0130zleme \u00d6rg\u00fct\u00fc: Dink cinayetini ayd\u0131nlat\u0131n&#8221; &#8212; Bati Ermenistan Ve Bati Ermenileri Sorunlari Ara\u015ftirmalar Merkezi\" data-secret=\"TujYgbSdsB\" frameborder=\"0\" marginwidth=\"0\" marginheight=\"0\" scrolling=\"no\" class=\"wp-embedded-content\"><\/iframe><script>\n\/*! This file is auto-generated *\/\n!function(d,l){\"use strict\";l.querySelector&&d.addEventListener&&\"undefined\"!=typeof URL&&(d.wp=d.wp||{},d.wp.receiveEmbedMessage||(d.wp.receiveEmbedMessage=function(e){var t=e.data;if((t||t.secret||t.message||t.value)&&!\/[^a-zA-Z0-9]\/.test(t.secret)){for(var s,r,n,a=l.querySelectorAll('iframe[data-secret=\"'+t.secret+'\"]'),o=l.querySelectorAll('blockquote[data-secret=\"'+t.secret+'\"]'),c=new RegExp(\"^https?:$\",\"i\"),i=0;i<o.length;i++)o[i].style.display=\"none\";for(i=0;i<a.length;i++)s=a[i],e.source===s.contentWindow&&(s.removeAttribute(\"style\"),\"height\"===t.message?(1e3<(r=parseInt(t.value,10))?r=1e3:~~r<200&&(r=200),s.height=r):\"link\"===t.message&&(r=new URL(s.getAttribute(\"src\")),n=new URL(t.value),c.test(n.protocol))&&n.host===r.host&&l.activeElement===s&&(d.top.location.href=t.value))}},d.addEventListener(\"message\",d.wp.receiveEmbedMessage,!1),l.addEventListener(\"DOMContentLoaded\",function(){for(var e,t,s=l.querySelectorAll(\"iframe.wp-embedded-content\"),r=0;r<s.length;r++)(t=(e=s[r]).getAttribute(\"data-secret\"))||(t=Math.random().toString(36).substring(2,12),e.src+=\"#?secret=\"+t,e.setAttribute(\"data-secret\",t)),e.contentWindow.postMessage({message:\"ready\",secret:t},\"*\")},!1)))}(window,document);\n\/\/# sourceURL=https:\/\/akunq.net\/turkish\/wp-includes\/js\/wp-embed.min.js\n<\/script>\n","description":"\u00a0Merkezi New York\u2019ta bulunan \u0130nsan Haklar\u0131 \u0130zleme \u00d6rg\u00fct\u00fc (Human Rights Watch), Avrupa \u0130nsan Haklar\u0131 Mahkemesi\u2019nin Hrant Dink davas\u0131yla ilgili karar\u0131 \u00fczerine bir a\u00e7\u0131klama yay\u0131mlayarak T\u00fcrkiye\u2019ye \u201cCinayetin arka plan\u0131n\u0131 a\u00e7\u0131\u011fa \u00e7\u0131kar\u0131n\u201d \u00e7a\u011fr\u0131s\u0131 yapt\u0131. \u00a0\u00d6rg\u00fct\u00fcn a\u00e7\u0131klamas\u0131nda, \u201cA\u0130HM karar\u0131ndan sonra T\u00fcrk yetkililer, Hrant Dink\u2019in \u00f6ld\u00fcr\u00fclmesine kar\u0131\u015fan herkesin adalet \u00f6n\u00fcne \u00e7\u0131kar\u0131lmas\u0131 \u00e7abalar\u0131n\u0131 ikiye katlamal\u0131d\u0131r\u201d denildi. \u00d6rg\u00fct\u00fcn T\u00fcrkiye sorumlusu Emma [&hellip;]"}