{"version":"1.0","provider_name":"Bati Ermenistan Ve Bati Ermenileri Sorunlari Ara\u015ftirmalar Merkezi","provider_url":"https:\/\/akunq.net\/turkish","author_name":"kalem","author_url":"https:\/\/akunq.net\/turkish\/author\/kalem\/","title":"Hrant Dink \u00d6d\u00fcl\u00fc sahiplerini buldu - Bati Ermenistan Ve Bati Ermenileri Sorunlari Ara\u015ftirmalar Merkezi","type":"rich","width":600,"height":338,"html":"<blockquote class=\"wp-embedded-content\" data-secret=\"lRFedIzqhB\"><a href=\"https:\/\/akunq.net\/turkish\/2010\/09\/16\/hrant-dink-odulu-sahiplerini-buldu\/\">Hrant Dink \u00d6d\u00fcl\u00fc sahiplerini buldu<\/a><\/blockquote><iframe sandbox=\"allow-scripts\" security=\"restricted\" src=\"https:\/\/akunq.net\/turkish\/2010\/09\/16\/hrant-dink-odulu-sahiplerini-buldu\/embed\/#?secret=lRFedIzqhB\" width=\"600\" height=\"338\" title=\"&#8220;Hrant Dink \u00d6d\u00fcl\u00fc sahiplerini buldu&#8221; &#8212; Bati Ermenistan Ve Bati Ermenileri Sorunlari Ara\u015ftirmalar Merkezi\" data-secret=\"lRFedIzqhB\" frameborder=\"0\" marginwidth=\"0\" marginheight=\"0\" scrolling=\"no\" class=\"wp-embedded-content\"><\/iframe><script>\n\/*! This file is auto-generated *\/\n!function(d,l){\"use strict\";l.querySelector&&d.addEventListener&&\"undefined\"!=typeof URL&&(d.wp=d.wp||{},d.wp.receiveEmbedMessage||(d.wp.receiveEmbedMessage=function(e){var t=e.data;if((t||t.secret||t.message||t.value)&&!\/[^a-zA-Z0-9]\/.test(t.secret)){for(var s,r,n,a=l.querySelectorAll('iframe[data-secret=\"'+t.secret+'\"]'),o=l.querySelectorAll('blockquote[data-secret=\"'+t.secret+'\"]'),c=new RegExp(\"^https?:$\",\"i\"),i=0;i<o.length;i++)o[i].style.display=\"none\";for(i=0;i<a.length;i++)s=a[i],e.source===s.contentWindow&&(s.removeAttribute(\"style\"),\"height\"===t.message?(1e3<(r=parseInt(t.value,10))?r=1e3:~~r<200&&(r=200),s.height=r):\"link\"===t.message&&(r=new URL(s.getAttribute(\"src\")),n=new URL(t.value),c.test(n.protocol))&&n.host===r.host&&l.activeElement===s&&(d.top.location.href=t.value))}},d.addEventListener(\"message\",d.wp.receiveEmbedMessage,!1),l.addEventListener(\"DOMContentLoaded\",function(){for(var e,t,s=l.querySelectorAll(\"iframe.wp-embedded-content\"),r=0;r<s.length;r++)(t=(e=s[r]).getAttribute(\"data-secret\"))||(t=Math.random().toString(36).substring(2,12),e.src+=\"#?secret=\"+t,e.setAttribute(\"data-secret\",t)),e.contentWindow.postMessage({message:\"ready\",secret:t},\"*\")},!1)))}(window,document);\n\/\/# sourceURL=https:\/\/akunq.net\/turkish\/wp-includes\/js\/wp-embed.min.js\n<\/script>\n","description":"Uluslararas\u0131 Hrant Dink Vakf\u0131 2010 \u00f6d\u00fcl\u00fc d\u00fcn gece t\u00f6renle sahiplerine verildi. \u00d6d\u00fcl t\u00f6reni Cemal Re\u015fit Rey Konser Salonu\u2019nda yap\u0131ld\u0131. Hrant Dink\u2019in do\u011fum g\u00fcn\u00fc olan 15 Eyl\u00fcl\u2019de verilen Hrant Dink \u00f6d\u00fcl\u00fc bu y\u0131l ikinci kez verildi. Lale Mansur\u2019un sunuculu\u011funu yapt\u0131\u011f\u0131 gecede S\u0131la, Karde\u015f T\u00fcrk\u00fcler, Arto Tun\u00e7 gibi isimler sahne ald\u0131. Ulusal dalda T\u00fcrkiye Vicdani Ret Hareketi [&hellip;]","thumbnail_url":"https:\/\/akunq.net\/turkish\/wp-content\/uploads\/sites\/5\/2010\/09\/Hrant-Dinki-mrcanaky2.jpg","thumbnail_width":670,"thumbnail_height":320}