{"version":"1.0","provider_name":"Bati Ermenistan Ve Bati Ermenileri Sorunlari Ara\u015ftirmalar Merkezi","provider_url":"https:\/\/akunq.net\/turkish","author_name":"kalem","author_url":"https:\/\/akunq.net\/turkish\/author\/kalem\/","title":"Ni\u015fanyan \u015eirinceli k\u00f6yl\u00fcleri de yakt\u0131 - Bati Ermenistan Ve Bati Ermenileri Sorunlari Ara\u015ftirmalar Merkezi","type":"rich","width":600,"height":338,"html":"<blockquote class=\"wp-embedded-content\" data-secret=\"FVf9GCGziM\"><a href=\"https:\/\/akunq.net\/turkish\/2010\/09\/14\/nisanyan-sirinceli-koyluleri-de-yakti\/\">Ni\u015fanyan \u015eirinceli k\u00f6yl\u00fcleri de yakt\u0131<\/a><\/blockquote><iframe sandbox=\"allow-scripts\" security=\"restricted\" src=\"https:\/\/akunq.net\/turkish\/2010\/09\/14\/nisanyan-sirinceli-koyluleri-de-yakti\/embed\/#?secret=FVf9GCGziM\" width=\"600\" height=\"338\" title=\"&#8220;Ni\u015fanyan \u015eirinceli k\u00f6yl\u00fcleri de yakt\u0131&#8221; &#8212; Bati Ermenistan Ve Bati Ermenileri Sorunlari Ara\u015ftirmalar Merkezi\" data-secret=\"FVf9GCGziM\" frameborder=\"0\" marginwidth=\"0\" marginheight=\"0\" scrolling=\"no\" class=\"wp-embedded-content\"><\/iframe><script>\n\/*! This file is auto-generated *\/\n!function(d,l){\"use strict\";l.querySelector&&d.addEventListener&&\"undefined\"!=typeof URL&&(d.wp=d.wp||{},d.wp.receiveEmbedMessage||(d.wp.receiveEmbedMessage=function(e){var t=e.data;if((t||t.secret||t.message||t.value)&&!\/[^a-zA-Z0-9]\/.test(t.secret)){for(var s,r,n,a=l.querySelectorAll('iframe[data-secret=\"'+t.secret+'\"]'),o=l.querySelectorAll('blockquote[data-secret=\"'+t.secret+'\"]'),c=new RegExp(\"^https?:$\",\"i\"),i=0;i<o.length;i++)o[i].style.display=\"none\";for(i=0;i<a.length;i++)s=a[i],e.source===s.contentWindow&&(s.removeAttribute(\"style\"),\"height\"===t.message?(1e3<(r=parseInt(t.value,10))?r=1e3:~~r<200&&(r=200),s.height=r):\"link\"===t.message&&(r=new URL(s.getAttribute(\"src\")),n=new URL(t.value),c.test(n.protocol))&&n.host===r.host&&l.activeElement===s&&(d.top.location.href=t.value))}},d.addEventListener(\"message\",d.wp.receiveEmbedMessage,!1),l.addEventListener(\"DOMContentLoaded\",function(){for(var e,t,s=l.querySelectorAll(\"iframe.wp-embedded-content\"),r=0;r<s.length;r++)(t=(e=s[r]).getAttribute(\"data-secret\"))||(t=Math.random().toString(36).substring(2,12),e.src+=\"#?secret=\"+t,e.setAttribute(\"data-secret\",t)),e.contentWindow.postMessage({message:\"ready\",secret:t},\"*\")},!1)))}(window,document);\n\/\/# sourceURL=https:\/\/akunq.net\/turkish\/wp-includes\/js\/wp-embed.min.js\n<\/script>\n","description":"Sevan Ni\u015fanyan\u2019\u0131nkilerle birlikte k\u00f6ydeki b\u00fct\u00fcn y\u0131k\u0131m kararlar\u0131n\u0131n uygulanmas\u0131 talimat\u0131 verildi Sel\u00e7uk\u2019un tarihi ve turistik k\u00f6y\u00fc \u015eirince\u2019de Kaunos\u2019taki kaya mezarlar\u0131n\u0131n \u00f6rne\u011fini yapt\u0131rarak g\u00fcndeme gelen, ka\u00e7ak yap\u0131lar\u0131 hakk\u0131nda y\u0131k\u0131m karar\u0131 alan devlet g\u00f6revlileri ile tart\u0131\u015fan\u00a0Sevan Ni\u015fanyan, tamam\u0131 1. derece arkeolojik\u00a0sit alan\u0131i\u00e7inde kalan k\u00f6yde krize neden oldu.\u00a0\u0130zmir\u00a0Valili\u011fi, \u0130l \u00d6zel \u0130daresi\u2019ne talimat vererek Ni\u015fanyan\u2019a ait y\u0131k\u0131m karar\u0131 verilen 16 [&hellip;]"}