{"version":"1.0","provider_name":"Bati Ermenistan Ve Bati Ermenileri Sorunlari Ara\u015ftirmalar Merkezi","provider_url":"https:\/\/akunq.net\/turkish","author_name":"kalem","author_url":"https:\/\/akunq.net\/turkish\/author\/kalem\/","title":"Arkeolojik kaz\u0131dan 'ho\u015fg\u00f6r\u00fc' \u00e7\u0131kt\u0131 - Bati Ermenistan Ve Bati Ermenileri Sorunlari Ara\u015ftirmalar Merkezi","type":"rich","width":600,"height":338,"html":"<blockquote class=\"wp-embedded-content\" data-secret=\"kYo3lbLDRM\"><a href=\"https:\/\/akunq.net\/turkish\/2010\/09\/01\/arkeolojik-kazidan-hosgoru-cikti\/\">Arkeolojik kaz\u0131dan &#8216;ho\u015fg\u00f6r\u00fc&#8217; \u00e7\u0131kt\u0131<\/a><\/blockquote><iframe sandbox=\"allow-scripts\" security=\"restricted\" src=\"https:\/\/akunq.net\/turkish\/2010\/09\/01\/arkeolojik-kazidan-hosgoru-cikti\/embed\/#?secret=kYo3lbLDRM\" width=\"600\" height=\"338\" title=\"&#8220;Arkeolojik kaz\u0131dan &#8216;ho\u015fg\u00f6r\u00fc&#8217; \u00e7\u0131kt\u0131&#8221; &#8212; Bati Ermenistan Ve Bati Ermenileri Sorunlari Ara\u015ftirmalar Merkezi\" data-secret=\"kYo3lbLDRM\" frameborder=\"0\" marginwidth=\"0\" marginheight=\"0\" scrolling=\"no\" class=\"wp-embedded-content\"><\/iframe><script>\n\/*! This file is auto-generated *\/\n!function(d,l){\"use strict\";l.querySelector&&d.addEventListener&&\"undefined\"!=typeof URL&&(d.wp=d.wp||{},d.wp.receiveEmbedMessage||(d.wp.receiveEmbedMessage=function(e){var t=e.data;if((t||t.secret||t.message||t.value)&&!\/[^a-zA-Z0-9]\/.test(t.secret)){for(var s,r,n,a=l.querySelectorAll('iframe[data-secret=\"'+t.secret+'\"]'),o=l.querySelectorAll('blockquote[data-secret=\"'+t.secret+'\"]'),c=new RegExp(\"^https?:$\",\"i\"),i=0;i<o.length;i++)o[i].style.display=\"none\";for(i=0;i<a.length;i++)s=a[i],e.source===s.contentWindow&&(s.removeAttribute(\"style\"),\"height\"===t.message?(1e3<(r=parseInt(t.value,10))?r=1e3:~~r<200&&(r=200),s.height=r):\"link\"===t.message&&(r=new URL(s.getAttribute(\"src\")),n=new URL(t.value),c.test(n.protocol))&&n.host===r.host&&l.activeElement===s&&(d.top.location.href=t.value))}},d.addEventListener(\"message\",d.wp.receiveEmbedMessage,!1),l.addEventListener(\"DOMContentLoaded\",function(){for(var e,t,s=l.querySelectorAll(\"iframe.wp-embedded-content\"),r=0;r<s.length;r++)(t=(e=s[r]).getAttribute(\"data-secret\"))||(t=Math.random().toString(36).substring(2,12),e.src+=\"#?secret=\"+t,e.setAttribute(\"data-secret\",t)),e.contentWindow.postMessage({message:\"ready\",secret:t},\"*\")},!1)))}(window,document);\n\/\/# sourceURL=https:\/\/akunq.net\/turkish\/wp-includes\/js\/wp-embed.min.js\n<\/script>\n","description":"Van Kalesi&#8217;nin arkas\u0131ndaki eski kent merkezinde yap\u0131lan arkeolojik kaz\u0131larda, 1900&#8217;l\u00fc y\u0131llarda Ermeni ve M\u00fcsl\u00fcman halk\u0131n ortak kulland\u0131\u011f\u0131 yap\u0131lar ortaya \u00e7\u0131kar\u0131ld\u0131. Eski Van \u015fehrinde kaz\u0131 \u00e7al\u0131\u015fmalar\u0131n\u0131 y\u00fcr\u00fcten Y\u00fcz\u00fcnc\u00fc Y\u0131l \u00dcniversitesi Mimarl\u0131k B\u00f6l\u00fcm\u00fc \u00d6\u011fretim \u00dcyesi Yrd. Do\u00e7. Dr. \u015eahabettin \u00d6zt\u00fcrk, bu kaz\u0131 \u00e7al\u0131\u015fmas\u0131n\u0131n b\u00f6lge i\u00e7in b\u00fcy\u00fck \u00f6nem ta\u015f\u0131d\u0131\u011f\u0131n\u0131 s\u00f6yledi. B\u00f6lgenin 1915 y\u0131l\u0131ndan bu yana toprak alt\u0131nda kald\u0131\u011f\u0131n\u0131 [&hellip;]"}