{"version":"1.0","provider_name":"Bati Ermenistan Ve Bati Ermenileri Sorunlari Ara\u015ftirmalar Merkezi","provider_url":"https:\/\/akunq.net\/turkish","author_name":"kalem","author_url":"https:\/\/akunq.net\/turkish\/author\/kalem\/","title":"ALMAN KANALINDAN HRANT D\u0130NK BELGESEL\u0130 - Bati Ermenistan Ve Bati Ermenileri Sorunlari Ara\u015ftirmalar Merkezi","type":"rich","width":600,"height":338,"html":"<blockquote class=\"wp-embedded-content\" data-secret=\"1UVdY7C2NI\"><a href=\"https:\/\/akunq.net\/turkish\/2010\/08\/31\/alman-kanalindan-hrant-dink-belgeseli\/\">ALMAN KANALINDAN HRANT D\u0130NK BELGESEL\u0130<\/a><\/blockquote><iframe sandbox=\"allow-scripts\" security=\"restricted\" src=\"https:\/\/akunq.net\/turkish\/2010\/08\/31\/alman-kanalindan-hrant-dink-belgeseli\/embed\/#?secret=1UVdY7C2NI\" width=\"600\" height=\"338\" title=\"&#8220;ALMAN KANALINDAN HRANT D\u0130NK BELGESEL\u0130&#8221; &#8212; Bati Ermenistan Ve Bati Ermenileri Sorunlari Ara\u015ftirmalar Merkezi\" data-secret=\"1UVdY7C2NI\" frameborder=\"0\" marginwidth=\"0\" marginheight=\"0\" scrolling=\"no\" class=\"wp-embedded-content\"><\/iframe><script>\n\/*! This file is auto-generated *\/\n!function(d,l){\"use strict\";l.querySelector&&d.addEventListener&&\"undefined\"!=typeof URL&&(d.wp=d.wp||{},d.wp.receiveEmbedMessage||(d.wp.receiveEmbedMessage=function(e){var t=e.data;if((t||t.secret||t.message||t.value)&&!\/[^a-zA-Z0-9]\/.test(t.secret)){for(var s,r,n,a=l.querySelectorAll('iframe[data-secret=\"'+t.secret+'\"]'),o=l.querySelectorAll('blockquote[data-secret=\"'+t.secret+'\"]'),c=new RegExp(\"^https?:$\",\"i\"),i=0;i<o.length;i++)o[i].style.display=\"none\";for(i=0;i<a.length;i++)s=a[i],e.source===s.contentWindow&&(s.removeAttribute(\"style\"),\"height\"===t.message?(1e3<(r=parseInt(t.value,10))?r=1e3:~~r<200&&(r=200),s.height=r):\"link\"===t.message&&(r=new URL(s.getAttribute(\"src\")),n=new URL(t.value),c.test(n.protocol))&&n.host===r.host&&l.activeElement===s&&(d.top.location.href=t.value))}},d.addEventListener(\"message\",d.wp.receiveEmbedMessage,!1),l.addEventListener(\"DOMContentLoaded\",function(){for(var e,t,s=l.querySelectorAll(\"iframe.wp-embedded-content\"),r=0;r<s.length;r++)(t=(e=s[r]).getAttribute(\"data-secret\"))||(t=Math.random().toString(36).substring(2,12),e.src+=\"#?secret=\"+t,e.setAttribute(\"data-secret\",t)),e.contentWindow.postMessage({message:\"ready\",secret:t},\"*\")},!1)))}(window,document);\n\/\/# sourceURL=https:\/\/akunq.net\/turkish\/wp-includes\/js\/wp-embed.min.js\n<\/script>\n","description":"Daha bir kez de s\u00f6zde Ermeni soyk\u0131r\u0131m\u0131na ili\u015fkin Belgesel yay\u0131nlayan Alman 1&#8217;inci Devlet Kanal\u0131 ARD&#8217;ye ba\u011fl\u0131 EinsExtra kanal\u0131 Yeni B\u0130R Belgesel yay\u0131nlad\u0131 . EinsExtra kanal\u0131 , Ermeniler&#8217;in k\u00f6kleri antik d\u00fcnyaya uzanan D\u00dcNYANIN en eski uygarl\u0131klar\u0131ndan Biri oldugu belirtildi . Alman kanal\u0131 Ermeniler&#8217;in T\u00fcrkiye&#8217;de 20&#8217;nci Y\u00fczy\u0131l&#8217;\u0131n ba\u015flar\u0131nda soyk\u0131r\u0131ma u\u011frad\u0131 \u0561\u0561 Gini bir s\u00fcrerken 19 Ocak 2007&#8217;de [&hellip;]"}