{"version":"1.0","provider_name":"Bati Ermenistan Ve Bati Ermenileri Sorunlari Ara\u015ftirmalar Merkezi","provider_url":"https:\/\/akunq.net\/turkish","author_name":"kalem","author_url":"https:\/\/akunq.net\/turkish\/author\/kalem\/","title":"Soyk\u0131r\u0131m Kar\u015f\u0131tlar\u0131 Derne\u011fi'nden Duyuru - Bati Ermenistan Ve Bati Ermenileri Sorunlari Ara\u015ftirmalar Merkezi","type":"rich","width":600,"height":338,"html":"<blockquote class=\"wp-embedded-content\" data-secret=\"a4all1bBdH\"><a href=\"https:\/\/akunq.net\/turkish\/2010\/08\/20\/soykirim-karsitlari-derneginden-duyuru\/\">Soyk\u0131r\u0131m Kar\u015f\u0131tlar\u0131 Derne\u011fi&#8217;nden Duyuru<\/a><\/blockquote><iframe sandbox=\"allow-scripts\" security=\"restricted\" src=\"https:\/\/akunq.net\/turkish\/2010\/08\/20\/soykirim-karsitlari-derneginden-duyuru\/embed\/#?secret=a4all1bBdH\" width=\"600\" height=\"338\" title=\"&#8220;Soyk\u0131r\u0131m Kar\u015f\u0131tlar\u0131 Derne\u011fi&#8217;nden Duyuru&#8221; &#8212; Bati Ermenistan Ve Bati Ermenileri Sorunlari Ara\u015ftirmalar Merkezi\" data-secret=\"a4all1bBdH\" frameborder=\"0\" marginwidth=\"0\" marginheight=\"0\" scrolling=\"no\" class=\"wp-embedded-content\"><\/iframe><script>\n\/*! This file is auto-generated *\/\n!function(d,l){\"use strict\";l.querySelector&&d.addEventListener&&\"undefined\"!=typeof URL&&(d.wp=d.wp||{},d.wp.receiveEmbedMessage||(d.wp.receiveEmbedMessage=function(e){var t=e.data;if((t||t.secret||t.message||t.value)&&!\/[^a-zA-Z0-9]\/.test(t.secret)){for(var s,r,n,a=l.querySelectorAll('iframe[data-secret=\"'+t.secret+'\"]'),o=l.querySelectorAll('blockquote[data-secret=\"'+t.secret+'\"]'),c=new RegExp(\"^https?:$\",\"i\"),i=0;i<o.length;i++)o[i].style.display=\"none\";for(i=0;i<a.length;i++)s=a[i],e.source===s.contentWindow&&(s.removeAttribute(\"style\"),\"height\"===t.message?(1e3<(r=parseInt(t.value,10))?r=1e3:~~r<200&&(r=200),s.height=r):\"link\"===t.message&&(r=new URL(s.getAttribute(\"src\")),n=new URL(t.value),c.test(n.protocol))&&n.host===r.host&&l.activeElement===s&&(d.top.location.href=t.value))}},d.addEventListener(\"message\",d.wp.receiveEmbedMessage,!1),l.addEventListener(\"DOMContentLoaded\",function(){for(var e,t,s=l.querySelectorAll(\"iframe.wp-embedded-content\"),r=0;r<s.length;r++)(t=(e=s[r]).getAttribute(\"data-secret\"))||(t=Math.random().toString(36).substring(2,12),e.src+=\"#?secret=\"+t,e.setAttribute(\"data-secret\",t)),e.contentWindow.postMessage({message:\"ready\",secret:t},\"*\")},!1)))}(window,document);\n\/\/# sourceURL=https:\/\/akunq.net\/turkish\/wp-includes\/js\/wp-embed.min.js\n<\/script>\n","description":"De\u011ferli Dostlar, \u00c7o\u011fumuzun yak\u0131ndan tan\u0131d\u0131\u011f\u0131, tan\u0131nm\u0131\u015f insan haklar\u0131 savunucusu yazar Do\u011fan Akhanl\u0131, 18 y\u0131ld\u0131r ayr\u0131 kald\u0131\u011f\u0131 anne ve babas\u0131n\u0131, karde\u015flerini, dost ve akrabalar\u0131n\u0131 ziyaret etmek i\u00e7in gitti\u011fi T\u00fcrkiye\u2019de hava alan\u0131na iner inmez g\u00f6zalt\u0131na al\u0131nd\u0131. Gerekli hukuki giri\u015fimlerin yap\u0131lm\u0131\u015f olmas\u0131na ra\u011fmen hen\u00fcz mahkemeye \u00e7\u0131kar\u0131lmad\u0131. Ald\u0131\u011f\u0131m\u0131z bilgilere g\u00f6re g\u00f6zalt\u0131 gerek\u00e7esinin Do\u011fan\u2019\u0131 tutuklamak i\u00e7in yeterli sebep olmad\u0131\u011f\u0131 do\u011frultusunda. [&hellip;]"}