{"version":"1.0","provider_name":"Bati Ermenistan Ve Bati Ermenileri Sorunlari Ara\u015ftirmalar Merkezi","provider_url":"https:\/\/akunq.net\/turkish","author_name":"kalem","author_url":"https:\/\/akunq.net\/turkish\/author\/kalem\/","title":"Melih G\u00f6k\u00e7ek: K\u0131l\u0131\u00e7daro\u011flu \u015feffaf davranm\u0131yor - Bati Ermenistan Ve Bati Ermenileri Sorunlari Ara\u015ftirmalar Merkezi","type":"rich","width":600,"height":338,"html":"<blockquote class=\"wp-embedded-content\" data-secret=\"ODq1UYWMXy\"><a href=\"https:\/\/akunq.net\/turkish\/2010\/08\/14\/melih-gokcek-kilicdaroglu-seffaf-davranmiyor\/\">Melih G\u00f6k\u00e7ek: K\u0131l\u0131\u00e7daro\u011flu \u015feffaf davranm\u0131yor<\/a><\/blockquote><iframe sandbox=\"allow-scripts\" security=\"restricted\" src=\"https:\/\/akunq.net\/turkish\/2010\/08\/14\/melih-gokcek-kilicdaroglu-seffaf-davranmiyor\/embed\/#?secret=ODq1UYWMXy\" width=\"600\" height=\"338\" title=\"&#8220;Melih G\u00f6k\u00e7ek: K\u0131l\u0131\u00e7daro\u011flu \u015feffaf davranm\u0131yor&#8221; &#8212; Bati Ermenistan Ve Bati Ermenileri Sorunlari Ara\u015ftirmalar Merkezi\" data-secret=\"ODq1UYWMXy\" frameborder=\"0\" marginwidth=\"0\" marginheight=\"0\" scrolling=\"no\" class=\"wp-embedded-content\"><\/iframe><script>\n\/*! This file is auto-generated *\/\n!function(d,l){\"use strict\";l.querySelector&&d.addEventListener&&\"undefined\"!=typeof URL&&(d.wp=d.wp||{},d.wp.receiveEmbedMessage||(d.wp.receiveEmbedMessage=function(e){var t=e.data;if((t||t.secret||t.message||t.value)&&!\/[^a-zA-Z0-9]\/.test(t.secret)){for(var s,r,n,a=l.querySelectorAll('iframe[data-secret=\"'+t.secret+'\"]'),o=l.querySelectorAll('blockquote[data-secret=\"'+t.secret+'\"]'),c=new RegExp(\"^https?:$\",\"i\"),i=0;i<o.length;i++)o[i].style.display=\"none\";for(i=0;i<a.length;i++)s=a[i],e.source===s.contentWindow&&(s.removeAttribute(\"style\"),\"height\"===t.message?(1e3<(r=parseInt(t.value,10))?r=1e3:~~r<200&&(r=200),s.height=r):\"link\"===t.message&&(r=new URL(s.getAttribute(\"src\")),n=new URL(t.value),c.test(n.protocol))&&n.host===r.host&&l.activeElement===s&&(d.top.location.href=t.value))}},d.addEventListener(\"message\",d.wp.receiveEmbedMessage,!1),l.addEventListener(\"DOMContentLoaded\",function(){for(var e,t,s=l.querySelectorAll(\"iframe.wp-embedded-content\"),r=0;r<s.length;r++)(t=(e=s[r]).getAttribute(\"data-secret\"))||(t=Math.random().toString(36).substring(2,12),e.src+=\"#?secret=\"+t,e.setAttribute(\"data-secret\",t)),e.contentWindow.postMessage({message:\"ready\",secret:t},\"*\")},!1)))}(window,document);\n\/\/# sourceURL=https:\/\/akunq.net\/turkish\/wp-includes\/js\/wp-embed.min.js\n<\/script>\n","description":"T\u00fcrkiye i\u00e7 politik m\u00fccadelesinde yap\u0131lan millet ayr\u0131m\u0131 ve ba\u015fka etnik mensuplar\u0131n\u0131n milliyet\u00e7ili\u011fe hedef g\u00f6sterilmeleri, \u00e7oktan beri siyasal k\u00fclt\u00fcrel \u00f6zelli\u011fe d\u00f6n\u00fc\u015fm\u0131\u011ft\u0131r \u00e7\u00fcnk\u00fc bunun i\u00e7in \u00a0milliyet\u00e7ilikle zehirlenmi\u015f olan yo\u011fun kitlelerde haz\u0131r zemin var. Benzer bir olay\u0131 \u201cZaman\u201d gazetesinden ald\u0131\u011f\u0131m\u0131z \u015fu haberde g\u00f6rebiliriz. &#8220;Ankara B\u00fcy\u00fck\u015fehir Belediye Ba\u015fkan\u0131 Melih G\u00f6k\u00e7ek CHP Genel Ba\u015fkan\u0131 Kemal K\u0131l\u0131\u00e7daro\u011flu&#8217;nun Alevi, annesinin de etnik [&hellip;]"}