{"version":"1.0","provider_name":"Bati Ermenistan Ve Bati Ermenileri Sorunlari Ara\u015ftirmalar Merkezi","provider_url":"https:\/\/akunq.net\/turkish","author_name":"kalem","author_url":"https:\/\/akunq.net\/turkish\/author\/kalem\/","title":"Mark Geragos: \"T\u00fcrkler kafalar\u0131n\u0131 kumdan \u00e7\u0131kars\u0131n\" - Bati Ermenistan Ve Bati Ermenileri Sorunlari Ara\u015ftirmalar Merkezi","type":"rich","width":600,"height":338,"html":"<blockquote class=\"wp-embedded-content\" data-secret=\"fxCtYobTq7\"><a href=\"https:\/\/akunq.net\/turkish\/2010\/08\/12\/mark-geragos-turkler-kafalarini-kumdan-cikarsin\/\">Mark Geragos: &#8220;T\u00fcrkler kafalar\u0131n\u0131 kumdan \u00e7\u0131kars\u0131n&#8221;<\/a><\/blockquote><iframe sandbox=\"allow-scripts\" security=\"restricted\" src=\"https:\/\/akunq.net\/turkish\/2010\/08\/12\/mark-geragos-turkler-kafalarini-kumdan-cikarsin\/embed\/#?secret=fxCtYobTq7\" width=\"600\" height=\"338\" title=\"&#8220;Mark Geragos: &#8220;T\u00fcrkler kafalar\u0131n\u0131 kumdan \u00e7\u0131kars\u0131n&#8221;&#8221; &#8212; Bati Ermenistan Ve Bati Ermenileri Sorunlari Ara\u015ftirmalar Merkezi\" data-secret=\"fxCtYobTq7\" frameborder=\"0\" marginwidth=\"0\" marginheight=\"0\" scrolling=\"no\" class=\"wp-embedded-content\"><\/iframe><script>\n\/*! This file is auto-generated *\/\n!function(d,l){\"use strict\";l.querySelector&&d.addEventListener&&\"undefined\"!=typeof URL&&(d.wp=d.wp||{},d.wp.receiveEmbedMessage||(d.wp.receiveEmbedMessage=function(e){var t=e.data;if((t||t.secret||t.message||t.value)&&!\/[^a-zA-Z0-9]\/.test(t.secret)){for(var s,r,n,a=l.querySelectorAll('iframe[data-secret=\"'+t.secret+'\"]'),o=l.querySelectorAll('blockquote[data-secret=\"'+t.secret+'\"]'),c=new RegExp(\"^https?:$\",\"i\"),i=0;i<o.length;i++)o[i].style.display=\"none\";for(i=0;i<a.length;i++)s=a[i],e.source===s.contentWindow&&(s.removeAttribute(\"style\"),\"height\"===t.message?(1e3<(r=parseInt(t.value,10))?r=1e3:~~r<200&&(r=200),s.height=r):\"link\"===t.message&&(r=new URL(s.getAttribute(\"src\")),n=new URL(t.value),c.test(n.protocol))&&n.host===r.host&&l.activeElement===s&&(d.top.location.href=t.value))}},d.addEventListener(\"message\",d.wp.receiveEmbedMessage,!1),l.addEventListener(\"DOMContentLoaded\",function(){for(var e,t,s=l.querySelectorAll(\"iframe.wp-embedded-content\"),r=0;r<s.length;r++)(t=(e=s[r]).getAttribute(\"data-secret\"))||(t=Math.random().toString(36).substring(2,12),e.src+=\"#?secret=\"+t,e.setAttribute(\"data-secret\",t)),e.contentWindow.postMessage({message:\"ready\",secret:t},\"*\")},!1)))}(window,document);\n\/\/# sourceURL=https:\/\/akunq.net\/turkish\/wp-includes\/js\/wp-embed.min.js\n<\/script>\n","description":"Ermeni Soyk\u0131r\u0131m\u0131&#8217;n\u0131n \u015fehitlerinin varisleri ad\u0131na T\u00fcrkiye aleyhine ABD\u2019de dava a\u00e7an avukat Mark Geragos Los Angeles Times gazetesine r\u00f6portaj verdi. Geragos, \u201cOlaylar\u0131n \u00fczerinden neredeyse bir as\u0131r ge\u00e7tikten sonra neden \u015fimdi dava a\u00e7t\u0131n\u0131z?\u201d sorusuna, \u201cElimize yeni belgeler ge\u00e7ti ve baz\u0131 bilgiler ortaya \u00e7\u0131kt\u0131. Stratejik nedenlerle bunlar\u0131 \u015fu anda payla\u015famam, ama 180 g\u00fcn i\u00e7inde \u00f6\u011freneceksiniz\u201d dedi. Milliyet&#8217;in bildirdi\u011fine [&hellip;]"}