{"version":"1.0","provider_name":"Bati Ermenistan Ve Bati Ermenileri Sorunlari Ara\u015ftirmalar Merkezi","provider_url":"https:\/\/akunq.net\/turkish","author_name":"kalem","author_url":"https:\/\/akunq.net\/turkish\/author\/kalem\/","title":"Tarihi kilise yaz\u0131 tahtas\u0131na d\u00f6nd\u00fc - Bati Ermenistan Ve Bati Ermenileri Sorunlari Ara\u015ftirmalar Merkezi","type":"rich","width":600,"height":338,"html":"<blockquote class=\"wp-embedded-content\" data-secret=\"Lu2BfjTlE7\"><a href=\"https:\/\/akunq.net\/turkish\/2010\/08\/03\/tarihi-kilise-yazi-tahtasina-dondu\/\">Tarihi kilise yaz\u0131 tahtas\u0131na d\u00f6nd\u00fc<\/a><\/blockquote><iframe sandbox=\"allow-scripts\" security=\"restricted\" src=\"https:\/\/akunq.net\/turkish\/2010\/08\/03\/tarihi-kilise-yazi-tahtasina-dondu\/embed\/#?secret=Lu2BfjTlE7\" width=\"600\" height=\"338\" title=\"&#8220;Tarihi kilise yaz\u0131 tahtas\u0131na d\u00f6nd\u00fc&#8221; &#8212; Bati Ermenistan Ve Bati Ermenileri Sorunlari Ara\u015ftirmalar Merkezi\" data-secret=\"Lu2BfjTlE7\" frameborder=\"0\" marginwidth=\"0\" marginheight=\"0\" scrolling=\"no\" class=\"wp-embedded-content\"><\/iframe><script>\n\/*! This file is auto-generated *\/\n!function(d,l){\"use strict\";l.querySelector&&d.addEventListener&&\"undefined\"!=typeof URL&&(d.wp=d.wp||{},d.wp.receiveEmbedMessage||(d.wp.receiveEmbedMessage=function(e){var t=e.data;if((t||t.secret||t.message||t.value)&&!\/[^a-zA-Z0-9]\/.test(t.secret)){for(var s,r,n,a=l.querySelectorAll('iframe[data-secret=\"'+t.secret+'\"]'),o=l.querySelectorAll('blockquote[data-secret=\"'+t.secret+'\"]'),c=new RegExp(\"^https?:$\",\"i\"),i=0;i<o.length;i++)o[i].style.display=\"none\";for(i=0;i<a.length;i++)s=a[i],e.source===s.contentWindow&&(s.removeAttribute(\"style\"),\"height\"===t.message?(1e3<(r=parseInt(t.value,10))?r=1e3:~~r<200&&(r=200),s.height=r):\"link\"===t.message&&(r=new URL(s.getAttribute(\"src\")),n=new URL(t.value),c.test(n.protocol))&&n.host===r.host&&l.activeElement===s&&(d.top.location.href=t.value))}},d.addEventListener(\"message\",d.wp.receiveEmbedMessage,!1),l.addEventListener(\"DOMContentLoaded\",function(){for(var e,t,s=l.querySelectorAll(\"iframe.wp-embedded-content\"),r=0;r<s.length;r++)(t=(e=s[r]).getAttribute(\"data-secret\"))||(t=Math.random().toString(36).substring(2,12),e.src+=\"#?secret=\"+t,e.setAttribute(\"data-secret\",t)),e.contentWindow.postMessage({message:\"ready\",secret:t},\"*\")},!1)))}(window,document);\n\/\/# sourceURL=https:\/\/akunq.net\/turkish\/wp-includes\/js\/wp-embed.min.js\n<\/script>\n","description":"Van G\u00f6l\u00fc&#8217;n\u00fcn kuzeydo\u011fusunda yer alan ada ile ayn\u0131 ad\u0131 ta\u015f\u0131yan tarihi \u00c7arpanak Kilisesi a\u015f\u0131klar\u0131n yaz\u0131 tahtas\u0131 oldu. Kiliseyi ziyarete giden yerli turistler, g\u00f6rd\u00fckleri manzara kar\u015f\u0131s\u0131nda tepki g\u00f6sterdiler. \u00c7it\u00f6ren k\u00f6y\u00fc yak\u0131nlar\u0131nda bulunan \u00c7arpanak Kilisesi&#8217;nin i\u00e7 ve d\u0131\u015f duvarlar\u0131na, baz\u0131 sorumsuz \u015fah\u0131slar taraf\u0131ndan \u00e7e\u015fitli renklerde yaz\u0131lan say\u0131lar, a\u015fk kelimeleri ve isimler g\u00f6renlerin tepkisine neden oluyor. \u00d6zellikle hafta [&hellip;]","thumbnail_url":"https:\/\/akunq.net\/turkish\/wp-content\/uploads\/sites\/5\/2010\/08\/Ktuc.jpg","thumbnail_width":260,"thumbnail_height":198}