{"version":"1.0","provider_name":"Bati Ermenistan Ve Bati Ermenileri Sorunlari Ara\u015ftirmalar Merkezi","provider_url":"https:\/\/akunq.net\/turkish","author_name":"kalem","author_url":"https:\/\/akunq.net\/turkish\/author\/kalem\/","title":"Nehirden su yerine kan ak\u0131yordu - Bati Ermenistan Ve Bati Ermenileri Sorunlari Ara\u015ftirmalar Merkezi","type":"rich","width":600,"height":338,"html":"<blockquote class=\"wp-embedded-content\" data-secret=\"88GlK4oIRT\"><a href=\"https:\/\/akunq.net\/turkish\/2010\/08\/02\/nehirden-su-yerine-kan-akiyordu\/\">Nehirden su yerine kan ak\u0131yordu<\/a><\/blockquote><iframe sandbox=\"allow-scripts\" security=\"restricted\" src=\"https:\/\/akunq.net\/turkish\/2010\/08\/02\/nehirden-su-yerine-kan-akiyordu\/embed\/#?secret=88GlK4oIRT\" width=\"600\" height=\"338\" title=\"&#8220;Nehirden su yerine kan ak\u0131yordu&#8221; &#8212; Bati Ermenistan Ve Bati Ermenileri Sorunlari Ara\u015ftirmalar Merkezi\" data-secret=\"88GlK4oIRT\" frameborder=\"0\" marginwidth=\"0\" marginheight=\"0\" scrolling=\"no\" class=\"wp-embedded-content\"><\/iframe><script>\n\/*! This file is auto-generated *\/\n!function(d,l){\"use strict\";l.querySelector&&d.addEventListener&&\"undefined\"!=typeof URL&&(d.wp=d.wp||{},d.wp.receiveEmbedMessage||(d.wp.receiveEmbedMessage=function(e){var t=e.data;if((t||t.secret||t.message||t.value)&&!\/[^a-zA-Z0-9]\/.test(t.secret)){for(var s,r,n,a=l.querySelectorAll('iframe[data-secret=\"'+t.secret+'\"]'),o=l.querySelectorAll('blockquote[data-secret=\"'+t.secret+'\"]'),c=new RegExp(\"^https?:$\",\"i\"),i=0;i<o.length;i++)o[i].style.display=\"none\";for(i=0;i<a.length;i++)s=a[i],e.source===s.contentWindow&&(s.removeAttribute(\"style\"),\"height\"===t.message?(1e3<(r=parseInt(t.value,10))?r=1e3:~~r<200&&(r=200),s.height=r):\"link\"===t.message&&(r=new URL(s.getAttribute(\"src\")),n=new URL(t.value),c.test(n.protocol))&&n.host===r.host&&l.activeElement===s&&(d.top.location.href=t.value))}},d.addEventListener(\"message\",d.wp.receiveEmbedMessage,!1),l.addEventListener(\"DOMContentLoaded\",function(){for(var e,t,s=l.querySelectorAll(\"iframe.wp-embedded-content\"),r=0;r<s.length;r++)(t=(e=s[r]).getAttribute(\"data-secret\"))||(t=Math.random().toString(36).substring(2,12),e.src+=\"#?secret=\"+t,e.setAttribute(\"data-secret\",t)),e.contentWindow.postMessage({message:\"ready\",secret:t},\"*\")},!1)))}(window,document);\n\/\/# sourceURL=https:\/\/akunq.net\/turkish\/wp-includes\/js\/wp-embed.min.js\n<\/script>\n","description":"Agos Ermeni tehcirine direnen Konya ve Halep Valisi Celal Bey\u2019in an\u0131lar\u0131n\u0131 yay\u0131mlad\u0131: \u201cNehirden su yerine kan ak\u0131yor, binlerce \u00e7ocuk, kabahatsiz ihtiyar, aciz kad\u0131n, bu kan ak\u0131nt\u0131s\u0131 i\u00e7inde hi\u00e7li\u011fe do\u011fru ak\u0131p gidiyordu\u201d.Agos gazetesi Ermenilerin tehcir edildi\u011fi ve katliama u\u011frad\u0131\u011f\u0131 1915 y\u0131l\u0131nda Konya ve Halep\u2019te valilik yapan Celal Bey\u2019in an\u0131lar\u0131n\u0131 yay\u0131mlad\u0131. Gazetenin Genel Yay\u0131n Y\u00f6netmeni Rober Kopta\u015f\u2019\u0131n [&hellip;]"}