{"version":"1.0","provider_name":"Bati Ermenistan Ve Bati Ermenileri Sorunlari Ara\u015ftirmalar Merkezi","provider_url":"https:\/\/akunq.net\/turkish","author_name":"kalem","author_url":"https:\/\/akunq.net\/turkish\/author\/kalem\/","title":"Orhan Pamuk'un \"Kar\" roman\u0131 film olabilecek - Bati Ermenistan Ve Bati Ermenileri Sorunlari Ara\u015ftirmalar Merkezi","type":"rich","width":600,"height":338,"html":"<blockquote class=\"wp-embedded-content\" data-secret=\"3szJLvk40U\"><a href=\"https:\/\/akunq.net\/turkish\/2010\/07\/31\/orhan-pamukun-kar-romani-film-olabilecek\/\">Orhan Pamuk&#8217;un &#8220;Kar&#8221; roman\u0131 film olabilecek<\/a><\/blockquote><iframe sandbox=\"allow-scripts\" security=\"restricted\" src=\"https:\/\/akunq.net\/turkish\/2010\/07\/31\/orhan-pamukun-kar-romani-film-olabilecek\/embed\/#?secret=3szJLvk40U\" width=\"600\" height=\"338\" title=\"&#8220;Orhan Pamuk&#8217;un &#8220;Kar&#8221; roman\u0131 film olabilecek&#8221; &#8212; Bati Ermenistan Ve Bati Ermenileri Sorunlari Ara\u015ftirmalar Merkezi\" data-secret=\"3szJLvk40U\" frameborder=\"0\" marginwidth=\"0\" marginheight=\"0\" scrolling=\"no\" class=\"wp-embedded-content\"><\/iframe><script>\n\/*! This file is auto-generated *\/\n!function(d,l){\"use strict\";l.querySelector&&d.addEventListener&&\"undefined\"!=typeof URL&&(d.wp=d.wp||{},d.wp.receiveEmbedMessage||(d.wp.receiveEmbedMessage=function(e){var t=e.data;if((t||t.secret||t.message||t.value)&&!\/[^a-zA-Z0-9]\/.test(t.secret)){for(var s,r,n,a=l.querySelectorAll('iframe[data-secret=\"'+t.secret+'\"]'),o=l.querySelectorAll('blockquote[data-secret=\"'+t.secret+'\"]'),c=new RegExp(\"^https?:$\",\"i\"),i=0;i<o.length;i++)o[i].style.display=\"none\";for(i=0;i<a.length;i++)s=a[i],e.source===s.contentWindow&&(s.removeAttribute(\"style\"),\"height\"===t.message?(1e3<(r=parseInt(t.value,10))?r=1e3:~~r<200&&(r=200),s.height=r):\"link\"===t.message&&(r=new URL(s.getAttribute(\"src\")),n=new URL(t.value),c.test(n.protocol))&&n.host===r.host&&l.activeElement===s&&(d.top.location.href=t.value))}},d.addEventListener(\"message\",d.wp.receiveEmbedMessage,!1),l.addEventListener(\"DOMContentLoaded\",function(){for(var e,t,s=l.querySelectorAll(\"iframe.wp-embedded-content\"),r=0;r<s.length;r++)(t=(e=s[r]).getAttribute(\"data-secret\"))||(t=Math.random().toString(36).substring(2,12),e.src+=\"#?secret=\"+t,e.setAttribute(\"data-secret\",t)),e.contentWindow.postMessage({message:\"ready\",secret:t},\"*\")},!1)))}(window,document);\n\/\/# sourceURL=https:\/\/akunq.net\/turkish\/wp-includes\/js\/wp-embed.min.js\n<\/script>\n","description":"Ermeni k\u00f6kenli Kanadal\u0131 y\u00f6netmen Atom Egoyan, Nobel \u00d6d\u00fcll\u00fc T\u00fcrk yazar Orhan Pamuk&#8217;un &#8220;Kar&#8221; roman\u0131 motifleriyle bir film \u00e7ekmek istedi\u011fini a\u00e7\u0131klad\u0131. Daily News &amp; Economic Review gazetesine verdi\u011fi m\u00fclakatta Atom Egoyan, T\u00fcrkiye&#8217;de T\u00fcrk y\u00f6netmenleriyle ortak bir film \u00e7ekebileceklerini a\u00e7\u0131klayarak &#8220;Bunun diyalo\u011fa y\u00f6nelik bir ad\u0131m olaca\u011f\u0131n\u0131&#8221; da vurgulad\u0131. Ermeni Soyk\u0131r\u0131m\u0131 konusunu de\u011ferlendiren Egoyan, Ermeni ve T\u00fcrk toplumlar\u0131n\u0131n [&hellip;]"}