{"version":"1.0","provider_name":"Bati Ermenistan Ve Bati Ermenileri Sorunlari Ara\u015ftirmalar Merkezi","provider_url":"https:\/\/akunq.net\/turkish","author_name":"kalem","author_url":"https:\/\/akunq.net\/turkish\/author\/kalem\/","title":"Az\u0131nl\u0131k okullar\u0131 kay\u0131t komisyonu kald\u0131r\u0131ld\u0131 - Bati Ermenistan Ve Bati Ermenileri Sorunlari Ara\u015ftirmalar Merkezi","type":"rich","width":600,"height":338,"html":"<blockquote class=\"wp-embedded-content\" data-secret=\"rPBcsyT7iy\"><a href=\"https:\/\/akunq.net\/turkish\/2010\/07\/27\/azinlik-okullari-kayit-komisyonu-kaldirildi\/\">Az\u0131nl\u0131k okullar\u0131 kay\u0131t komisyonu kald\u0131r\u0131ld\u0131<\/a><\/blockquote><iframe sandbox=\"allow-scripts\" security=\"restricted\" src=\"https:\/\/akunq.net\/turkish\/2010\/07\/27\/azinlik-okullari-kayit-komisyonu-kaldirildi\/embed\/#?secret=rPBcsyT7iy\" width=\"600\" height=\"338\" title=\"&#8220;Az\u0131nl\u0131k okullar\u0131 kay\u0131t komisyonu kald\u0131r\u0131ld\u0131&#8221; &#8212; Bati Ermenistan Ve Bati Ermenileri Sorunlari Ara\u015ftirmalar Merkezi\" data-secret=\"rPBcsyT7iy\" frameborder=\"0\" marginwidth=\"0\" marginheight=\"0\" scrolling=\"no\" class=\"wp-embedded-content\"><\/iframe><script>\n\/*! This file is auto-generated *\/\n!function(d,l){\"use strict\";l.querySelector&&d.addEventListener&&\"undefined\"!=typeof URL&&(d.wp=d.wp||{},d.wp.receiveEmbedMessage||(d.wp.receiveEmbedMessage=function(e){var t=e.data;if((t||t.secret||t.message||t.value)&&!\/[^a-zA-Z0-9]\/.test(t.secret)){for(var s,r,n,a=l.querySelectorAll('iframe[data-secret=\"'+t.secret+'\"]'),o=l.querySelectorAll('blockquote[data-secret=\"'+t.secret+'\"]'),c=new RegExp(\"^https?:$\",\"i\"),i=0;i<o.length;i++)o[i].style.display=\"none\";for(i=0;i<a.length;i++)s=a[i],e.source===s.contentWindow&&(s.removeAttribute(\"style\"),\"height\"===t.message?(1e3<(r=parseInt(t.value,10))?r=1e3:~~r<200&&(r=200),s.height=r):\"link\"===t.message&&(r=new URL(s.getAttribute(\"src\")),n=new URL(t.value),c.test(n.protocol))&&n.host===r.host&&l.activeElement===s&&(d.top.location.href=t.value))}},d.addEventListener(\"message\",d.wp.receiveEmbedMessage,!1),l.addEventListener(\"DOMContentLoaded\",function(){for(var e,t,s=l.querySelectorAll(\"iframe.wp-embedded-content\"),r=0;r<s.length;r++)(t=(e=s[r]).getAttribute(\"data-secret\"))||(t=Math.random().toString(36).substring(2,12),e.src+=\"#?secret=\"+t,e.setAttribute(\"data-secret\",t)),e.contentWindow.postMessage({message:\"ready\",secret:t},\"*\")},!1)))}(window,document);\n\/\/# sourceURL=https:\/\/akunq.net\/turkish\/wp-includes\/js\/wp-embed.min.js\n<\/script>\n","description":"Y\u0131llard\u0131r \u0130stanbul Valili\u011fi b\u00fcnyesinde faaliyet g\u00f6steren ve \u00f6\u011frencilerin kay\u0131tlar\u0131n\u0131 alan Az\u0131nl\u0131k Okullar\u0131 Kay\u0131t Kabul Komisyonu, tarihe kar\u0131\u015ft\u0131. Az\u0131nl\u0131k okullar\u0131nda e\u011fitim ve \u00f6\u011fretim almak isteyen \u00f6\u011frencilerin kay\u0131t i\u015flemleri art\u0131k istedikleri okullarda, okul y\u00f6netimi taraf\u0131ndan al\u0131nabilecek. \u0130stanbul \u0130l Milli E\u011fitim M\u00fcd\u00fcr\u00fc Dr. Muammer Y\u0131ld\u0131z&#8217;\u0131n imzas\u0131yla yay\u0131mlanan, &#8216;\u00d6zel Az\u0131nl\u0131k Okullar\u0131na \u00d6\u011frenci Kabul Kay\u0131t ve Nakil \u0130\u015flemleri&#8217; konulu yaz\u0131s\u0131, [&hellip;]"}