{"version":"1.0","provider_name":"Bati Ermenistan Ve Bati Ermenileri Sorunlari Ara\u015ftirmalar Merkezi","provider_url":"https:\/\/akunq.net\/turkish","author_name":"kalem","author_url":"https:\/\/akunq.net\/turkish\/author\/kalem\/","title":"Ermeni patri\u011fine jest - Bati Ermenistan Ve Bati Ermenileri Sorunlari Ara\u015ftirmalar Merkezi","type":"rich","width":600,"height":338,"html":"<blockquote class=\"wp-embedded-content\" data-secret=\"9Wczv2ZKuN\"><a href=\"https:\/\/akunq.net\/turkish\/2010\/07\/26\/ermeni-patrigine-jest\/\">Ermeni patri\u011fine jest<\/a><\/blockquote><iframe sandbox=\"allow-scripts\" security=\"restricted\" src=\"https:\/\/akunq.net\/turkish\/2010\/07\/26\/ermeni-patrigine-jest\/embed\/#?secret=9Wczv2ZKuN\" width=\"600\" height=\"338\" title=\"&#8220;Ermeni patri\u011fine jest&#8221; &#8212; Bati Ermenistan Ve Bati Ermenileri Sorunlari Ara\u015ftirmalar Merkezi\" data-secret=\"9Wczv2ZKuN\" frameborder=\"0\" marginwidth=\"0\" marginheight=\"0\" scrolling=\"no\" class=\"wp-embedded-content\"><\/iframe><script>\n\/*! This file is auto-generated *\/\n!function(d,l){\"use strict\";l.querySelector&&d.addEventListener&&\"undefined\"!=typeof URL&&(d.wp=d.wp||{},d.wp.receiveEmbedMessage||(d.wp.receiveEmbedMessage=function(e){var t=e.data;if((t||t.secret||t.message||t.value)&&!\/[^a-zA-Z0-9]\/.test(t.secret)){for(var s,r,n,a=l.querySelectorAll('iframe[data-secret=\"'+t.secret+'\"]'),o=l.querySelectorAll('blockquote[data-secret=\"'+t.secret+'\"]'),c=new RegExp(\"^https?:$\",\"i\"),i=0;i<o.length;i++)o[i].style.display=\"none\";for(i=0;i<a.length;i++)s=a[i],e.source===s.contentWindow&&(s.removeAttribute(\"style\"),\"height\"===t.message?(1e3<(r=parseInt(t.value,10))?r=1e3:~~r<200&&(r=200),s.height=r):\"link\"===t.message&&(r=new URL(s.getAttribute(\"src\")),n=new URL(t.value),c.test(n.protocol))&&n.host===r.host&&l.activeElement===s&&(d.top.location.href=t.value))}},d.addEventListener(\"message\",d.wp.receiveEmbedMessage,!1),l.addEventListener(\"DOMContentLoaded\",function(){for(var e,t,s=l.querySelectorAll(\"iframe.wp-embedded-content\"),r=0;r<s.length;r++)(t=(e=s[r]).getAttribute(\"data-secret\"))||(t=Math.random().toString(36).substring(2,12),e.src+=\"#?secret=\"+t,e.setAttribute(\"data-secret\",t)),e.contentWindow.postMessage({message:\"ready\",secret:t},\"*\")},!1)))}(window,document);\n\/\/# sourceURL=https:\/\/akunq.net\/turkish\/wp-includes\/js\/wp-embed.min.js\n<\/script>\n","description":"\u00a0Egemen Ba\u011f\u0131\u015f&#8217;tan Mutafyan&#8217;a te\u015fekk\u00fcr \u00a0Ba\u011f\u0131\u015f, Patrik Mutafyan\u2019\u0131n T\u00fcrkiye\u2019nin AB s\u00fcrecine b\u00fcy\u00fck destek verdi\u011fini s\u00f6yledi. Ba\u015fm\u00fczakereci Ba\u011f\u0131\u015f ileri derecede hasta olan Patrik Mutafyan\u2019a ge\u00e7mi\u015f olsun ziyaretinde bulundu. Ba\u011f\u0131\u015f, Patrik Mutafyan\u2019\u0131n T\u00fcrkiye\u2019nin AB s\u00fcrecine b\u00fcy\u00fck destek verdi\u011fini s\u00f6yledi DEVLET Bakan\u0131 ve Ba\u015fm\u00fczakereci Egemen Ba\u011f\u0131\u015f d\u00fcn Kumkap\u0131\u2019da bulunan T\u00fcrkiye Ermenileri Patrikli\u011fi\u2019ni ziyaret ederek ileri derecede \u2018Frontotemporal Demans\u2019 Alzheimer [&hellip;]"}