{"version":"1.0","provider_name":"Bati Ermenistan Ve Bati Ermenileri Sorunlari Ara\u015ftirmalar Merkezi","provider_url":"https:\/\/akunq.net\/turkish","author_name":"kalem","author_url":"https:\/\/akunq.net\/turkish\/author\/kalem\/","title":"Dersimli Ermeniler kimliklerine sahip \u00e7\u0131k\u0131yor - Bati Ermenistan Ve Bati Ermenileri Sorunlari Ara\u015ftirmalar Merkezi","type":"rich","width":600,"height":338,"html":"<blockquote class=\"wp-embedded-content\" data-secret=\"qnOaubtM9G\"><a href=\"https:\/\/akunq.net\/turkish\/2010\/07\/24\/dersimli-ermeniler-kimliklerine-sahip-cikiyor\/\">Dersimli Ermeniler kimliklerine sahip \u00e7\u0131k\u0131yor<\/a><\/blockquote><iframe sandbox=\"allow-scripts\" security=\"restricted\" src=\"https:\/\/akunq.net\/turkish\/2010\/07\/24\/dersimli-ermeniler-kimliklerine-sahip-cikiyor\/embed\/#?secret=qnOaubtM9G\" width=\"600\" height=\"338\" title=\"&#8220;Dersimli Ermeniler kimliklerine sahip \u00e7\u0131k\u0131yor&#8221; &#8212; Bati Ermenistan Ve Bati Ermenileri Sorunlari Ara\u015ftirmalar Merkezi\" data-secret=\"qnOaubtM9G\" frameborder=\"0\" marginwidth=\"0\" marginheight=\"0\" scrolling=\"no\" class=\"wp-embedded-content\"><\/iframe><script>\n\/*! This file is auto-generated *\/\n!function(d,l){\"use strict\";l.querySelector&&d.addEventListener&&\"undefined\"!=typeof URL&&(d.wp=d.wp||{},d.wp.receiveEmbedMessage||(d.wp.receiveEmbedMessage=function(e){var t=e.data;if((t||t.secret||t.message||t.value)&&!\/[^a-zA-Z0-9]\/.test(t.secret)){for(var s,r,n,a=l.querySelectorAll('iframe[data-secret=\"'+t.secret+'\"]'),o=l.querySelectorAll('blockquote[data-secret=\"'+t.secret+'\"]'),c=new RegExp(\"^https?:$\",\"i\"),i=0;i<o.length;i++)o[i].style.display=\"none\";for(i=0;i<a.length;i++)s=a[i],e.source===s.contentWindow&&(s.removeAttribute(\"style\"),\"height\"===t.message?(1e3<(r=parseInt(t.value,10))?r=1e3:~~r<200&&(r=200),s.height=r):\"link\"===t.message&&(r=new URL(s.getAttribute(\"src\")),n=new URL(t.value),c.test(n.protocol))&&n.host===r.host&&l.activeElement===s&&(d.top.location.href=t.value))}},d.addEventListener(\"message\",d.wp.receiveEmbedMessage,!1),l.addEventListener(\"DOMContentLoaded\",function(){for(var e,t,s=l.querySelectorAll(\"iframe.wp-embedded-content\"),r=0;r<s.length;r++)(t=(e=s[r]).getAttribute(\"data-secret\"))||(t=Math.random().toString(36).substring(2,12),e.src+=\"#?secret=\"+t,e.setAttribute(\"data-secret\",t)),e.contentWindow.postMessage({message:\"ready\",secret:t},\"*\")},!1)))}(window,document);\n\/\/# sourceURL=https:\/\/akunq.net\/turkish\/wp-includes\/js\/wp-embed.min.js\n<\/script>\n","description":"DERS\u0130M &#8211; Dersimli Ermeniler, kimliklerine sahip \u00e7\u0131kmak ve \u00f6rg\u00fctlenmek i\u00e7in dayan\u0131\u015fma derne\u011fi kurdular. Dersimli Ermeniler Sosyal K\u00fclt\u00fcr Sanat E\u011fitim Tarih \u0130nan\u00e7 Ara\u015ft\u0131rma ve Dayan\u0131\u015fma Derne\u011fi \u00e7at\u0131 alt\u0131nda bir araya gelecek olan Dersimli Ermeniler, kendi k\u00fclt\u00fcrlerine ili\u015fkin ara\u015ft\u0131rmalar yapacak ve etkinlikler d\u00fczenleyecekler. Giri\u015fimin s\u00f6zc\u00fcs\u00fc Mirhan Pirgi\u00e7 G\u00fcltekin, derne\u011fin Dersimli Ermeniler \u00f6zelinde kurulan ilk sivil toplum kurulu\u015fu [&hellip;]"}