{"version":"1.0","provider_name":"Bati Ermenistan Ve Bati Ermenileri Sorunlari Ara\u015ftirmalar Merkezi","provider_url":"https:\/\/akunq.net\/turkish","author_name":"kalem","author_url":"https:\/\/akunq.net\/turkish\/author\/kalem\/","title":"Uras\u2019tan Atalay\u2019a \u2018Ermeni\u2019 sorular\u0131 - Bati Ermenistan Ve Bati Ermenileri Sorunlari Ara\u015ftirmalar Merkezi","type":"rich","width":600,"height":338,"html":"<blockquote class=\"wp-embedded-content\" data-secret=\"ufyATamlOz\"><a href=\"https:\/\/akunq.net\/turkish\/2010\/07\/23\/urastan-atalaya-ermeni-sorulari\/\">Uras\u2019tan Atalay\u2019a \u2018Ermeni\u2019 sorular\u0131<\/a><\/blockquote><iframe sandbox=\"allow-scripts\" security=\"restricted\" src=\"https:\/\/akunq.net\/turkish\/2010\/07\/23\/urastan-atalaya-ermeni-sorulari\/embed\/#?secret=ufyATamlOz\" width=\"600\" height=\"338\" title=\"&#8220;Uras\u2019tan Atalay\u2019a \u2018Ermeni\u2019 sorular\u0131&#8221; &#8212; Bati Ermenistan Ve Bati Ermenileri Sorunlari Ara\u015ftirmalar Merkezi\" data-secret=\"ufyATamlOz\" frameborder=\"0\" marginwidth=\"0\" marginheight=\"0\" scrolling=\"no\" class=\"wp-embedded-content\"><\/iframe><script>\n\/*! This file is auto-generated *\/\n!function(d,l){\"use strict\";l.querySelector&&d.addEventListener&&\"undefined\"!=typeof URL&&(d.wp=d.wp||{},d.wp.receiveEmbedMessage||(d.wp.receiveEmbedMessage=function(e){var t=e.data;if((t||t.secret||t.message||t.value)&&!\/[^a-zA-Z0-9]\/.test(t.secret)){for(var s,r,n,a=l.querySelectorAll('iframe[data-secret=\"'+t.secret+'\"]'),o=l.querySelectorAll('blockquote[data-secret=\"'+t.secret+'\"]'),c=new RegExp(\"^https?:$\",\"i\"),i=0;i<o.length;i++)o[i].style.display=\"none\";for(i=0;i<a.length;i++)s=a[i],e.source===s.contentWindow&&(s.removeAttribute(\"style\"),\"height\"===t.message?(1e3<(r=parseInt(t.value,10))?r=1e3:~~r<200&&(r=200),s.height=r):\"link\"===t.message&&(r=new URL(s.getAttribute(\"src\")),n=new URL(t.value),c.test(n.protocol))&&n.host===r.host&&l.activeElement===s&&(d.top.location.href=t.value))}},d.addEventListener(\"message\",d.wp.receiveEmbedMessage,!1),l.addEventListener(\"DOMContentLoaded\",function(){for(var e,t,s=l.querySelectorAll(\"iframe.wp-embedded-content\"),r=0;r<s.length;r++)(t=(e=s[r]).getAttribute(\"data-secret\"))||(t=Math.random().toString(36).substring(2,12),e.src+=\"#?secret=\"+t,e.setAttribute(\"data-secret\",t)),e.contentWindow.postMessage({message:\"ready\",secret:t},\"*\")},!1)))}(window,document);\n\/\/# sourceURL=https:\/\/akunq.net\/turkish\/wp-includes\/js\/wp-embed.min.js\n<\/script>\n","description":"BDP\u2019li Ufuk Uras, T\u00fcrkiye Ermenilerinin 84. patri\u011fi II. Mesrob\u2019un g\u00f6revini yerine getiremeyecek seviyede hasta olmas\u0131 nedeniyle, yeni patriklerini se\u00e7mek i\u00e7in ba\u015fvuran T\u00fcrkiye Ermenilerine bug\u00fcne kadar yan\u0131t verilmemesini TBMM g\u00fcndemine ta\u015f\u0131d\u0131. Uras, \u0130\u00e7i\u015fleri Bakan\u0131 Be\u015fir Atalay\u2019\u0131n yan\u0131tlamas\u0131 istemiyle TBMM Ba\u015fkanl\u0131\u011f\u0131\u2019na sundu\u011fu soru \u00f6nergesinde, \u201cT\u00fcrkiye Ermenilerinin patriksiz kalmas\u0131n\u0131n \u00fclke \u00e7\u0131karlar\u0131na bir faydas\u0131 var m\u0131d\u0131r?\u201d diye sordu. Uras, [&hellip;]"}