{"version":"1.0","provider_name":"Bati Ermenistan Ve Bati Ermenileri Sorunlari Ara\u015ftirmalar Merkezi","provider_url":"https:\/\/akunq.net\/turkish","author_name":"kalem","author_url":"https:\/\/akunq.net\/turkish\/author\/kalem\/","title":"Meclis'in yeni tart\u0131\u015fmas\u0131! - Bati Ermenistan Ve Bati Ermenileri Sorunlari Ara\u015ftirmalar Merkezi","type":"rich","width":600,"height":338,"html":"<blockquote class=\"wp-embedded-content\" data-secret=\"R3NGGaAhqO\"><a href=\"https:\/\/akunq.net\/turkish\/2010\/07\/19\/meclisin-yeni-tartismasi\/\">Meclis&#8217;in yeni tart\u0131\u015fmas\u0131!<\/a><\/blockquote><iframe sandbox=\"allow-scripts\" security=\"restricted\" src=\"https:\/\/akunq.net\/turkish\/2010\/07\/19\/meclisin-yeni-tartismasi\/embed\/#?secret=R3NGGaAhqO\" width=\"600\" height=\"338\" title=\"&#8220;Meclis&#8217;in yeni tart\u0131\u015fmas\u0131!&#8221; &#8212; Bati Ermenistan Ve Bati Ermenileri Sorunlari Ara\u015ftirmalar Merkezi\" data-secret=\"R3NGGaAhqO\" frameborder=\"0\" marginwidth=\"0\" marginheight=\"0\" scrolling=\"no\" class=\"wp-embedded-content\"><\/iframe><script>\n\/*! This file is auto-generated *\/\n!function(d,l){\"use strict\";l.querySelector&&d.addEventListener&&\"undefined\"!=typeof URL&&(d.wp=d.wp||{},d.wp.receiveEmbedMessage||(d.wp.receiveEmbedMessage=function(e){var t=e.data;if((t||t.secret||t.message||t.value)&&!\/[^a-zA-Z0-9]\/.test(t.secret)){for(var s,r,n,a=l.querySelectorAll('iframe[data-secret=\"'+t.secret+'\"]'),o=l.querySelectorAll('blockquote[data-secret=\"'+t.secret+'\"]'),c=new RegExp(\"^https?:$\",\"i\"),i=0;i<o.length;i++)o[i].style.display=\"none\";for(i=0;i<a.length;i++)s=a[i],e.source===s.contentWindow&&(s.removeAttribute(\"style\"),\"height\"===t.message?(1e3<(r=parseInt(t.value,10))?r=1e3:~~r<200&&(r=200),s.height=r):\"link\"===t.message&&(r=new URL(s.getAttribute(\"src\")),n=new URL(t.value),c.test(n.protocol))&&n.host===r.host&&l.activeElement===s&&(d.top.location.href=t.value))}},d.addEventListener(\"message\",d.wp.receiveEmbedMessage,!1),l.addEventListener(\"DOMContentLoaded\",function(){for(var e,t,s=l.querySelectorAll(\"iframe.wp-embedded-content\"),r=0;r<s.length;r++)(t=(e=s[r]).getAttribute(\"data-secret\"))||(t=Math.random().toString(36).substring(2,12),e.src+=\"#?secret=\"+t,e.setAttribute(\"data-secret\",t)),e.contentWindow.postMessage({message:\"ready\",secret:t},\"*\")},!1)))}(window,document);\n\/\/# sourceURL=https:\/\/akunq.net\/turkish\/wp-includes\/js\/wp-embed.min.js\n<\/script>\n","description":"BDP\u2019nin \u00f6nerisi kabul edilmedi ama tart\u0131\u015fmas\u0131 s\u00fcr\u00fcyor: Etnik fi\u015fleme mi \u00fclke zenginli\u011fi mi? BDP\u2019nin \u201cetnik say\u0131m yap\u0131ls\u0131n\u201d \u00f6nerisi kabul edilmedi ama tart\u0131\u015fmas\u0131 s\u00fcr\u00fcyor. Di\u011fer partiler BDP\u2019yi \u0131rk\u00e7\u0131l\u0131k, kafatas\u00e7\u0131l\u0131k ve etnik fi\u015fleme istemekle su\u00e7luyor. TBMM, \u201cEtnik fi\u015fleme\u201dyi tart\u0131\u015f\u0131yor. BDP\u2019nin grup \u00f6nergesiyle g\u00fcndeme gelen \u201cEtnik say\u0131m yap\u0131lmas\u0131\u201d \u00f6nerisi \u00f6nce yumrukla\u015fmalara neden oldu, ard\u0131ndan da hem iktidar\u0131n hem [&hellip;]"}