{"version":"1.0","provider_name":"Bati Ermenistan Ve Bati Ermenileri Sorunlari Ara\u015ftirmalar Merkezi","provider_url":"https:\/\/akunq.net\/turkish","author_name":"kalem","author_url":"https:\/\/akunq.net\/turkish\/author\/kalem\/","title":"E\u015f Patrik Se\u00e7imi M\u00fcte\u015febbis Heyetinden Duyuru No:5 - Bati Ermenistan Ve Bati Ermenileri Sorunlari Ara\u015ftirmalar Merkezi","type":"rich","width":600,"height":338,"html":"<blockquote class=\"wp-embedded-content\" data-secret=\"rVuVjuX7KF\"><a href=\"https:\/\/akunq.net\/turkish\/2010\/07\/16\/es-patrik-secimi-mutesebbis-heyetinden-duyuru-no5\/\">E\u015f Patrik Se\u00e7imi M\u00fcte\u015febbis Heyetinden Duyuru No:5<\/a><\/blockquote><iframe sandbox=\"allow-scripts\" security=\"restricted\" src=\"https:\/\/akunq.net\/turkish\/2010\/07\/16\/es-patrik-secimi-mutesebbis-heyetinden-duyuru-no5\/embed\/#?secret=rVuVjuX7KF\" width=\"600\" height=\"338\" title=\"&#8220;E\u015f Patrik Se\u00e7imi M\u00fcte\u015febbis Heyetinden Duyuru No:5&#8221; &#8212; Bati Ermenistan Ve Bati Ermenileri Sorunlari Ara\u015ftirmalar Merkezi\" data-secret=\"rVuVjuX7KF\" frameborder=\"0\" marginwidth=\"0\" marginheight=\"0\" scrolling=\"no\" class=\"wp-embedded-content\"><\/iframe><script>\n\/*! This file is auto-generated *\/\n!function(d,l){\"use strict\";l.querySelector&&d.addEventListener&&\"undefined\"!=typeof URL&&(d.wp=d.wp||{},d.wp.receiveEmbedMessage||(d.wp.receiveEmbedMessage=function(e){var t=e.data;if((t||t.secret||t.message||t.value)&&!\/[^a-zA-Z0-9]\/.test(t.secret)){for(var s,r,n,a=l.querySelectorAll('iframe[data-secret=\"'+t.secret+'\"]'),o=l.querySelectorAll('blockquote[data-secret=\"'+t.secret+'\"]'),c=new RegExp(\"^https?:$\",\"i\"),i=0;i<o.length;i++)o[i].style.display=\"none\";for(i=0;i<a.length;i++)s=a[i],e.source===s.contentWindow&&(s.removeAttribute(\"style\"),\"height\"===t.message?(1e3<(r=parseInt(t.value,10))?r=1e3:~~r<200&&(r=200),s.height=r):\"link\"===t.message&&(r=new URL(s.getAttribute(\"src\")),n=new URL(t.value),c.test(n.protocol))&&n.host===r.host&&l.activeElement===s&&(d.top.location.href=t.value))}},d.addEventListener(\"message\",d.wp.receiveEmbedMessage,!1),l.addEventListener(\"DOMContentLoaded\",function(){for(var e,t,s=l.querySelectorAll(\"iframe.wp-embedded-content\"),r=0;r<s.length;r++)(t=(e=s[r]).getAttribute(\"data-secret\"))||(t=Math.random().toString(36).substring(2,12),e.src+=\"#?secret=\"+t,e.setAttribute(\"data-secret\",t)),e.contentWindow.postMessage({message:\"ready\",secret:t},\"*\")},!1)))}(window,document);\n\/\/# sourceURL=https:\/\/akunq.net\/turkish\/wp-includes\/js\/wp-embed.min.js\n<\/script>\n","description":"\u00a0Heyetimizce yap\u0131lan 3 Nolu duyuruda kamuoyuna a\u00e7\u0131klad\u0131\u011f\u0131m\u0131z gibi, patrik se\u00e7imi yap\u0131lmas\u0131 istemi ile \u0130\u00e7i\u015fleri Bakanl\u0131\u011f\u0131\u2019na verilen dilek\u00e7enin z\u0131mnen (herhangi bir cevap vermeyerek) reddi ger\u00e7ekle\u015fti\u011finden, \u0130\u00e7i\u015fleri Bakanl\u0131\u011f\u0131 daval\u0131 g\u00f6sterilmek suretiyle, 09.07.2010 tarihinde, \u201cred i\u015fleminin iptali\u201d istemli bir dava a\u00e7\u0131lm\u0131\u015ft\u0131r. Ayr\u0131ca \u0130stanbul Valili\u011fi taraf\u0131ndan 29.06.2010 tarihinde d\u00fczenlenen \u201cpatrik se\u00e7imi\u201d talebinin reddine ili\u015fkin i\u015fleme kar\u015f\u0131 da, s\u00fcresi i\u00e7inde, [&hellip;]"}