{"version":"1.0","provider_name":"Bati Ermenistan Ve Bati Ermenileri Sorunlari Ara\u015ftirmalar Merkezi","provider_url":"https:\/\/akunq.net\/turkish","author_name":"kalem","author_url":"https:\/\/akunq.net\/turkish\/author\/kalem\/","title":"RAGIP ZARAKOLU Erdo\u011fan Srebrenitsa\u2019da ne hissetti? - Bati Ermenistan Ve Bati Ermenileri Sorunlari Ara\u015ftirmalar Merkezi","type":"rich","width":600,"height":338,"html":"<blockquote class=\"wp-embedded-content\" data-secret=\"xWHpJEyHlf\"><a href=\"https:\/\/akunq.net\/turkish\/2010\/07\/15\/ragip-zarakolu-erdogan-srebrenitsada-ne-hissetti\/\">RAGIP ZARAKOLU  Erdo\u011fan Srebrenitsa\u2019da ne hissetti?<\/a><\/blockquote><iframe sandbox=\"allow-scripts\" security=\"restricted\" src=\"https:\/\/akunq.net\/turkish\/2010\/07\/15\/ragip-zarakolu-erdogan-srebrenitsada-ne-hissetti\/embed\/#?secret=xWHpJEyHlf\" width=\"600\" height=\"338\" title=\"&#8220;RAGIP ZARAKOLU  Erdo\u011fan Srebrenitsa\u2019da ne hissetti?&#8221; &#8212; Bati Ermenistan Ve Bati Ermenileri Sorunlari Ara\u015ftirmalar Merkezi\" data-secret=\"xWHpJEyHlf\" frameborder=\"0\" marginwidth=\"0\" marginheight=\"0\" scrolling=\"no\" class=\"wp-embedded-content\"><\/iframe><script>\n\/*! This file is auto-generated *\/\n!function(d,l){\"use strict\";l.querySelector&&d.addEventListener&&\"undefined\"!=typeof URL&&(d.wp=d.wp||{},d.wp.receiveEmbedMessage||(d.wp.receiveEmbedMessage=function(e){var t=e.data;if((t||t.secret||t.message||t.value)&&!\/[^a-zA-Z0-9]\/.test(t.secret)){for(var s,r,n,a=l.querySelectorAll('iframe[data-secret=\"'+t.secret+'\"]'),o=l.querySelectorAll('blockquote[data-secret=\"'+t.secret+'\"]'),c=new RegExp(\"^https?:$\",\"i\"),i=0;i<o.length;i++)o[i].style.display=\"none\";for(i=0;i<a.length;i++)s=a[i],e.source===s.contentWindow&&(s.removeAttribute(\"style\"),\"height\"===t.message?(1e3<(r=parseInt(t.value,10))?r=1e3:~~r<200&&(r=200),s.height=r):\"link\"===t.message&&(r=new URL(s.getAttribute(\"src\")),n=new URL(t.value),c.test(n.protocol))&&n.host===r.host&&l.activeElement===s&&(d.top.location.href=t.value))}},d.addEventListener(\"message\",d.wp.receiveEmbedMessage,!1),l.addEventListener(\"DOMContentLoaded\",function(){for(var e,t,s=l.querySelectorAll(\"iframe.wp-embedded-content\"),r=0;r<s.length;r++)(t=(e=s[r]).getAttribute(\"data-secret\"))||(t=Math.random().toString(36).substring(2,12),e.src+=\"#?secret=\"+t,e.setAttribute(\"data-secret\",t)),e.contentWindow.postMessage({message:\"ready\",secret:t},\"*\")},!1)))}(window,document);\n\/\/# sourceURL=https:\/\/akunq.net\/turkish\/wp-includes\/js\/wp-embed.min.js\n<\/script>\n","description":"Do\u011frusu \u00e7ok \u00f6\u011frenmek isterdim, Bay Erdo\u011fan Srebrenitsa\u2019da soyk\u0131r\u0131m kurbanlar\u0131n\u0131n an\u0131s\u0131na d\u00fczenlenen toplant\u0131da acaba ne hissediyordu? Acaba, S\u0131rbistan Devlet Ba\u015fkan\u0131 Tadi\u00e7, S\u0131rbistan\u2019daki sava\u015f su\u00e7lular\u0131n\u0131n yakalanmas\u0131 i\u00e7in elinden geleni yapaca\u011f\u0131n\u0131 s\u00f6ylerken ve soyk\u0131r\u0131m kurbanlar\u0131ndan halk\u0131 ad\u0131na \u00f6z\u00fcr dilerken ne hissetti? Acaba, Ermeni soyk\u0131r\u0131m\u0131 konusunda vicdani bir huzursuzluk hisseti mi? Bay Tadi\u00e7, Srebrenitsa k\u0131y\u0131m\u0131n\u0131n ger\u00e7ekle\u015fmesinden 15 y\u0131l \u00f6nce [&hellip;]"}