{"version":"1.0","provider_name":"Bati Ermenistan Ve Bati Ermenileri Sorunlari Ara\u015ftirmalar Merkezi","provider_url":"https:\/\/akunq.net\/turkish","author_name":"kalem","author_url":"https:\/\/akunq.net\/turkish\/author\/kalem\/","title":"M\u00fcsl\u00fcman Ermeniler anlat\u0131yor - Bati Ermenistan Ve Bati Ermenileri Sorunlari Ara\u015ftirmalar Merkezi","type":"rich","width":600,"height":338,"html":"<blockquote class=\"wp-embedded-content\" data-secret=\"mEic0WPKZD\"><a href=\"https:\/\/akunq.net\/turkish\/2010\/07\/13\/musluman-ermeniler-anlatiyor\/\">M\u00fcsl\u00fcman Ermeniler anlat\u0131yor<\/a><\/blockquote><iframe sandbox=\"allow-scripts\" security=\"restricted\" src=\"https:\/\/akunq.net\/turkish\/2010\/07\/13\/musluman-ermeniler-anlatiyor\/embed\/#?secret=mEic0WPKZD\" width=\"600\" height=\"338\" title=\"&#8220;M\u00fcsl\u00fcman Ermeniler anlat\u0131yor&#8221; &#8212; Bati Ermenistan Ve Bati Ermenileri Sorunlari Ara\u015ftirmalar Merkezi\" data-secret=\"mEic0WPKZD\" frameborder=\"0\" marginwidth=\"0\" marginheight=\"0\" scrolling=\"no\" class=\"wp-embedded-content\"><\/iframe><script>\n\/*! This file is auto-generated *\/\n!function(d,l){\"use strict\";l.querySelector&&d.addEventListener&&\"undefined\"!=typeof URL&&(d.wp=d.wp||{},d.wp.receiveEmbedMessage||(d.wp.receiveEmbedMessage=function(e){var t=e.data;if((t||t.secret||t.message||t.value)&&!\/[^a-zA-Z0-9]\/.test(t.secret)){for(var s,r,n,a=l.querySelectorAll('iframe[data-secret=\"'+t.secret+'\"]'),o=l.querySelectorAll('blockquote[data-secret=\"'+t.secret+'\"]'),c=new RegExp(\"^https?:$\",\"i\"),i=0;i<o.length;i++)o[i].style.display=\"none\";for(i=0;i<a.length;i++)s=a[i],e.source===s.contentWindow&&(s.removeAttribute(\"style\"),\"height\"===t.message?(1e3<(r=parseInt(t.value,10))?r=1e3:~~r<200&&(r=200),s.height=r):\"link\"===t.message&&(r=new URL(s.getAttribute(\"src\")),n=new URL(t.value),c.test(n.protocol))&&n.host===r.host&&l.activeElement===s&&(d.top.location.href=t.value))}},d.addEventListener(\"message\",d.wp.receiveEmbedMessage,!1),l.addEventListener(\"DOMContentLoaded\",function(){for(var e,t,s=l.querySelectorAll(\"iframe.wp-embedded-content\"),r=0;r<s.length;r++)(t=(e=s[r]).getAttribute(\"data-secret\"))||(t=Math.random().toString(36).substring(2,12),e.src+=\"#?secret=\"+t,e.setAttribute(\"data-secret\",t)),e.contentWindow.postMessage({message:\"ready\",secret:t},\"*\")},!1)))}(window,document);\n\/\/# sourceURL=https:\/\/akunq.net\/turkish\/wp-includes\/js\/wp-embed.min.js\n<\/script>\n","description":"Anneannesi, Babaannesi, Dedesi Ermeni Olanlar Ge\u00e7mi\u015fle Y\u00fczle\u015fiyor M\u00fcsl\u00fcman Ermeniler anlat\u0131yor T\u00fcrk Tarih Kurumu Ba\u015fkan\u0131 Yusuf Hala\u00e7o\u011flu&#8217;nun Alevi K\u00fcrtler&#8217;in Ermeni k\u00f6kenli oldu\u011funa ve elinde listeler bulundu\u011funa ili\u015fkin a\u00e7\u0131klamalar\u0131 b\u00fcy\u00fck tepki g\u00f6rd\u00fc. Ermeni k\u00f6kenli M\u00fcsl\u00fcmanlar ve soya\u011fac\u0131nda Ermenilik bulunan yurtta\u015flar\u0131m\u0131z ise bu yaz\u0131da kendi a\u011f\u0131zlar\u0131ndan ya\u015fad\u0131klar\u0131n\u0131 anlat\u0131yor\u2026 Ancak g\u00fcn\u00fcm\u00fczde bu tart\u0131\u015fma toplumun bir b\u00f6l\u00fcm\u00fc i\u00e7in endi\u015fe ve [&hellip;]"}