{"version":"1.0","provider_name":"Bati Ermenistan Ve Bati Ermenileri Sorunlari Ara\u015ftirmalar Merkezi","provider_url":"https:\/\/akunq.net\/turkish","author_name":"kalem","author_url":"https:\/\/akunq.net\/turkish\/author\/kalem\/","title":"\u2018Ayin\u2019 alarm\u0131 - Bati Ermenistan Ve Bati Ermenileri Sorunlari Ara\u015ftirmalar Merkezi","type":"rich","width":600,"height":338,"html":"<blockquote class=\"wp-embedded-content\" data-secret=\"OwCdUaUILK\"><a href=\"https:\/\/akunq.net\/turkish\/2010\/07\/13\/ayin-alarmi\/\">\u2018Ayin\u2019 alarm\u0131<\/a><\/blockquote><iframe sandbox=\"allow-scripts\" security=\"restricted\" src=\"https:\/\/akunq.net\/turkish\/2010\/07\/13\/ayin-alarmi\/embed\/#?secret=OwCdUaUILK\" width=\"600\" height=\"338\" title=\"&#8220;\u2018Ayin\u2019 alarm\u0131&#8221; &#8212; Bati Ermenistan Ve Bati Ermenileri Sorunlari Ara\u015ftirmalar Merkezi\" data-secret=\"OwCdUaUILK\" frameborder=\"0\" marginwidth=\"0\" marginheight=\"0\" scrolling=\"no\" class=\"wp-embedded-content\"><\/iframe><script>\n\/*! This file is auto-generated *\/\n!function(d,l){\"use strict\";l.querySelector&&d.addEventListener&&\"undefined\"!=typeof URL&&(d.wp=d.wp||{},d.wp.receiveEmbedMessage||(d.wp.receiveEmbedMessage=function(e){var t=e.data;if((t||t.secret||t.message||t.value)&&!\/[^a-zA-Z0-9]\/.test(t.secret)){for(var s,r,n,a=l.querySelectorAll('iframe[data-secret=\"'+t.secret+'\"]'),o=l.querySelectorAll('blockquote[data-secret=\"'+t.secret+'\"]'),c=new RegExp(\"^https?:$\",\"i\"),i=0;i<o.length;i++)o[i].style.display=\"none\";for(i=0;i<a.length;i++)s=a[i],e.source===s.contentWindow&&(s.removeAttribute(\"style\"),\"height\"===t.message?(1e3<(r=parseInt(t.value,10))?r=1e3:~~r<200&&(r=200),s.height=r):\"link\"===t.message&&(r=new URL(s.getAttribute(\"src\")),n=new URL(t.value),c.test(n.protocol))&&n.host===r.host&&l.activeElement===s&&(d.top.location.href=t.value))}},d.addEventListener(\"message\",d.wp.receiveEmbedMessage,!1),l.addEventListener(\"DOMContentLoaded\",function(){for(var e,t,s=l.querySelectorAll(\"iframe.wp-embedded-content\"),r=0;r<s.length;r++)(t=(e=s[r]).getAttribute(\"data-secret\"))||(t=Math.random().toString(36).substring(2,12),e.src+=\"#?secret=\"+t,e.setAttribute(\"data-secret\",t)),e.contentWindow.postMessage({message:\"ready\",secret:t},\"*\")},!1)))}(window,document);\n\/\/# sourceURL=https:\/\/akunq.net\/turkish\/wp-includes\/js\/wp-embed.min.js\n<\/script>\n","description":"Trabzon\u2019daki S\u00fcmela Manast\u0131r\u0131 ile Van\u2019daki Akdamar Kilisesi\u2019nde d\u00fczenlenecek ayinler i\u00e7in polis ve jandarma \u00e7al\u0131\u015fmalar\u0131n\u0131 yo\u011funla\u015ft\u0131rd\u0131. K\u00fclt\u00fcr ve Turizm Bakanl\u0131\u011f\u0131, ge\u00e7en hafta \u0130\u00e7i\u015fleri Bakanl\u0131\u011f\u0131 arac\u0131l\u0131\u011f\u0131yla jandarma ve polise bir yaz\u0131 g\u00f6ndererek, S\u00fcmela Manast\u0131r\u0131\u2019nda \u0130stanbul Fener Rum Patrikhanesi\u2019nin 15 A\u011fustos\u2019ta, Akdamar Adas\u0131\u2019nda T\u00fcrkiye Ermeni Patrikhanesi\u2019nin 12 Eyl\u00fcl\u2019de ayin d\u00fczenlemek istedi\u011fi hat\u0131rlat\u0131larak, \u201cVan\u2019daki ayin tarihinin 12 Eyl\u00fcl\u2019deki referanduma [&hellip;]"}