{"version":"1.0","provider_name":"Bati Ermenistan Ve Bati Ermenileri Sorunlari Ara\u015ftirmalar Merkezi","provider_url":"https:\/\/akunq.net\/turkish","author_name":"kalem","author_url":"https:\/\/akunq.net\/turkish\/author\/kalem\/","title":"\u0130stanbul'un Ermeni mimarlar\u0131 tan\u0131t\u0131l\u0131yor - Bati Ermenistan Ve Bati Ermenileri Sorunlari Ara\u015ftirmalar Merkezi","type":"rich","width":600,"height":338,"html":"<blockquote class=\"wp-embedded-content\" data-secret=\"eHu3LV19YX\"><a href=\"https:\/\/akunq.net\/turkish\/2010\/07\/06\/istanbulun-ermeni-mimarlari-tanitiliyor\/\">\u0130stanbul&#8217;un Ermeni mimarlar\u0131 tan\u0131t\u0131l\u0131yor<\/a><\/blockquote><iframe sandbox=\"allow-scripts\" security=\"restricted\" src=\"https:\/\/akunq.net\/turkish\/2010\/07\/06\/istanbulun-ermeni-mimarlari-tanitiliyor\/embed\/#?secret=eHu3LV19YX\" width=\"600\" height=\"338\" title=\"&#8220;\u0130stanbul&#8217;un Ermeni mimarlar\u0131 tan\u0131t\u0131l\u0131yor&#8221; &#8212; Bati Ermenistan Ve Bati Ermenileri Sorunlari Ara\u015ftirmalar Merkezi\" data-secret=\"eHu3LV19YX\" frameborder=\"0\" marginwidth=\"0\" marginheight=\"0\" scrolling=\"no\" class=\"wp-embedded-content\"><\/iframe><script>\n\/*! This file is auto-generated *\/\n!function(d,l){\"use strict\";l.querySelector&&d.addEventListener&&\"undefined\"!=typeof URL&&(d.wp=d.wp||{},d.wp.receiveEmbedMessage||(d.wp.receiveEmbedMessage=function(e){var t=e.data;if((t||t.secret||t.message||t.value)&&!\/[^a-zA-Z0-9]\/.test(t.secret)){for(var s,r,n,a=l.querySelectorAll('iframe[data-secret=\"'+t.secret+'\"]'),o=l.querySelectorAll('blockquote[data-secret=\"'+t.secret+'\"]'),c=new RegExp(\"^https?:$\",\"i\"),i=0;i<o.length;i++)o[i].style.display=\"none\";for(i=0;i<a.length;i++)s=a[i],e.source===s.contentWindow&&(s.removeAttribute(\"style\"),\"height\"===t.message?(1e3<(r=parseInt(t.value,10))?r=1e3:~~r<200&&(r=200),s.height=r):\"link\"===t.message&&(r=new URL(s.getAttribute(\"src\")),n=new URL(t.value),c.test(n.protocol))&&n.host===r.host&&l.activeElement===s&&(d.top.location.href=t.value))}},d.addEventListener(\"message\",d.wp.receiveEmbedMessage,!1),l.addEventListener(\"DOMContentLoaded\",function(){for(var e,t,s=l.querySelectorAll(\"iframe.wp-embedded-content\"),r=0;r<s.length;r++)(t=(e=s[r]).getAttribute(\"data-secret\"))||(t=Math.random().toString(36).substring(2,12),e.src+=\"#?secret=\"+t,e.setAttribute(\"data-secret\",t)),e.contentWindow.postMessage({message:\"ready\",secret:t},\"*\")},!1)))}(window,document);\n\/\/# sourceURL=https:\/\/akunq.net\/turkish\/wp-includes\/js\/wp-embed.min.js\n<\/script>\n","description":"\u00a0Uluslararas\u0131 Hrant Dink vakf\u0131, bir sergi ve kitap projesiyle, \u0130stanbul&#8217;un Ermeni mimarlar\u0131n\u0131 tan\u0131tacak. \u00a0Uluslararas\u0131 Hrant Dink Vakf\u0131, Hayrat Canland\u0131ran ve Ara\u015ft\u0131ran Mimar ve M\u00fchendisler Dayan\u0131\u015fma Derne\u011fi (HAYCAR) i\u015fbirli\u011fiyle haz\u0131rlayaca\u011f\u0131 bir sergi ve kitap projesiyle, \u0130stanbul&#8217;un Ermeni mimarlar\u0131n\u0131 tan\u0131tacak. Vak\u0131ftan yap\u0131lan a\u00e7\u0131klamaya g\u00f6re, \u0130stanbul 2010 Avrupa K\u00fclt\u00fcr Ba\u015fkenti etkinlikleri kapsam\u0131nda kas\u0131m ay\u0131nda hayata ge\u00e7irilecek olan &#8221;\u0130stanbul&#8217;un [&hellip;]"}