{"version":"1.0","provider_name":"Bati Ermenistan Ve Bati Ermenileri Sorunlari Ara\u015ftirmalar Merkezi","provider_url":"https:\/\/akunq.net\/turkish","author_name":"kalem","author_url":"https:\/\/akunq.net\/turkish\/author\/kalem\/","title":"T\u00fcrkiye Ermeni Patrikhane Tarihinde Genel Vekillik D\u00f6nemi - Bati Ermenistan Ve Bati Ermenileri Sorunlari Ara\u015ftirmalar Merkezi","type":"rich","width":600,"height":338,"html":"<blockquote class=\"wp-embedded-content\" data-secret=\"JN9uOP86e2\"><a href=\"https:\/\/akunq.net\/turkish\/2010\/07\/04\/turkiye-ermeni-patrikhane-tarihinde-genel-vekillik-donemi\/\">T\u00fcrkiye Ermeni Patrikhane Tarihinde Genel Vekillik D\u00f6nemi<\/a><\/blockquote><iframe sandbox=\"allow-scripts\" security=\"restricted\" src=\"https:\/\/akunq.net\/turkish\/2010\/07\/04\/turkiye-ermeni-patrikhane-tarihinde-genel-vekillik-donemi\/embed\/#?secret=JN9uOP86e2\" width=\"600\" height=\"338\" title=\"&#8220;T\u00fcrkiye Ermeni Patrikhane Tarihinde Genel Vekillik D\u00f6nemi&#8221; &#8212; Bati Ermenistan Ve Bati Ermenileri Sorunlari Ara\u015ftirmalar Merkezi\" data-secret=\"JN9uOP86e2\" frameborder=\"0\" marginwidth=\"0\" marginheight=\"0\" scrolling=\"no\" class=\"wp-embedded-content\"><\/iframe><script>\n\/*! This file is auto-generated *\/\n!function(d,l){\"use strict\";l.querySelector&&d.addEventListener&&\"undefined\"!=typeof URL&&(d.wp=d.wp||{},d.wp.receiveEmbedMessage||(d.wp.receiveEmbedMessage=function(e){var t=e.data;if((t||t.secret||t.message||t.value)&&!\/[^a-zA-Z0-9]\/.test(t.secret)){for(var s,r,n,a=l.querySelectorAll('iframe[data-secret=\"'+t.secret+'\"]'),o=l.querySelectorAll('blockquote[data-secret=\"'+t.secret+'\"]'),c=new RegExp(\"^https?:$\",\"i\"),i=0;i<o.length;i++)o[i].style.display=\"none\";for(i=0;i<a.length;i++)s=a[i],e.source===s.contentWindow&&(s.removeAttribute(\"style\"),\"height\"===t.message?(1e3<(r=parseInt(t.value,10))?r=1e3:~~r<200&&(r=200),s.height=r):\"link\"===t.message&&(r=new URL(s.getAttribute(\"src\")),n=new URL(t.value),c.test(n.protocol))&&n.host===r.host&&l.activeElement===s&&(d.top.location.href=t.value))}},d.addEventListener(\"message\",d.wp.receiveEmbedMessage,!1),l.addEventListener(\"DOMContentLoaded\",function(){for(var e,t,s=l.querySelectorAll(\"iframe.wp-embedded-content\"),r=0;r<s.length;r++)(t=(e=s[r]).getAttribute(\"data-secret\"))||(t=Math.random().toString(36).substring(2,12),e.src+=\"#?secret=\"+t,e.setAttribute(\"data-secret\",t)),e.contentWindow.postMessage({message:\"ready\",secret:t},\"*\")},!1)))}(window,document);\n\/\/# sourceURL=https:\/\/akunq.net\/turkish\/wp-includes\/js\/wp-embed.min.js\n<\/script>\n","description":"Yaz\u0131l\u0131 kaynaklar\u0131n\u0131n bir\u00e7o\u011funa g\u00f6re ,\u0130stanbul\u2019da Ermeni Patrikli\u011finin kurulu\u015f y\u0131l\u0131 1461 d\u0131r, Fatih Sultan Mehmet \u0130stanbul\u2019u fethettikten sonra, daha \u00f6nceden tan\u0131d\u0131\u011f\u0131 Bursa Ermenileri Dini \u00d6nderi Episkopos Hovag\u0131m 1\u2019 i, ba\u015fkent \u0130stanbul\u2019a getirerek Ermeni toplumunun Dini \u00d6nderi yapm\u0131\u015f, evrensel patri\u011fe tan\u0131nan t\u00fcm hak ve yetkileri vermi\u015ftir. T\u00fcrkiye Ermeni Partili\u011fi ilk kez \u0130stanbul\u2019un Samatya semtinde kurulmu\u015f, 1461 den [&hellip;]"}