{"version":"1.0","provider_name":"Bati Ermenistan Ve Bati Ermenileri Sorunlari Ara\u015ftirmalar Merkezi","provider_url":"https:\/\/akunq.net\/turkish","author_name":"kalem","author_url":"https:\/\/akunq.net\/turkish\/author\/kalem\/","title":"T\u00fcrkiye Ermenileri Patrik Vekili se\u00e7ti - Bati Ermenistan Ve Bati Ermenileri Sorunlari Ara\u015ftirmalar Merkezi","type":"rich","width":600,"height":338,"html":"<blockquote class=\"wp-embedded-content\" data-secret=\"rNCHIf8ynQ\"><a href=\"https:\/\/akunq.net\/turkish\/2010\/07\/02\/turkiye-ermenileri-patrik-vekili-secti\/\">T\u00fcrkiye Ermenileri Patrik Vekili se\u00e7ti<\/a><\/blockquote><iframe sandbox=\"allow-scripts\" security=\"restricted\" src=\"https:\/\/akunq.net\/turkish\/2010\/07\/02\/turkiye-ermenileri-patrik-vekili-secti\/embed\/#?secret=rNCHIf8ynQ\" width=\"600\" height=\"338\" title=\"&#8220;T\u00fcrkiye Ermenileri Patrik Vekili se\u00e7ti&#8221; &#8212; Bati Ermenistan Ve Bati Ermenileri Sorunlari Ara\u015ftirmalar Merkezi\" data-secret=\"rNCHIf8ynQ\" frameborder=\"0\" marginwidth=\"0\" marginheight=\"0\" scrolling=\"no\" class=\"wp-embedded-content\"><\/iframe><script>\n\/*! This file is auto-generated *\/\n!function(d,l){\"use strict\";l.querySelector&&d.addEventListener&&\"undefined\"!=typeof URL&&(d.wp=d.wp||{},d.wp.receiveEmbedMessage||(d.wp.receiveEmbedMessage=function(e){var t=e.data;if((t||t.secret||t.message||t.value)&&!\/[^a-zA-Z0-9]\/.test(t.secret)){for(var s,r,n,a=l.querySelectorAll('iframe[data-secret=\"'+t.secret+'\"]'),o=l.querySelectorAll('blockquote[data-secret=\"'+t.secret+'\"]'),c=new RegExp(\"^https?:$\",\"i\"),i=0;i<o.length;i++)o[i].style.display=\"none\";for(i=0;i<a.length;i++)s=a[i],e.source===s.contentWindow&&(s.removeAttribute(\"style\"),\"height\"===t.message?(1e3<(r=parseInt(t.value,10))?r=1e3:~~r<200&&(r=200),s.height=r):\"link\"===t.message&&(r=new URL(s.getAttribute(\"src\")),n=new URL(t.value),c.test(n.protocol))&&n.host===r.host&&l.activeElement===s&&(d.top.location.href=t.value))}},d.addEventListener(\"message\",d.wp.receiveEmbedMessage,!1),l.addEventListener(\"DOMContentLoaded\",function(){for(var e,t,s=l.querySelectorAll(\"iframe.wp-embedded-content\"),r=0;r<s.length;r++)(t=(e=s[r]).getAttribute(\"data-secret\"))||(t=Math.random().toString(36).substring(2,12),e.src+=\"#?secret=\"+t,e.setAttribute(\"data-secret\",t)),e.contentWindow.postMessage({message:\"ready\",secret:t},\"*\")},!1)))}(window,document);\n\/\/# sourceURL=https:\/\/akunq.net\/turkish\/wp-includes\/js\/wp-embed.min.js\n<\/script>\n","description":"T\u00fcrkiye Ermenileri Patrikhanesi Ruhaniler Genel Meclisi, d\u00fcn yapt\u0131\u011f\u0131 se\u00e7imde Ruhani Meclis Ba\u015fkan\u0131 Ba\u015fepiskopos Aram Ate\u015fyan\u2019\u0131 \u201cPatrik Genel Vekili\u201d se\u00e7ti. \u0130\u00e7i\u015fleri Bakanl\u0131\u011f\u0131\u2019n\u0131n sal\u0131 g\u00fcn\u00fc Ermeni Patrikhanesi\u2019ne ula\u015ft\u0131rd\u0131\u011f\u0131, \u201cMesrob II. ya\u015fad\u0131\u011f\u0131 s\u00fcrece \u2018e\u015f patrik\u2019 ya da \u2018Patrik\u2019 de\u011fil; sadece \u2018Patrik Genel Vekili\u2019 se\u00e7ilebilir\u201d uyar\u0131s\u0131 \u00fczerine \u00f6nceki g\u00fcn toplanan Ruhani Meclis, vekil se\u00e7imi i\u00e7in Ruhaniler Genel Meclisi\u2019ni toplant\u0131ya [&hellip;]"}