{"version":"1.0","provider_name":"Bati Ermenistan Ve Bati Ermenileri Sorunlari Ara\u015ftirmalar Merkezi","provider_url":"https:\/\/akunq.net\/turkish","author_name":"kalem","author_url":"https:\/\/akunq.net\/turkish\/author\/kalem\/","title":"E\u015fpatrik de\u011fil genel patrik vekili se\u00e7ilecek - Bati Ermenistan Ve Bati Ermenileri Sorunlari Ara\u015ftirmalar Merkezi","type":"rich","width":600,"height":338,"html":"<blockquote class=\"wp-embedded-content\" data-secret=\"nJvljJO4Ni\"><a href=\"https:\/\/akunq.net\/turkish\/2010\/06\/30\/espatrik-degil-genel-patrik-vekili-secilecek\/\">E\u015fpatrik de\u011fil genel patrik vekili se\u00e7ilecek<\/a><\/blockquote><iframe sandbox=\"allow-scripts\" security=\"restricted\" src=\"https:\/\/akunq.net\/turkish\/2010\/06\/30\/espatrik-degil-genel-patrik-vekili-secilecek\/embed\/#?secret=nJvljJO4Ni\" width=\"600\" height=\"338\" title=\"&#8220;E\u015fpatrik de\u011fil genel patrik vekili se\u00e7ilecek&#8221; &#8212; Bati Ermenistan Ve Bati Ermenileri Sorunlari Ara\u015ftirmalar Merkezi\" data-secret=\"nJvljJO4Ni\" frameborder=\"0\" marginwidth=\"0\" marginheight=\"0\" scrolling=\"no\" class=\"wp-embedded-content\"><\/iframe><script>\n\/*! This file is auto-generated *\/\n!function(d,l){\"use strict\";l.querySelector&&d.addEventListener&&\"undefined\"!=typeof URL&&(d.wp=d.wp||{},d.wp.receiveEmbedMessage||(d.wp.receiveEmbedMessage=function(e){var t=e.data;if((t||t.secret||t.message||t.value)&&!\/[^a-zA-Z0-9]\/.test(t.secret)){for(var s,r,n,a=l.querySelectorAll('iframe[data-secret=\"'+t.secret+'\"]'),o=l.querySelectorAll('blockquote[data-secret=\"'+t.secret+'\"]'),c=new RegExp(\"^https?:$\",\"i\"),i=0;i<o.length;i++)o[i].style.display=\"none\";for(i=0;i<a.length;i++)s=a[i],e.source===s.contentWindow&&(s.removeAttribute(\"style\"),\"height\"===t.message?(1e3<(r=parseInt(t.value,10))?r=1e3:~~r<200&&(r=200),s.height=r):\"link\"===t.message&&(r=new URL(s.getAttribute(\"src\")),n=new URL(t.value),c.test(n.protocol))&&n.host===r.host&&l.activeElement===s&&(d.top.location.href=t.value))}},d.addEventListener(\"message\",d.wp.receiveEmbedMessage,!1),l.addEventListener(\"DOMContentLoaded\",function(){for(var e,t,s=l.querySelectorAll(\"iframe.wp-embedded-content\"),r=0;r<s.length;r++)(t=(e=s[r]).getAttribute(\"data-secret\"))||(t=Math.random().toString(36).substring(2,12),e.src+=\"#?secret=\"+t,e.setAttribute(\"data-secret\",t)),e.contentWindow.postMessage({message:\"ready\",secret:t},\"*\")},!1)))}(window,document);\n\/\/# sourceURL=https:\/\/akunq.net\/turkish\/wp-includes\/js\/wp-embed.min.js\n<\/script>\n","description":"T\u00dcRK\u0130YE Ermenileri Patrikhanesi Ruhani Meclisi\u2019nin, \u201cE\u015fpatrik se\u00e7me izni istiyoruz\u201d talebi \u00fczerine Se\u00e7im M\u00fcte\u015febbis Heyeti \u201cE\u015fpatrik olmaz patrik se\u00e7mek istiyoruz\u201d deyince, AK Parti h\u00fck\u00fcmeti krizi \u00e7\u00f6zmek i\u00e7in ba\u015fka bir yol buldu. T\u00fcrkiye Ermenileri Parti\u011fi Mesrob II\u2019nin sa\u011fl\u0131k sorunlar\u0131 nedeniyle g\u00f6revini yapamayacak duruma gelmesi sonucu \u00e7\u00f6z\u00fcm arayan Patrikhane ve Ermeni Cemaati \u00f6nc\u00fclerinin isteklerini de\u011ferlendiren h\u00fck\u00fcmet, \u201cGenel Patrik [&hellip;]"}