{"version":"1.0","provider_name":"Bati Ermenistan Ve Bati Ermenileri Sorunlari Ara\u015ftirmalar Merkezi","provider_url":"https:\/\/akunq.net\/turkish","author_name":"kalem","author_url":"https:\/\/akunq.net\/turkish\/author\/kalem\/","title":"Olumlu bir ad\u0131m ama yetmez - Bati Ermenistan Ve Bati Ermenileri Sorunlari Ara\u015ftirmalar Merkezi","type":"rich","width":600,"height":338,"html":"<blockquote class=\"wp-embedded-content\" data-secret=\"RC1vyZJK7L\"><a href=\"https:\/\/akunq.net\/turkish\/2010\/06\/28\/olumlu-bir-adim-ama-yetmez\/\">Olumlu bir ad\u0131m ama yetmez<\/a><\/blockquote><iframe sandbox=\"allow-scripts\" security=\"restricted\" src=\"https:\/\/akunq.net\/turkish\/2010\/06\/28\/olumlu-bir-adim-ama-yetmez\/embed\/#?secret=RC1vyZJK7L\" width=\"600\" height=\"338\" title=\"&#8220;Olumlu bir ad\u0131m ama yetmez&#8221; &#8212; Bati Ermenistan Ve Bati Ermenileri Sorunlari Ara\u015ftirmalar Merkezi\" data-secret=\"RC1vyZJK7L\" frameborder=\"0\" marginwidth=\"0\" marginheight=\"0\" scrolling=\"no\" class=\"wp-embedded-content\"><\/iframe><script>\n\/*! This file is auto-generated *\/\n!function(d,l){\"use strict\";l.querySelector&&d.addEventListener&&\"undefined\"!=typeof URL&&(d.wp=d.wp||{},d.wp.receiveEmbedMessage||(d.wp.receiveEmbedMessage=function(e){var t=e.data;if((t||t.secret||t.message||t.value)&&!\/[^a-zA-Z0-9]\/.test(t.secret)){for(var s,r,n,a=l.querySelectorAll('iframe[data-secret=\"'+t.secret+'\"]'),o=l.querySelectorAll('blockquote[data-secret=\"'+t.secret+'\"]'),c=new RegExp(\"^https?:$\",\"i\"),i=0;i<o.length;i++)o[i].style.display=\"none\";for(i=0;i<a.length;i++)s=a[i],e.source===s.contentWindow&&(s.removeAttribute(\"style\"),\"height\"===t.message?(1e3<(r=parseInt(t.value,10))?r=1e3:~~r<200&&(r=200),s.height=r):\"link\"===t.message&&(r=new URL(s.getAttribute(\"src\")),n=new URL(t.value),c.test(n.protocol))&&n.host===r.host&&l.activeElement===s&&(d.top.location.href=t.value))}},d.addEventListener(\"message\",d.wp.receiveEmbedMessage,!1),l.addEventListener(\"DOMContentLoaded\",function(){for(var e,t,s=l.querySelectorAll(\"iframe.wp-embedded-content\"),r=0;r<s.length;r++)(t=(e=s[r]).getAttribute(\"data-secret\"))||(t=Math.random().toString(36).substring(2,12),e.src+=\"#?secret=\"+t,e.setAttribute(\"data-secret\",t)),e.contentWindow.postMessage({message:\"ready\",secret:t},\"*\")},!1)))}(window,document);\n\/\/# sourceURL=https:\/\/akunq.net\/turkish\/wp-includes\/js\/wp-embed.min.js\n<\/script>\n","description":"DEVLET Bakan\u0131 ve Ba\u015fm\u00fczakereci Egemen Ba\u011f\u0131\u015f, AB Genel Sekreterli\u011fi\u2019nin yaz\u0131\u015fmalar\u0131nda bundan b\u00f6yle \u201cgayrim\u00fcslim\u201d tan\u0131mlamas\u0131n\u0131n yerine \u201cfarkl\u0131 inan\u00e7 gruplar\u0131\u201d kavram\u0131n\u0131n kullan\u0131laca\u011f\u0131n\u0131 a\u00e7\u0131klad\u0131. G\u00f6sterdi\u011fi bu hassasiyet nedeniyle kendisini ve AB Genel Sekreterli\u011fi\u2019ni kutlar\u0131m. Al\u0131\u015fkanl\u0131klarla kulland\u0131\u011f\u0131m\u0131z baz\u0131 kelimelerin, baz\u0131 inan\u00e7 gruplar\u0131n\u0131 ve etnik topluluklar\u0131 rencide edebilece\u011fini \u00e7o\u011fu kez fark etmiyoruz. Bu nedenle, bunu medenile\u015fme yolunda at\u0131lm\u0131\u015f \u00f6nemli bir [&hellip;]"}