{"version":"1.0","provider_name":"Bati Ermenistan Ve Bati Ermenileri Sorunlari Ara\u015ftirmalar Merkezi","provider_url":"https:\/\/akunq.net\/turkish","author_name":"kalem","author_url":"https:\/\/akunq.net\/turkish\/author\/kalem\/","title":"\u2018Gayrim\u00fcslim\u2019 a\u00e7\u0131l\u0131m\u0131 - Bati Ermenistan Ve Bati Ermenileri Sorunlari Ara\u015ftirmalar Merkezi","type":"rich","width":600,"height":338,"html":"<blockquote class=\"wp-embedded-content\" data-secret=\"YyQRrNuthk\"><a href=\"https:\/\/akunq.net\/turkish\/2010\/06\/28\/gayrimuslim-acilimi\/\">\u2018Gayrim\u00fcslim\u2019 a\u00e7\u0131l\u0131m\u0131<\/a><\/blockquote><iframe sandbox=\"allow-scripts\" security=\"restricted\" src=\"https:\/\/akunq.net\/turkish\/2010\/06\/28\/gayrimuslim-acilimi\/embed\/#?secret=YyQRrNuthk\" width=\"600\" height=\"338\" title=\"&#8220;\u2018Gayrim\u00fcslim\u2019 a\u00e7\u0131l\u0131m\u0131&#8221; &#8212; Bati Ermenistan Ve Bati Ermenileri Sorunlari Ara\u015ftirmalar Merkezi\" data-secret=\"YyQRrNuthk\" frameborder=\"0\" marginwidth=\"0\" marginheight=\"0\" scrolling=\"no\" class=\"wp-embedded-content\"><\/iframe><script>\n\/*! This file is auto-generated *\/\n!function(d,l){\"use strict\";l.querySelector&&d.addEventListener&&\"undefined\"!=typeof URL&&(d.wp=d.wp||{},d.wp.receiveEmbedMessage||(d.wp.receiveEmbedMessage=function(e){var t=e.data;if((t||t.secret||t.message||t.value)&&!\/[^a-zA-Z0-9]\/.test(t.secret)){for(var s,r,n,a=l.querySelectorAll('iframe[data-secret=\"'+t.secret+'\"]'),o=l.querySelectorAll('blockquote[data-secret=\"'+t.secret+'\"]'),c=new RegExp(\"^https?:$\",\"i\"),i=0;i<o.length;i++)o[i].style.display=\"none\";for(i=0;i<a.length;i++)s=a[i],e.source===s.contentWindow&&(s.removeAttribute(\"style\"),\"height\"===t.message?(1e3<(r=parseInt(t.value,10))?r=1e3:~~r<200&&(r=200),s.height=r):\"link\"===t.message&&(r=new URL(s.getAttribute(\"src\")),n=new URL(t.value),c.test(n.protocol))&&n.host===r.host&&l.activeElement===s&&(d.top.location.href=t.value))}},d.addEventListener(\"message\",d.wp.receiveEmbedMessage,!1),l.addEventListener(\"DOMContentLoaded\",function(){for(var e,t,s=l.querySelectorAll(\"iframe.wp-embedded-content\"),r=0;r<s.length;r++)(t=(e=s[r]).getAttribute(\"data-secret\"))||(t=Math.random().toString(36).substring(2,12),e.src+=\"#?secret=\"+t,e.setAttribute(\"data-secret\",t)),e.contentWindow.postMessage({message:\"ready\",secret:t},\"*\")},!1)))}(window,document);\n\/\/# sourceURL=https:\/\/akunq.net\/turkish\/wp-includes\/js\/wp-embed.min.js\n<\/script>\n","description":"H\u00fck\u00fcmet bundan sonra \u2018farkl\u0131 inan\u00e7 gruplar\u0131\u2019 kavram\u0131n\u0131n kullan\u0131laca\u011f\u0131n\u0131 a\u00e7\u0131klad\u0131. H\u00fck\u00fcmetten, \u201cgayrim\u00fcslim\u201d kavram\u0131n\u0131 de\u011fi\u015ftirecek bir ad\u0131m geldi. Devlet Bakan\u0131 ve Ba\u015fm\u00fczakereci Egemen Ba\u011f\u0131\u015f, Avrupa Birli\u011fi Genel Sekreterli\u011fi\u2019nin (ABGS) t\u00fcm resmi yaz\u0131\u015fmalar\u0131nda art\u0131k \u201cgayrim\u00fcslim\u201d yerine \u201cfarkl\u0131 inan\u00e7 gruplar\u0131\u201d kavram\u0131n\u0131 kullanmaya ba\u015flad\u0131klar\u0131n\u0131 a\u00e7\u0131klad\u0131. \u201cGayrim\u00fcslim\u201d kavram\u0131n\u0131n de\u011fi\u015ftirilmesi talebi Ba\u011f\u0131\u015f\u2019a, ge\u00e7en y\u0131l g\u00f6r\u00fc\u015ft\u00fc\u011f\u00fc S\u00fcryani Ortodoks Patrik Vekili Yusuf \u00c7etin taraf\u0131ndan [&hellip;]"}