{"version":"1.0","provider_name":"Bati Ermenistan Ve Bati Ermenileri Sorunlari Ara\u015ftirmalar Merkezi","provider_url":"https:\/\/akunq.net\/turkish","author_name":"kalem","author_url":"https:\/\/akunq.net\/turkish\/author\/kalem\/","title":"S\u00fcmela'da ayin izni mahkemelik oldu! - Bati Ermenistan Ve Bati Ermenileri Sorunlari Ara\u015ftirmalar Merkezi","type":"rich","width":600,"height":338,"html":"<blockquote class=\"wp-embedded-content\" data-secret=\"8f2wV8Py3k\"><a href=\"https:\/\/akunq.net\/turkish\/2010\/06\/27\/sumelada-ayin-izni-mahkemelik-oldu\/\">S\u00fcmela&#8217;da ayin izni mahkemelik oldu!<\/a><\/blockquote><iframe sandbox=\"allow-scripts\" security=\"restricted\" src=\"https:\/\/akunq.net\/turkish\/2010\/06\/27\/sumelada-ayin-izni-mahkemelik-oldu\/embed\/#?secret=8f2wV8Py3k\" width=\"600\" height=\"338\" title=\"&#8220;S\u00fcmela&#8217;da ayin izni mahkemelik oldu!&#8221; &#8212; Bati Ermenistan Ve Bati Ermenileri Sorunlari Ara\u015ftirmalar Merkezi\" data-secret=\"8f2wV8Py3k\" frameborder=\"0\" marginwidth=\"0\" marginheight=\"0\" scrolling=\"no\" class=\"wp-embedded-content\"><\/iframe><script>\n\/*! This file is auto-generated *\/\n!function(d,l){\"use strict\";l.querySelector&&d.addEventListener&&\"undefined\"!=typeof URL&&(d.wp=d.wp||{},d.wp.receiveEmbedMessage||(d.wp.receiveEmbedMessage=function(e){var t=e.data;if((t||t.secret||t.message||t.value)&&!\/[^a-zA-Z0-9]\/.test(t.secret)){for(var s,r,n,a=l.querySelectorAll('iframe[data-secret=\"'+t.secret+'\"]'),o=l.querySelectorAll('blockquote[data-secret=\"'+t.secret+'\"]'),c=new RegExp(\"^https?:$\",\"i\"),i=0;i<o.length;i++)o[i].style.display=\"none\";for(i=0;i<a.length;i++)s=a[i],e.source===s.contentWindow&&(s.removeAttribute(\"style\"),\"height\"===t.message?(1e3<(r=parseInt(t.value,10))?r=1e3:~~r<200&&(r=200),s.height=r):\"link\"===t.message&&(r=new URL(s.getAttribute(\"src\")),n=new URL(t.value),c.test(n.protocol))&&n.host===r.host&&l.activeElement===s&&(d.top.location.href=t.value))}},d.addEventListener(\"message\",d.wp.receiveEmbedMessage,!1),l.addEventListener(\"DOMContentLoaded\",function(){for(var e,t,s=l.querySelectorAll(\"iframe.wp-embedded-content\"),r=0;r<s.length;r++)(t=(e=s[r]).getAttribute(\"data-secret\"))||(t=Math.random().toString(36).substring(2,12),e.src+=\"#?secret=\"+t,e.setAttribute(\"data-secret\",t)),e.contentWindow.postMessage({message:\"ready\",secret:t},\"*\")},!1)))}(window,document);\n\/\/# sourceURL=https:\/\/akunq.net\/turkish\/wp-includes\/js\/wp-embed.min.js\n<\/script>\n","description":"Valili\u011fin eski \u00f6zel kalem m\u00fcd\u00fcr\u00fcnden Trabzon Valisi ve Bakan G\u00fcnay hakk\u0131nda su\u00e7 duyurusu. Trabzon Valili\u011fi \u00d6zel Kalem eski M\u00fcd\u00fcr\u00fc Hasan Kanber, bir d\u00f6nem beraber \u00e7al\u0131\u015ft\u0131\u011f\u0131 Trabzon Valisi Recep K\u0131z\u0131lc\u0131k, K\u00fclt\u00fcr ve Turizm Bakan\u0131 Ertu\u011frul G\u00fcnay ve M\u00fczeler Genel M\u00fcd\u00fcr Vekili Murat S\u00fcsl\u00fc hakk\u0131nda Cumhuriyet Savc\u0131l\u0131\u011f\u0131na su\u00e7 duyurusunda bulundu. Kanber, yerli ve yabanc\u0131 turistlerin S\u00fcmela Manast\u0131r\u0131&#8217;nda [&hellip;]"}