{"version":"1.0","provider_name":"Bati Ermenistan Ve Bati Ermenileri Sorunlari Ara\u015ftirmalar Merkezi","provider_url":"https:\/\/akunq.net\/turkish","author_name":"kalem","author_url":"https:\/\/akunq.net\/turkish\/author\/kalem\/","title":"RT\u00dcK\u2019ten \u2018Teke Tek\u2019e ceza - Bati Ermenistan Ve Bati Ermenileri Sorunlari Ara\u015ftirmalar Merkezi","type":"rich","width":600,"height":338,"html":"<blockquote class=\"wp-embedded-content\" data-secret=\"XOBmL311yp\"><a href=\"https:\/\/akunq.net\/turkish\/2010\/06\/26\/turk-dil\/\">RT\u00dcK\u2019ten \u2018Teke Tek\u2019e ceza<\/a><\/blockquote><iframe sandbox=\"allow-scripts\" security=\"restricted\" src=\"https:\/\/akunq.net\/turkish\/2010\/06\/26\/turk-dil\/embed\/#?secret=XOBmL311yp\" width=\"600\" height=\"338\" title=\"&#8220;RT\u00dcK\u2019ten \u2018Teke Tek\u2019e ceza&#8221; &#8212; Bati Ermenistan Ve Bati Ermenileri Sorunlari Ara\u015ftirmalar Merkezi\" data-secret=\"XOBmL311yp\" frameborder=\"0\" marginwidth=\"0\" marginheight=\"0\" scrolling=\"no\" class=\"wp-embedded-content\"><\/iframe><script>\n\/*! This file is auto-generated *\/\n!function(d,l){\"use strict\";l.querySelector&&d.addEventListener&&\"undefined\"!=typeof URL&&(d.wp=d.wp||{},d.wp.receiveEmbedMessage||(d.wp.receiveEmbedMessage=function(e){var t=e.data;if((t||t.secret||t.message||t.value)&&!\/[^a-zA-Z0-9]\/.test(t.secret)){for(var s,r,n,a=l.querySelectorAll('iframe[data-secret=\"'+t.secret+'\"]'),o=l.querySelectorAll('blockquote[data-secret=\"'+t.secret+'\"]'),c=new RegExp(\"^https?:$\",\"i\"),i=0;i<o.length;i++)o[i].style.display=\"none\";for(i=0;i<a.length;i++)s=a[i],e.source===s.contentWindow&&(s.removeAttribute(\"style\"),\"height\"===t.message?(1e3<(r=parseInt(t.value,10))?r=1e3:~~r<200&&(r=200),s.height=r):\"link\"===t.message&&(r=new URL(s.getAttribute(\"src\")),n=new URL(t.value),c.test(n.protocol))&&n.host===r.host&&l.activeElement===s&&(d.top.location.href=t.value))}},d.addEventListener(\"message\",d.wp.receiveEmbedMessage,!1),l.addEventListener(\"DOMContentLoaded\",function(){for(var e,t,s=l.querySelectorAll(\"iframe.wp-embedded-content\"),r=0;r<s.length;r++)(t=(e=s[r]).getAttribute(\"data-secret\"))||(t=Math.random().toString(36).substring(2,12),e.src+=\"#?secret=\"+t,e.setAttribute(\"data-secret\",t)),e.contentWindow.postMessage({message:\"ready\",secret:t},\"*\")},!1)))}(window,document);\n\/\/# sourceURL=https:\/\/akunq.net\/turkish\/wp-includes\/js\/wp-embed.min.js\n<\/script>\n","description":"Radyo ve Televizyon \u00dcst Kurulu (RT\u00dcK), tart\u0131\u015fma programlar\u0131na darbe niteli\u011finde bir kararla Fatih Altayl\u0131\u2019n\u0131n haz\u0131rlay\u0131p sundu\u011fu \u2018Teke Tek\u2019 program\u0131na yay\u0131n durdurma cezas\u0131 verdi. Program\u0131n konuklar\u0131ndan yazar Sevan Ni\u015fanyan\u2019\u0131n T\u00fcrkiye Cumhuriyeti\u2019ni k\u00fc\u00e7\u00fck d\u00fc\u015f\u00fcr\u00fcc\u00fc s\u00f6zler sarfetti\u011fini \u00f6ne s\u00fcren RT\u00dcK, \u015fok karar\u0131n gerek\u00e7esi olarak da bu s\u00f6zler kar\u015f\u0131s\u0131nda moderat\u00f6r konumundaki Fatih Altayl\u0131\u2019n\u0131n yerine Ni\u015fanyan\u2019la tart\u0131\u015fmak \u00fczere st\u00fcdyoda bulunan [&hellip;]"}