{"version":"1.0","provider_name":"Bati Ermenistan Ve Bati Ermenileri Sorunlari Ara\u015ftirmalar Merkezi","provider_url":"https:\/\/akunq.net\/turkish","author_name":"kalem","author_url":"https:\/\/akunq.net\/turkish\/author\/kalem\/","title":"Osmanl\u0131 \u201cAlemdar\u201d Gazetesinde Yay\u0131mlanm\u0131\u015f Tehcir ve Taktil Yarg\u0131lamalar\u0131 Belgelerine G\u00f6re Trabzon Vilayetinde \u0130\u015flenmi\u015f Ermeni Soyk\u0131r\u0131m\u0131 - Bati Ermenistan Ve Bati Ermenileri Sorunlari Ara\u015ftirmalar Merkezi","type":"rich","width":600,"height":338,"html":"<blockquote class=\"wp-embedded-content\" data-secret=\"fxIPccSZDL\"><a href=\"https:\/\/akunq.net\/turkish\/2010\/06\/26\/bilindigi-uzere\/\">Osmanl\u0131 \u201cAlemdar\u201d Gazetesinde Yay\u0131mlanm\u0131\u015f Tehcir ve Taktil Yarg\u0131lamalar\u0131 Belgelerine G\u00f6re Trabzon Vilayetinde \u0130\u015flenmi\u015f Ermeni Soyk\u0131r\u0131m\u0131<\/a><\/blockquote><iframe sandbox=\"allow-scripts\" security=\"restricted\" src=\"https:\/\/akunq.net\/turkish\/2010\/06\/26\/bilindigi-uzere\/embed\/#?secret=fxIPccSZDL\" width=\"600\" height=\"338\" title=\"&#8220;Osmanl\u0131 \u201cAlemdar\u201d Gazetesinde Yay\u0131mlanm\u0131\u015f Tehcir ve Taktil Yarg\u0131lamalar\u0131 Belgelerine G\u00f6re Trabzon Vilayetinde \u0130\u015flenmi\u015f Ermeni Soyk\u0131r\u0131m\u0131&#8221; &#8212; Bati Ermenistan Ve Bati Ermenileri Sorunlari Ara\u015ftirmalar Merkezi\" data-secret=\"fxIPccSZDL\" frameborder=\"0\" marginwidth=\"0\" marginheight=\"0\" scrolling=\"no\" class=\"wp-embedded-content\"><\/iframe><script>\n\/*! This file is auto-generated *\/\n!function(d,l){\"use strict\";l.querySelector&&d.addEventListener&&\"undefined\"!=typeof URL&&(d.wp=d.wp||{},d.wp.receiveEmbedMessage||(d.wp.receiveEmbedMessage=function(e){var t=e.data;if((t||t.secret||t.message||t.value)&&!\/[^a-zA-Z0-9]\/.test(t.secret)){for(var s,r,n,a=l.querySelectorAll('iframe[data-secret=\"'+t.secret+'\"]'),o=l.querySelectorAll('blockquote[data-secret=\"'+t.secret+'\"]'),c=new RegExp(\"^https?:$\",\"i\"),i=0;i<o.length;i++)o[i].style.display=\"none\";for(i=0;i<a.length;i++)s=a[i],e.source===s.contentWindow&&(s.removeAttribute(\"style\"),\"height\"===t.message?(1e3<(r=parseInt(t.value,10))?r=1e3:~~r<200&&(r=200),s.height=r):\"link\"===t.message&&(r=new URL(s.getAttribute(\"src\")),n=new URL(t.value),c.test(n.protocol))&&n.host===r.host&&l.activeElement===s&&(d.top.location.href=t.value))}},d.addEventListener(\"message\",d.wp.receiveEmbedMessage,!1),l.addEventListener(\"DOMContentLoaded\",function(){for(var e,t,s=l.querySelectorAll(\"iframe.wp-embedded-content\"),r=0;r<s.length;r++)(t=(e=s[r]).getAttribute(\"data-secret\"))||(t=Math.random().toString(36).substring(2,12),e.src+=\"#?secret=\"+t,e.setAttribute(\"data-secret\",t)),e.contentWindow.postMessage({message:\"ready\",secret:t},\"*\")},!1)))}(window,document);\n\/\/# sourceURL=https:\/\/akunq.net\/turkish\/wp-includes\/js\/wp-embed.min.js\n<\/script>\n","description":"\u00a0Meline Anumyan T\u00fcrkolog\u00a0 Bilindi\u011fi \u00fczere \u0130stanbul Divan-\u0131 Harb-i \u00d6rf\u00ee (I. D\u00fcnya Sava\u015f\u0131 sonras\u0131 \u0130stanbul&#8217;da kurulan sava\u015f mahkemeleri), Ermenilerin tehcir ve taktil (s\u00fcrg\u00fcn ve katledilmeleri) davalar\u0131n\u0131 Osmanl\u0131 \u0130mparatorlu\u011fu b\u00f6lgelerine g\u00f6re de incelemi\u015ftir. Makalemizde Trabzon Ermenileri tehcir ve taktil yarg\u0131lanmas\u0131 sunulurken dava iddianamesi ve baz\u0131 \u015fahitlerin ifadeleri ilk kez olarak yay\u0131mlanmaktad\u0131r.\u00a0 Trabzon Ermenilerinin tehciri esnas\u0131nda i\u015flenmi\u015f olan [&hellip;]"}