{"version":"1.0","provider_name":"Bati Ermenistan Ve Bati Ermenileri Sorunlari Ara\u015ftirmalar Merkezi","provider_url":"https:\/\/akunq.net\/turkish","author_name":"kalem","author_url":"https:\/\/akunq.net\/turkish\/author\/kalem\/","title":"The Times: H\u0131ristiyanlar Ergenekon'dan korkuyor - Bati Ermenistan Ve Bati Ermenileri Sorunlari Ara\u015ftirmalar Merkezi","type":"rich","width":600,"height":338,"html":"<blockquote class=\"wp-embedded-content\" data-secret=\"ZprThRPRIw\"><a href=\"https:\/\/akunq.net\/turkish\/2010\/06\/22\/the-times-hiristiyanlar-ergenekondan-korkuyor\/\">The Times: H\u0131ristiyanlar Ergenekon&#8217;dan korkuyor<\/a><\/blockquote><iframe sandbox=\"allow-scripts\" security=\"restricted\" src=\"https:\/\/akunq.net\/turkish\/2010\/06\/22\/the-times-hiristiyanlar-ergenekondan-korkuyor\/embed\/#?secret=ZprThRPRIw\" width=\"600\" height=\"338\" title=\"&#8220;The Times: H\u0131ristiyanlar Ergenekon&#8217;dan korkuyor&#8221; &#8212; Bati Ermenistan Ve Bati Ermenileri Sorunlari Ara\u015ftirmalar Merkezi\" data-secret=\"ZprThRPRIw\" frameborder=\"0\" marginwidth=\"0\" marginheight=\"0\" scrolling=\"no\" class=\"wp-embedded-content\"><\/iframe><script>\n\/*! This file is auto-generated *\/\n!function(d,l){\"use strict\";l.querySelector&&d.addEventListener&&\"undefined\"!=typeof URL&&(d.wp=d.wp||{},d.wp.receiveEmbedMessage||(d.wp.receiveEmbedMessage=function(e){var t=e.data;if((t||t.secret||t.message||t.value)&&!\/[^a-zA-Z0-9]\/.test(t.secret)){for(var s,r,n,a=l.querySelectorAll('iframe[data-secret=\"'+t.secret+'\"]'),o=l.querySelectorAll('blockquote[data-secret=\"'+t.secret+'\"]'),c=new RegExp(\"^https?:$\",\"i\"),i=0;i<o.length;i++)o[i].style.display=\"none\";for(i=0;i<a.length;i++)s=a[i],e.source===s.contentWindow&&(s.removeAttribute(\"style\"),\"height\"===t.message?(1e3<(r=parseInt(t.value,10))?r=1e3:~~r<200&&(r=200),s.height=r):\"link\"===t.message&&(r=new URL(s.getAttribute(\"src\")),n=new URL(t.value),c.test(n.protocol))&&n.host===r.host&&l.activeElement===s&&(d.top.location.href=t.value))}},d.addEventListener(\"message\",d.wp.receiveEmbedMessage,!1),l.addEventListener(\"DOMContentLoaded\",function(){for(var e,t,s=l.querySelectorAll(\"iframe.wp-embedded-content\"),r=0;r<s.length;r++)(t=(e=s[r]).getAttribute(\"data-secret\"))||(t=Math.random().toString(36).substring(2,12),e.src+=\"#?secret=\"+t,e.setAttribute(\"data-secret\",t)),e.contentWindow.postMessage({message:\"ready\",secret:t},\"*\")},!1)))}(window,document);\n\/\/# sourceURL=https:\/\/akunq.net\/turkish\/wp-includes\/js\/wp-embed.min.js\n<\/script>\n","description":"The Times, A\u0130HM&#8217;in B\u00fcy\u00fckada&#8217;daki Rum Yetimhanesi&#8217;nin geri iade edilmesiyle ilgili karar\u0131n\u0131 de\u011ferlendirdi\u011fi haberinde, T\u00fcrkiye&#8217;deki H\u0131ristiyan toplumun derin devlet \u00f6rg\u00fctlerinden korktu\u011funu iddia etti. Avrupa \u0130nsan Haklar\u0131 Mahkemesi&#8217;nin (A\u0130HM) ilgili karar\u0131n\u0131 hat\u0131rlatan \u0130ngiliz The Times gazetesi, 40 y\u0131ld\u0131r sahipsiz bir \u015fekilde duran yetimhane binas\u0131n\u0131n 3 ay i\u00e7inde Patrikhane&#8217;ye verilece\u011fini, bunun da Patrikhane i\u00e7in b\u00fcy\u00fck bir zafer oldu\u011funu [&hellip;]"}