{"version":"1.0","provider_name":"Bati Ermenistan Ve Bati Ermenileri Sorunlari Ara\u015ftirmalar Merkezi","provider_url":"https:\/\/akunq.net\/turkish","author_name":"kalem","author_url":"https:\/\/akunq.net\/turkish\/author\/kalem\/","title":"TDK Ni\u015fanyan\u2019a dan\u0131\u015ft\u0131 - Bati Ermenistan Ve Bati Ermenileri Sorunlari Ara\u015ftirmalar Merkezi","type":"rich","width":600,"height":338,"html":"<blockquote class=\"wp-embedded-content\" data-secret=\"3QdLcxecZl\"><a href=\"https:\/\/akunq.net\/turkish\/2010\/06\/21\/hagop-baronyan-2\/\">TDK Ni\u015fanyan\u2019a dan\u0131\u015ft\u0131<\/a><\/blockquote><iframe sandbox=\"allow-scripts\" security=\"restricted\" src=\"https:\/\/akunq.net\/turkish\/2010\/06\/21\/hagop-baronyan-2\/embed\/#?secret=3QdLcxecZl\" width=\"600\" height=\"338\" title=\"&#8220;TDK Ni\u015fanyan\u2019a dan\u0131\u015ft\u0131&#8221; &#8212; Bati Ermenistan Ve Bati Ermenileri Sorunlari Ara\u015ftirmalar Merkezi\" data-secret=\"3QdLcxecZl\" frameborder=\"0\" marginwidth=\"0\" marginheight=\"0\" scrolling=\"no\" class=\"wp-embedded-content\"><\/iframe><script>\n\/*! This file is auto-generated *\/\n!function(d,l){\"use strict\";l.querySelector&&d.addEventListener&&\"undefined\"!=typeof URL&&(d.wp=d.wp||{},d.wp.receiveEmbedMessage||(d.wp.receiveEmbedMessage=function(e){var t=e.data;if((t||t.secret||t.message||t.value)&&!\/[^a-zA-Z0-9]\/.test(t.secret)){for(var s,r,n,a=l.querySelectorAll('iframe[data-secret=\"'+t.secret+'\"]'),o=l.querySelectorAll('blockquote[data-secret=\"'+t.secret+'\"]'),c=new RegExp(\"^https?:$\",\"i\"),i=0;i<o.length;i++)o[i].style.display=\"none\";for(i=0;i<a.length;i++)s=a[i],e.source===s.contentWindow&&(s.removeAttribute(\"style\"),\"height\"===t.message?(1e3<(r=parseInt(t.value,10))?r=1e3:~~r<200&&(r=200),s.height=r):\"link\"===t.message&&(r=new URL(s.getAttribute(\"src\")),n=new URL(t.value),c.test(n.protocol))&&n.host===r.host&&l.activeElement===s&&(d.top.location.href=t.value))}},d.addEventListener(\"message\",d.wp.receiveEmbedMessage,!1),l.addEventListener(\"DOMContentLoaded\",function(){for(var e,t,s=l.querySelectorAll(\"iframe.wp-embedded-content\"),r=0;r<s.length;r++)(t=(e=s[r]).getAttribute(\"data-secret\"))||(t=Math.random().toString(36).substring(2,12),e.src+=\"#?secret=\"+t,e.setAttribute(\"data-secret\",t)),e.contentWindow.postMessage({message:\"ready\",secret:t},\"*\")},!1)))}(window,document);\n\/\/# sourceURL=https:\/\/akunq.net\/turkish\/wp-includes\/js\/wp-embed.min.js\n<\/script>\n","description":"\u00a0Yaz\u0131lar\u0131nda T\u00fcrk Dil Kurumu\u2019nu s\u0131k\u00e7a ele\u015ftiren Sevan Ni\u015fanyan, TDK\u2019n\u0131n 10 ve 11 Haziran tarihlerinde Ankara\u2019da \u2018TDK 2012-2016 \u0130zlem Tasar\u0131m\u0131 \u00c7al\u0131\u015fmalar\u0131 Payda\u015f Toplant\u0131s\u0131\u2019na davet edildi. Aralar\u0131nda spiker ve dilbilimcilerin bulundu\u011fu toplant\u0131da \u201cDaha \u00e7a\u011fda\u015f bir TDK nas\u0131l olu\u015fturulur?\u201d konulu bir sunum yapan Sevan Ni\u015fanyan T\u00fcrk Dil Kurumu\u2019ndaki de\u011fi\u015fime vurgu yapan a\u00e7\u0131klamalarda bulundu. Ni\u015fanyan \u201cAtat\u00fcrk\u2019\u00fcn ba\u015fkanl\u0131\u011f\u0131nda ger\u00e7ekle\u015ftirilen Birinci [&hellip;]"}