{"version":"1.0","provider_name":"Bati Ermenistan Ve Bati Ermenileri Sorunlari Ara\u015ftirmalar Merkezi","provider_url":"https:\/\/akunq.net\/turkish","author_name":"kalem","author_url":"https:\/\/akunq.net\/turkish\/author\/kalem\/","title":"K\u00e2\u011f\u0131t \u00fczerinde vatanda\u015f\u2019 ve vak\u0131flar\u0131... - Bati Ermenistan Ve Bati Ermenileri Sorunlari Ara\u015ftirmalar Merkezi","type":"rich","width":600,"height":338,"html":"<blockquote class=\"wp-embedded-content\" data-secret=\"RJEShuEd4n\"><a href=\"https:\/\/akunq.net\/turkish\/2010\/06\/17\/senede-bir-gun-2\/\">K\u00e2\u011f\u0131t \u00fczerinde vatanda\u015f\u2019 ve vak\u0131flar\u0131&#8230;<\/a><\/blockquote><iframe sandbox=\"allow-scripts\" security=\"restricted\" src=\"https:\/\/akunq.net\/turkish\/2010\/06\/17\/senede-bir-gun-2\/embed\/#?secret=RJEShuEd4n\" width=\"600\" height=\"338\" title=\"&#8220;K\u00e2\u011f\u0131t \u00fczerinde vatanda\u015f\u2019 ve vak\u0131flar\u0131&#8230;&#8221; &#8212; Bati Ermenistan Ve Bati Ermenileri Sorunlari Ara\u015ftirmalar Merkezi\" data-secret=\"RJEShuEd4n\" frameborder=\"0\" marginwidth=\"0\" marginheight=\"0\" scrolling=\"no\" class=\"wp-embedded-content\"><\/iframe><script>\n\/*! This file is auto-generated *\/\n!function(d,l){\"use strict\";l.querySelector&&d.addEventListener&&\"undefined\"!=typeof URL&&(d.wp=d.wp||{},d.wp.receiveEmbedMessage||(d.wp.receiveEmbedMessage=function(e){var t=e.data;if((t||t.secret||t.message||t.value)&&!\/[^a-zA-Z0-9]\/.test(t.secret)){for(var s,r,n,a=l.querySelectorAll('iframe[data-secret=\"'+t.secret+'\"]'),o=l.querySelectorAll('blockquote[data-secret=\"'+t.secret+'\"]'),c=new RegExp(\"^https?:$\",\"i\"),i=0;i<o.length;i++)o[i].style.display=\"none\";for(i=0;i<a.length;i++)s=a[i],e.source===s.contentWindow&&(s.removeAttribute(\"style\"),\"height\"===t.message?(1e3<(r=parseInt(t.value,10))?r=1e3:~~r<200&&(r=200),s.height=r):\"link\"===t.message&&(r=new URL(s.getAttribute(\"src\")),n=new URL(t.value),c.test(n.protocol))&&n.host===r.host&&l.activeElement===s&&(d.top.location.href=t.value))}},d.addEventListener(\"message\",d.wp.receiveEmbedMessage,!1),l.addEventListener(\"DOMContentLoaded\",function(){for(var e,t,s=l.querySelectorAll(\"iframe.wp-embedded-content\"),r=0;r<s.length;r++)(t=(e=s[r]).getAttribute(\"data-secret\"))||(t=Math.random().toString(36).substring(2,12),e.src+=\"#?secret=\"+t,e.setAttribute(\"data-secret\",t)),e.contentWindow.postMessage({message:\"ready\",secret:t},\"*\")},!1)))}(window,document);\n\/\/# sourceURL=https:\/\/akunq.net\/turkish\/wp-includes\/js\/wp-embed.min.js\n<\/script>\n","description":"\u0130LG\u0130N\u00c7 ZAMANLAR\u00a0 T\u00fcrkiye\u2019deki gayr\u0131m\u00fcslimler, bence \u201ck\u00e2\u011f\u0131t \u00fczerinde vatanda\u015f\u201d say\u0131l\u0131rlar. Toplam n\u00fcfuslar\u0131 100 bin ki\u015finin alt\u0131nda olan bu insan grubu n\u00fcfus k\u00e2\u011f\u0131d\u0131, pasaport ve ehliyet sahibi olabilirler. Vergi verip, askerlik de yaparlar ama bir t\u00fcrl\u00fc \u201ctam anlam\u0131yla\u201d vatanda\u015f olamazlar. Bir Ermeni genci, AB Genel Sekreterli\u011fi\u2019ne memur olarak atan\u0131rsa gazetelerde haber olur. Milli E\u011fitim Bakan\u0131 Nimet \u00c7ubuk\u00e7u\u2019nun [&hellip;]"}