{"version":"1.0","provider_name":"Bati Ermenistan Ve Bati Ermenileri Sorunlari Ara\u015ftirmalar Merkezi","provider_url":"https:\/\/akunq.net\/turkish","author_name":"kalem","author_url":"https:\/\/akunq.net\/turkish\/author\/kalem\/","title":"Tarih Profes\u00f6r\u00fc Hala\u00e7o\u011flu: Ermeni Meselesi Yoktur - Bati Ermenistan Ve Bati Ermenileri Sorunlari Ara\u015ftirmalar Merkezi","type":"rich","width":600,"height":338,"html":"<blockquote class=\"wp-embedded-content\" data-secret=\"P8aJIljTX4\"><a href=\"https:\/\/akunq.net\/turkish\/2010\/06\/14\/tarih-profesoru-hallacoglu-ermeni-meselesi-yoktur\/\">Tarih Profes\u00f6r\u00fc Hala\u00e7o\u011flu: Ermeni Meselesi Yoktur<\/a><\/blockquote><iframe sandbox=\"allow-scripts\" security=\"restricted\" src=\"https:\/\/akunq.net\/turkish\/2010\/06\/14\/tarih-profesoru-hallacoglu-ermeni-meselesi-yoktur\/embed\/#?secret=P8aJIljTX4\" width=\"600\" height=\"338\" title=\"&#8220;Tarih Profes\u00f6r\u00fc Hala\u00e7o\u011flu: Ermeni Meselesi Yoktur&#8221; &#8212; Bati Ermenistan Ve Bati Ermenileri Sorunlari Ara\u015ftirmalar Merkezi\" data-secret=\"P8aJIljTX4\" frameborder=\"0\" marginwidth=\"0\" marginheight=\"0\" scrolling=\"no\" class=\"wp-embedded-content\"><\/iframe><script>\n\/*! This file is auto-generated *\/\n!function(d,l){\"use strict\";l.querySelector&&d.addEventListener&&\"undefined\"!=typeof URL&&(d.wp=d.wp||{},d.wp.receiveEmbedMessage||(d.wp.receiveEmbedMessage=function(e){var t=e.data;if((t||t.secret||t.message||t.value)&&!\/[^a-zA-Z0-9]\/.test(t.secret)){for(var s,r,n,a=l.querySelectorAll('iframe[data-secret=\"'+t.secret+'\"]'),o=l.querySelectorAll('blockquote[data-secret=\"'+t.secret+'\"]'),c=new RegExp(\"^https?:$\",\"i\"),i=0;i<o.length;i++)o[i].style.display=\"none\";for(i=0;i<a.length;i++)s=a[i],e.source===s.contentWindow&&(s.removeAttribute(\"style\"),\"height\"===t.message?(1e3<(r=parseInt(t.value,10))?r=1e3:~~r<200&&(r=200),s.height=r):\"link\"===t.message&&(r=new URL(s.getAttribute(\"src\")),n=new URL(t.value),c.test(n.protocol))&&n.host===r.host&&l.activeElement===s&&(d.top.location.href=t.value))}},d.addEventListener(\"message\",d.wp.receiveEmbedMessage,!1),l.addEventListener(\"DOMContentLoaded\",function(){for(var e,t,s=l.querySelectorAll(\"iframe.wp-embedded-content\"),r=0;r<s.length;r++)(t=(e=s[r]).getAttribute(\"data-secret\"))||(t=Math.random().toString(36).substring(2,12),e.src+=\"#?secret=\"+t,e.setAttribute(\"data-secret\",t)),e.contentWindow.postMessage({message:\"ready\",secret:t},\"*\")},!1)))}(window,document);\n\/\/# sourceURL=https:\/\/akunq.net\/turkish\/wp-includes\/js\/wp-embed.min.js\n<\/script>\n","description":"T\u00fcm d\u00fcnyaya seslenen ve ger\u00e7ekleri g\u00f6r\u00fcn diyen Prof. Dr. Yusuf Halla\u00e7o\u011flu N\u00fcrnberg\u2019de verdi\u011fi konferansta Ermeni ve yanda\u015flar\u0131n\u0131n tezlerini tek tek \u00e7\u00fcr\u00fctt\u00fc. Almanya\u2019n\u0131n N\u00fcrnberg ve \u00e7evresinde faaliyet g\u00f6steren 14 karde\u015f T\u00fcrk sivil kurulu\u015funun, Schwabach T\u00fcrk K\u00fclt\u00fcr Derne\u011fi Ba\u015fkan\u0131 Seyfettin Karag\u00f6l ba\u015fkanl\u0131\u011f\u0131nda N\u00fcrnberg\u2019e davet etti\u011fi T\u00fcrk Tarih Kurumu eski ba\u015fkan\u0131 \u00fcnl\u00fc tarih\u00e7i Prof.Dr. Yusuf Hala\u00e7o\u011flu \u201c Ermeni [&hellip;]"}